{"id":3957,"date":"2020-11-27T12:28:43","date_gmt":"2020-11-27T12:28:43","guid":{"rendered":"https:\/\/www.susanaurbanointeriors.com\/ueber-mich\/"},"modified":"2023-12-18T16:30:46","modified_gmt":"2023-12-18T16:30:46","slug":"ueber-mich","status":"publish","type":"page","link":"https:\/\/www.susanaurbanointeriors.com\/de\/ueber-mich\/","title":{"rendered":"\u00dcber mich"},"content":{"rendered":"<p>[et_pb_section fb_built=&#8220;1&#8243; _builder_version=&#8220;4.6.3&#8243; _module_preset=&#8220;default&#8220;][et_pb_row column_structure=&#8220;1_3,1_3,1_3&#8243; use_custom_gutter=&#8220;on&#8220; gutter_width=&#8220;2&#8243; _builder_version=&#8220;4.6.3&#8243; _module_preset=&#8220;default&#8220; z_index=&#8220;0&#8243; max_width_last_edited=&#8220;off|tablet&#8220;][et_pb_column type=&#8220;1_3&#8243; _builder_version=&#8220;4.6.3&#8243; _module_preset=&#8220;default&#8220;][\/et_pb_column][et_pb_column type=&#8220;1_3&#8243; _builder_version=&#8220;4.6.3&#8243; _module_preset=&#8220;default&#8220;][et_pb_image src=&#8220;https:\/\/www.susanaurbanointeriors.com\/wp-content\/uploads\/2020\/11\/4DSC_6147-1.jpg&#8220; alt=&#8220;Susana Urbano &#8211; Innenarchitektur&#8220; align=&#8220;center&#8220; _builder_version=&#8220;4.6.3&#8243; _module_preset=&#8220;default&#8220;][\/et_pb_image][\/et_pb_column][et_pb_column type=&#8220;1_3&#8243; _builder_version=&#8220;4.6.3&#8243; _module_preset=&#8220;default&#8220;][et_pb_text module_class=&#8220;tk-neue-haas-unica&#8220; _builder_version=&#8220;4.6.3&#8243; _module_preset=&#8220;default&#8220; text_font=&#8220;|300|||||||&#8220; text_text_color=&#8220;#414141&#8243; text_font_size=&#8220;17px&#8220; max_width_tablet=&#8220;280px&#8220; max_width_phone=&#8220;&#8220; max_width_last_edited=&#8220;on|tablet&#8220; module_alignment=&#8220;center&#8220; custom_padding=&#8220;100px||||false|false&#8220; custom_padding_tablet=&#8220;0px||||false|false&#8220; custom_padding_phone=&#8220;&#8220; custom_padding_last_edited=&#8220;on|tablet&#8220;]<\/p>\n<p>Ich bin Susana Urbano. Ich bin Interior Designerin und ich liebe es R\u00e4ume mit viel Pers\u00f6nlichkeit f\u00fcr besondere H\u00e4user zu kreieren.<\/p>\n<p>[\/et_pb_text][\/et_pb_column][\/et_pb_row][et_pb_row disabled_on=&#8220;off|off|off&#8220; _builder_version=&#8220;4.6.3&#8243; _module_preset=&#8220;default&#8220; z_index=&#8220;1&#8243; max_width=&#8220;600px&#8220; custom_margin=&#8220;||||false|false&#8220;][et_pb_column type=&#8220;4_4&#8243; _builder_version=&#8220;4.6.3&#8243; _module_preset=&#8220;default&#8220;][et_pb_text _builder_version=&#8220;4.6.3&#8243; _module_preset=&#8220;default&#8220; text_font=&#8220;|600|||||||&#8220; header_font=&#8220;|300|||||||&#8220; header_text_color=&#8220;#414141&#8243; header_font_size=&#8220;65px&#8220; header_letter_spacing=&#8220;-2px&#8220; z_index=&#8220;1&#8243; text_orientation=&#8220;center&#8220; max_width=&#8220;250px&#8220; module_alignment=&#8220;left&#8220; custom_margin=&#8220;-150px||||false|false&#8220; custom_margin_tablet=&#8220;-280px||||false|false&#8220; custom_margin_phone=&#8220;&#8220; custom_margin_last_edited=&#8220;on|tablet&#8220; custom_padding=&#8220;||||false|false&#8220; header_font_size_tablet=&#8220;&#8220; header_font_size_phone=&#8220;55px&#8220; header_font_size_last_edited=&#8220;on|phone&#8220;]<\/p>\n<h1>Susana<\/h1>\n<p>[\/et_pb_text][\/et_pb_column][\/et_pb_row][\/et_pb_section][et_pb_section fb_built=&#8220;1&#8243; _builder_version=&#8220;4.6.3&#8243; _module_preset=&#8220;default&#8220; background_enable_image=&#8220;off&#8220; background_size=&#8220;initial&#8220; background_position=&#8220;top_right&#8220; custom_margin=&#8220;||||false|false&#8220; custom_padding=&#8220;0px||||false|false&#8220; custom_css_main_element_last_edited=&#8220;on|phone&#8220; custom_css_main_element_tablet=&#8220;background-size:280px !important&#8220; custom_css_main_element_phone=&#8220;background-size:150px !important&#8220;][et_pb_row _builder_version=&#8220;4.6.3&#8243; _module_preset=&#8220;default&#8220; animation_style=&#8220;slide&#8220; animation_direction=&#8220;bottom&#8220;][et_pb_column type=&#8220;4_4&#8243; _builder_version=&#8220;4.6.1&#8243; _module_preset=&#8220;default&#8220;][et_pb_text _builder_version=&#8220;4.6.3&#8243; _module_preset=&#8220;default&#8220; text_font=&#8220;|300|||||||&#8220; text_text_color=&#8220;#414141&#8243; text_font_size=&#8220;28px&#8220; text_letter_spacing=&#8220;-0.25px&#8220; text_line_height=&#8220;1.4em&#8220; max_width=&#8220;650px&#8220; module_alignment=&#8220;center&#8220; hover_enabled=&#8220;0&#8243; text_font_size_tablet=&#8220;&#8220; text_font_size_phone=&#8220;22px&#8220; text_font_size_last_edited=&#8220;on|phone&#8220; text_orientation=&#8220;justified&#8220; sticky_enabled=&#8220;0&#8243;]<\/p>\n<p>Ich wurde in Spanien geboren, und studierte BWL an der \u201eUniversidad Complutense de Madrid\u201c sowie an der \u201eLondon School of Economics\u201c. Ich spreche flie\u00dfend spanisch, englisch und deutsch.<\/p>\n<p>[\/et_pb_text][\/et_pb_column][\/et_pb_row][et_pb_row column_structure=&#8220;1_2,1_2&#8243; use_custom_gutter=&#8220;on&#8220; gutter_width=&#8220;4&#8243; disabled_on=&#8220;on|on|off&#8220; _builder_version=&#8220;4.6.3&#8243; _module_preset=&#8220;default&#8220; max_width=&#8220;650px&#8220; custom_padding=&#8220;||||false|false&#8220;][et_pb_column type=&#8220;1_2&#8243; _builder_version=&#8220;4.6.3&#8243; _module_preset=&#8220;default&#8220;][et_pb_text module_class=&#8220;tk-neue-haas-unica&#8220; _builder_version=&#8220;4.6.3&#8243; _module_preset=&#8220;default&#8220; text_font=&#8220;|300|||||||&#8220; text_text_color=&#8220;#414141&#8243; text_font_size=&#8220;18px&#8220; hover_enabled=&#8220;0&#8243; locked=&#8220;off&#8220; text_orientation=&#8220;justified&#8220; sticky_enabled=&#8220;0&#8243;]<\/p>\n<p>Anschlie\u00dfend begann ich meine Karriere im Finanzsektor von Lissabon. 1999 kam ich nach Frankfurt und arbeitete dort im institutionellen Aktien-Sales einer gro\u00dfen deutschen Bank zwischen Madrid, Frankfurt und London. Als ich 2007 mein erstes Wohnhaus f\u00fcr meine Familie baute, entdeckte ich die Interior-Design-Welt f\u00fcr mich.<\/p>\n<div>\n<p class=\"x_MsoNormal\">\u00a0<\/p>\n<\/div>\n<p>[\/et_pb_text][\/et_pb_column][et_pb_column type=&#8220;1_2&#8243; _builder_version=&#8220;4.6.3&#8243; _module_preset=&#8220;default&#8220;][et_pb_text module_class=&#8220;tk-neue-haas-unica&#8220; _builder_version=&#8220;4.6.3&#8243; _module_preset=&#8220;default&#8220; text_font=&#8220;|300|||||||&#8220; text_text_color=&#8220;#414141&#8243; text_font_size=&#8220;18px&#8220; hover_enabled=&#8220;0&#8243; locked=&#8220;off&#8220; text_orientation=&#8220;justified&#8220; sticky_enabled=&#8220;0&#8243;]<\/p>\n<p>Zwei Jahre sp\u00e4ter baute und gestaltete ich ein weiteres Haus. Daraufhin machte ich den Master in Interior Design und bin seitdem sehr aktiv in diesem Bereich.<\/p>\n<p>[\/et_pb_text][\/et_pb_column][\/et_pb_row][et_pb_row use_custom_gutter=&#8220;on&#8220; gutter_width=&#8220;4&#8243; disabled_on=&#8220;off|off|on&#8220; _builder_version=&#8220;4.6.3&#8243; _module_preset=&#8220;default&#8220; max_width=&#8220;650px&#8220; custom_padding=&#8220;||||false|false&#8220;][et_pb_column type=&#8220;4_4&#8243; _builder_version=&#8220;4.6.3&#8243; _module_preset=&#8220;default&#8220;][et_pb_text module_class=&#8220;tk-neue-haas-unica&#8220; _builder_version=&#8220;4.6.3&#8243; _module_preset=&#8220;default&#8220; text_font=&#8220;|300|||||||&#8220; text_text_color=&#8220;#414141&#8243; text_font_size=&#8220;18px&#8220; hover_enabled=&#8220;0&#8243; locked=&#8220;off&#8220; text_orientation=&#8220;justified&#8220; sticky_enabled=&#8220;0&#8243;]<\/p>\n<p>Anschlie\u00dfend begann ich meine Karriere im Finanzsektor von Lissabon. 1999 kam ich nach Frankfurt und arbeitete dort im institutionellen Aktien-Sales einer gro\u00dfen deutschen Bank zwischen Madrid, Frankfurt und London. Als ich in 2007 mein erstes Wohnhaus f\u00fcr meine Familie baute, entdeckte ich die Interior-Design-Welt f\u00fcr mich.<\/p>\n<p>Zwei Jahre sp\u00e4ter baute und gestaltete ich ein weiteres Haus. Daraufhin machte ich den Master in Interior Design und bin seitdem sehr aktiv in diesem Bereich.<\/p>\n<p>[\/et_pb_text][\/et_pb_column][\/et_pb_row][\/et_pb_section][et_pb_section fb_built=&#8220;1&#8243; _builder_version=&#8220;4.6.3&#8243; _module_preset=&#8220;default&#8220;][et_pb_row _builder_version=&#8220;4.6.3&#8243; _module_preset=&#8220;default&#8220; animation_style=&#8220;slide&#8220; animation_direction=&#8220;bottom&#8220; locked=&#8220;off&#8220;][et_pb_column type=&#8220;4_4&#8243; _builder_version=&#8220;4.6.1&#8243; _module_preset=&#8220;default&#8220;][et_pb_text _builder_version=&#8220;4.6.3&#8243; _module_preset=&#8220;default&#8220; text_font=&#8220;|300|||||||&#8220; text_text_color=&#8220;#414141&#8243; text_font_size=&#8220;28px&#8220; text_letter_spacing=&#8220;-0.25px&#8220; text_line_height=&#8220;1.4em&#8220; max_width=&#8220;650px&#8220; module_alignment=&#8220;center&#8220; hover_enabled=&#8220;0&#8243; text_font_size_tablet=&#8220;&#8220; text_font_size_phone=&#8220;22px&#8220; text_font_size_last_edited=&#8220;on|phone&#8220; text_orientation=&#8220;justified&#8220; sticky_enabled=&#8220;0&#8243;]<\/p>\n<p>@susanaurbanointeriors team f\u00fcr Marbella Design Fair 2020.<br \/>Es ist das wichtigste ein top Team zu haben um ein perfektes Ergebnis zu erreichen.<\/p>\n<p>[\/et_pb_text][\/et_pb_column][\/et_pb_row][\/et_pb_section][et_pb_section fb_built=&#8220;1&#8243; custom_padding_last_edited=&#8220;on|phone&#8220; _builder_version=&#8220;4.6.3&#8243; _module_preset=&#8220;default&#8220; background_image=&#8220;https:\/\/www.susanaurbanointeriors.com\/wp-content\/uploads\/2020\/11\/SUSANA-URBANO-EQUIPO.jpg&#8220; custom_padding=&#8220;226px||226px||true|false&#8220; custom_padding_tablet=&#8220;0px||245px||false|false&#8220; custom_padding_phone=&#8220;0px||120px||false|false&#8220;][\/et_pb_section][et_pb_section fb_built=&#8220;1&#8243; module_id=&#8220;about&#8220; _builder_version=&#8220;4.6.3&#8243; _module_preset=&#8220;default&#8220; background_enable_image=&#8220;off&#8220; background_size=&#8220;initial&#8220; background_position=&#8220;bottom_left&#8220; custom_padding=&#8220;||0px||false|false&#8220; custom_css_main_element=&#8220;background-size:230px !Important&#8220; custom_css_main_element_last_edited=&#8220;off|desktop&#8220;][et_pb_row column_structure=&#8220;1_2,1_2&#8243; _builder_version=&#8220;4.6.3&#8243; _module_preset=&#8220;default&#8220; custom_padding=&#8220;||0px||false|false&#8220;][et_pb_column type=&#8220;1_2&#8243; _builder_version=&#8220;4.6.3&#8243; _module_preset=&#8220;default&#8220; custom_padding=&#8220;50px|||7%|false|false&#8220; custom_padding_tablet=&#8220;&#8220; custom_padding_phone=&#8220;|||0%|false|false&#8220; custom_padding_last_edited=&#8220;on|phone&#8220;][et_pb_text _builder_version=&#8220;4.6.3&#8243; _module_preset=&#8220;default&#8220; text_font=&#8220;|300|||||||&#8220; text_font_size=&#8220;40px&#8220; text_letter_spacing=&#8220;-1.5px&#8220; text_line_height=&#8220;1.4em&#8220; max_width=&#8220;400px&#8220; text_font_size_tablet=&#8220;&#8220; text_font_size_phone=&#8220;33px&#8220; text_font_size_last_edited=&#8220;on|phone&#8220;]<\/p>\n<p>Meine Leidenschaft<\/p>\n<p>[\/et_pb_text][et_pb_text module_class=&#8220;tk-neue-haas-unica&#8220; _builder_version=&#8220;4.6.3&#8243; _module_preset=&#8220;default&#8220; text_font=&#8220;|300|||||||&#8220; text_font_size=&#8220;18px&#8220; text_line_height=&#8220;1.6em&#8220; max_width=&#8220;600px&#8220; hover_enabled=&#8220;0&#8243; text_font_size_tablet=&#8220;&#8220; text_font_size_phone=&#8220;16px&#8220; text_font_size_last_edited=&#8220;on|phone&#8220; text_orientation=&#8220;justified&#8220; sticky_enabled=&#8220;0&#8243;]<\/p>\n<p>Meine Philosophie ist es, f\u00fcr meine Kunden ein elegantes und hochwertiges Interior zu schaffen, das ihren Vorstellungen entspricht und deren Identit\u00e4t ausdr\u00fcckt, in dem sie sich so wohlf\u00fchlen, dass weder sie noch ihre G\u00e4ste es verlassen m\u00f6chte.<\/p>\n<p>[\/et_pb_text][et_pb_button button_url=&#8220;https:\/\/www.susanaurbanointeriors.com\/de\/kontakt\/&#8220; button_text=&#8220;Kontaktieren Sie mich&#8220; _builder_version=&#8220;4.6.3&#8243; _module_preset=&#8220;7755be51-a3a9-450c-8978-2c05c27b52a8&#8243; custom_button=&#8220;on&#8220; locked=&#8220;off&#8220;][\/et_pb_button][\/et_pb_column][et_pb_column type=&#8220;1_2&#8243; _builder_version=&#8220;4.6.1&#8243; _module_preset=&#8220;default&#8220;][et_pb_image src=&#8220;https:\/\/www.susanaurbanointeriors.com\/wp-content\/uploads\/2020\/09\/susana-urbano-interiors-4.jpg&#8220; alt=&#8220;@ET-DC@eyJkeW5hbWljIjp0cnVlLCJjb250ZW50Ijoic2l0ZV90aXRsZSIsInNldHRpbmdzIjp7ImJlZm9yZSI6IiIsImFmdGVyIjoiIn19@&#8220; force_fullwidth=&#8220;on&#8220; _builder_version=&#8220;4.6.3&#8243; _dynamic_attributes=&#8220;alt&#8220; _module_preset=&#8220;default&#8220;][\/et_pb_image][\/et_pb_column][\/et_pb_row][\/et_pb_section][et_pb_section fb_built=&#8220;1&#8243; _builder_version=&#8220;4.6.3&#8243; _module_preset=&#8220;default&#8220;][et_pb_row _builder_version=&#8220;4.6.3&#8243; _module_preset=&#8220;default&#8220; locked=&#8220;off&#8220;][et_pb_column type=&#8220;4_4&#8243; _builder_version=&#8220;4.6.3&#8243; _module_preset=&#8220;default&#8220;][et_pb_text _builder_version=&#8220;4.6.3&#8243; _module_preset=&#8220;default&#8220; text_font=&#8220;|300|||||||&#8220; text_text_color=&#8220;#ffffff&#8220; text_font_size=&#8220;60px&#8220; text_letter_spacing=&#8220;-1.5px&#8220; text_line_height=&#8220;1.3em&#8220; header_font=&#8220;|300|||||||&#8220; header_text_align=&#8220;left&#8220; header_text_color=&#8220;#ffffff&#8220; header_font_size=&#8220;60px&#8220; header_letter_spacing=&#8220;-1.5px&#8220; header_line_height=&#8220;0.9em&#8220; header_2_font=&#8220;|300|||||||&#8220; header_2_text_align=&#8220;left&#8220; header_2_text_color=&#8220;#ffffff&#8220; header_2_font_size=&#8220;60px&#8220; header_2_letter_spacing=&#8220;-1.5px&#8220; header_2_line_height=&#8220;0.9em&#8220; background_color=&#8220;#67737D&#8220; text_orientation=&#8220;center&#8220; max_width=&#8220;450px&#8220; module_alignment=&#8220;left&#8220; custom_margin=&#8220;||||false|false&#8220; custom_padding=&#8220;|||10px|false|false&#8220;]<\/p>\n<h2>Referenzen<\/h2>\n<p>[\/et_pb_text][\/et_pb_column][\/et_pb_row][et_pb_row _builder_version=&#8220;4.6.3&#8243; _module_preset=&#8220;default&#8220;][et_pb_column type=&#8220;4_4&#8243; _builder_version=&#8220;4.6.3&#8243; _module_preset=&#8220;default&#8220;][et_pb_slider show_pagination=&#8220;off&#8220; arrows_custom_color=&#8220;#707070&#8243; dot_nav_custom_color=&#8220;rgba(0,0,0,0)&#8220; _builder_version=&#8220;4.6.3&#8243; _module_preset=&#8220;default&#8220; max_width=&#8220;800px&#8220; module_alignment=&#8220;center&#8220; hover_enabled=&#8220;0&#8243; border_radii=&#8220;on|10px|10px|10px|10px&#8220; sticky_enabled=&#8220;0&#8243;][et_pb_slide admin_title=&#8220;M. Fromm-Fournier, Oberursel-Oberstedten&#8220; _builder_version=&#8220;4.6.3&#8243; _module_preset=&#8220;default&#8220; body_text_align=&#8220;left&#8220; body_text_color=&#8220;#707070&#8243; body_font_size=&#8220;18px&#8220; background_color=&#8220;#ffffff&#8220; background_enable_color=&#8220;on&#8220; custom_padding=&#8220;30px||30px||true|false&#8220; hover_enabled=&#8220;0&#8243; custom_css_slide_description=&#8220;text-shadow: none;&#8220; sticky_transition=&#8220;on&#8220; sticky_enabled=&#8220;0&#8243;]<\/p>\n<p>\u201eSusana besa\u00df die Gabe unsere bestehenden R\u00e4umlichkeiten und deren Einrichtung als Basis zu nehmen und uns kleine Ver\u00e4nderungen zu visualisieren. Mit ihrem guten Geschmack und gro\u00dfer Kreativit\u00e4t hat sie es geschafft unser Zuhause in einzigartige, elegante sowie wundersch\u00f6ne R\u00e4ume zu verwandeln. Mir gef\u00e4llt ihre Zuverl\u00e4ssigkeit sowie ihre unkomplizierte Art. Sie ist stets freundlich, positiv und sehr geduldig. Susana ist immer verf\u00fcgbar und akzeptiert jedwede Ansicht und Ver\u00e4nderungsw\u00fcnsche. Sie respektiert unsere Meinung und macht daraufhin neue abgestimmte Vorschl\u00e4ge. Es war die richtige Entscheidung die Gestaltung unseres Hauses in Ihre H\u00e4nde zu geben.\u201c<\/p>\n<p>&nbsp;<\/p>\n<p style=\"text-align: right;\"><strong>M. Fromm-Fournier, Oberursel-Oberstedten<\/strong><\/p>\n<p>[\/et_pb_slide][et_pb_slide admin_title=&#8220;T. Veit, Bad Homburg-Hardtwald&#8220; _builder_version=&#8220;4.6.3&#8243; _module_preset=&#8220;default&#8220; body_text_align=&#8220;left&#8220; body_text_color=&#8220;#707070&#8243; body_font_size=&#8220;18px&#8220; background_color=&#8220;#ffffff&#8220; background_enable_color=&#8220;on&#8220; custom_padding=&#8220;30px||30px||true|false&#8220; custom_css_slide_description=&#8220;text-shadow: none;&#8220; sticky_transition=&#8220;on&#8220;]<\/p>\n<p>\u201eSusana hat ein tolles Gesp\u00fcr schwierige R\u00e4umlichkeiten mit Licht, Farbe und Materialen in sehr interessante R\u00e4ume zu verwandeln. Sie half uns sogar mit unserem Garten. Sie kann wirklich jeden Platz gem\u00fctlich gestalten.&#8220;<\/p>\n<p>&nbsp;<\/p>\n<p style=\"text-align: right;\"><strong>T. Veit, Bad Homburg-Hardtwald<\/strong><\/p>\n<p>[\/et_pb_slide][et_pb_slide admin_title=&#8220;B. Schmidt, Frankfurt-Sachsenhausen&#8220; _builder_version=&#8220;4.6.3&#8243; _module_preset=&#8220;default&#8220; body_text_align=&#8220;left&#8220; body_text_color=&#8220;#707070&#8243; body_font_size=&#8220;18px&#8220; background_color=&#8220;#ffffff&#8220; background_enable_color=&#8220;on&#8220; custom_padding=&#8220;30px||30px||true|false&#8220; custom_css_slide_description=&#8220;text-shadow: none;&#8220; sticky_transition=&#8220;on&#8220;]<\/p>\n<p>\u201eSusana liebt das Reisen, ihre Ideen kommen von \u00fcberall. Sie ist in den unterschiedlichsten L\u00e4ndern sehr gut vernetzt und ist sehr Kunden und Budget fokussiert.\u201c<\/p>\n<p>&nbsp;<\/p>\n<p style=\"text-align: right;\"><strong>B. Schmidt, Frankfurt-Sachsenhausen<\/strong><\/p>\n<p>[\/et_pb_slide][et_pb_slide admin_title=&#8220;S. Jim\u00e9nez, Frankfurt-Westend&#8220; _builder_version=&#8220;4.6.3&#8243; _module_preset=&#8220;default&#8220; body_text_align=&#8220;left&#8220; body_text_color=&#8220;#707070&#8243; body_font_size=&#8220;18px&#8220; background_color=&#8220;#ffffff&#8220; background_enable_color=&#8220;on&#8220; custom_padding=&#8220;30px||30px||true|false&#8220; custom_css_slide_description=&#8220;text-shadow: none;&#8220; sticky_transition=&#8220;on&#8220;]<\/p>\n<p>\u201eFrau Urbano bildet sich st\u00e4ndig weiter. So ist sie regelm\u00e4\u00dfig bei allen wichtigen Design Veranstaltungen Europas anzutreffen. Sie kennt jedes Lichtsystem, Materialien, Stoffe und Tapeten, die neu auf den Markt kommen, daher hat sie sehr au\u00dfergew\u00f6hnliche und interessante Ideen.\u201c<\/p>\n<p>&nbsp;<\/p>\n<p style=\"text-align: right;\"><strong>S. Jim\u00e9nez, Frankfurt-Westend<\/strong><\/p>\n<p>[\/et_pb_slide][et_pb_slide admin_title=&#8220;S. Dahm, Bad Homburg-Hardtwald&#8220; _builder_version=&#8220;4.6.3&#8243; _module_preset=&#8220;default&#8220; body_text_align=&#8220;left&#8220; body_text_color=&#8220;#707070&#8243; body_font_size=&#8220;18px&#8220; background_color=&#8220;#ffffff&#8220; background_enable_color=&#8220;on&#8220; custom_padding=&#8220;30px||30px||true|false&#8220; custom_css_slide_description=&#8220;text-shadow: none;&#8220; sticky_transition=&#8220;on&#8220;]<\/p>\n<p>\u201eSusana Urbanos eigene Bauerfahrung ist eine gro\u00dfe Hilfe f\u00fcr uns gewesen. Sie konnte unsere Probleme, Unsicherheiten und Sorgen schnell verstehen. Sie hat immer gute und einfache Ideen gehabt um Probleme zu l\u00f6sen.\u201c<\/p>\n<p>&nbsp;<\/p>\n<p style=\"text-align: right;\"><strong>S. Dahm, Bad Homburg-Hardtwald<\/strong><\/p>\n<p>[\/et_pb_slide][\/et_pb_slider][\/et_pb_column][\/et_pb_row][\/et_pb_section][et_pb_section fb_built=&#8220;1&#8243; _builder_version=&#8220;4.6.3&#8243; _module_preset=&#8220;default&#8220;][et_pb_row _builder_version=&#8220;4.6.3&#8243; _module_preset=&#8220;default&#8220;][et_pb_column type=&#8220;4_4&#8243; _builder_version=&#8220;4.6.3&#8243; _module_preset=&#8220;default&#8220;][et_pb_button button_url=&#8220;tel:+49 174 311 59 41&#8243; button_text=&#8220;Kontaktieren Sie mich&#8220; button_alignment=&#8220;center&#8220; _builder_version=&#8220;4.6.3&#8243; _module_preset=&#8220;default&#8220; custom_button=&#8220;on&#8220; button_text_size=&#8220;25px&#8220; button_border_width=&#8220;0px&#8220; button_border_radius=&#8220;0px&#8220; button_font=&#8220;|300|||on||||&#8220; button_icon=&#8220;%%264%%&#8220; button_icon_placement=&#8220;left&#8220; button_text_color__hover=&#8220;#707070&#8243; button_bg_color__hover=&#8220;rgba(0,0,0,0)&#8220; button_bg_color__hover_enabled=&#8220;on|desktop&#8220;][\/et_pb_button][et_pb_social_media_follow icon_color=&#8220;#f5f3f0&#8243; _builder_version=&#8220;4.6.3&#8243; _module_preset=&#8220;default&#8220; text_orientation=&#8220;center&#8220; custom_margin=&#8220;||0px||false|false&#8220;][et_pb_social_media_follow_network social_network=&#8220;facebook&#8220; url=&#8220;https:\/\/www.facebook.com\/susana.urbano.988\/&#8220; _builder_version=&#8220;4.6.1&#8243; _module_preset=&#8220;default&#8220; background_color=&#8220;#414141&#8243; background_enable_color=&#8220;on&#8220; follow_button=&#8220;off&#8220; url_new_window=&#8220;on&#8220;]facebook[\/et_pb_social_media_follow_network][et_pb_social_media_follow_network social_network=&#8220;instagram&#8220; url=&#8220;https:\/\/www.instagram.com\/susanaurbanointeriors&#8220; _builder_version=&#8220;4.6.1&#8243; _module_preset=&#8220;default&#8220; background_color=&#8220;#414141&#8243; background_enable_color=&#8220;on&#8220; follow_button=&#8220;off&#8220; url_new_window=&#8220;on&#8220;]instagram[\/et_pb_social_media_follow_network][et_pb_social_media_follow_network social_network=&#8220;pinterest&#8220; url=&#8220;https:\/\/www.pinterest.com\/susanaurbanointeriors\/_saved\/&#8220; _builder_version=&#8220;4.6.1&#8243; _module_preset=&#8220;default&#8220; background_color=&#8220;#414141&#8243; background_enable_color=&#8220;on&#8220; follow_button=&#8220;off&#8220; url_new_window=&#8220;on&#8220;]pinterest[\/et_pb_social_media_follow_network][\/et_pb_social_media_follow][et_pb_text _builder_version=&#8220;4.6.1&#8243; _module_preset=&#8220;default&#8220; text_font=&#8220;|300|||||||&#8220; text_font_size=&#8220;20px&#8220; text_orientation=&#8220;center&#8220; custom_margin=&#8220;||||true|false&#8220; custom_padding=&#8220;||||true|false&#8220;]<\/p>\n<p><a href=\"https:\/\/www.instagram.com\/susanaurbanointeriors\" target=\"_blank\" rel=\"noopener noreferrer\">@susanaurbanointeriors<\/a><\/p>\n<p>[\/et_pb_text][\/et_pb_column][\/et_pb_row][\/et_pb_section][et_pb_section fb_built=&#8220;1&#8243; _builder_version=&#8220;4.6.3&#8243; _module_preset=&#8220;default&#8220;][et_pb_row _builder_version=&#8220;4.6.3&#8243; _module_preset=&#8220;default&#8220; locked=&#8220;off&#8220;][et_pb_column type=&#8220;4_4&#8243; _builder_version=&#8220;4.6.3&#8243; _module_preset=&#8220;default&#8220;][et_pb_text _builder_version=&#8220;4.6.3&#8243; _module_preset=&#8220;default&#8220; text_font=&#8220;|300|||||||&#8220; text_text_color=&#8220;#ffffff&#8220; text_font_size=&#8220;60px&#8220; text_letter_spacing=&#8220;-1.5px&#8220; text_line_height=&#8220;1.3em&#8220; header_font=&#8220;|300|||||||&#8220; header_text_align=&#8220;left&#8220; header_text_color=&#8220;#ffffff&#8220; header_font_size=&#8220;60px&#8220; header_letter_spacing=&#8220;-1.5px&#8220; header_line_height=&#8220;0.9em&#8220; header_2_font=&#8220;|300|||||||&#8220; header_2_text_align=&#8220;left&#8220; header_2_text_color=&#8220;#ffffff&#8220; header_2_font_size=&#8220;60px&#8220; header_2_letter_spacing=&#8220;-1.5px&#8220; header_2_line_height=&#8220;0.9em&#8220; background_color=&#8220;#67737D&#8220; text_orientation=&#8220;center&#8220; max_width=&#8220;280px&#8220; module_alignment=&#8220;left&#8220; custom_margin=&#8220;||||false|false&#8220; custom_padding=&#8220;|||10px|false|false&#8220;]<\/p>\n<h2>Presse<\/h2>\n<p>[\/et_pb_text][\/et_pb_column][\/et_pb_row][et_pb_row column_structure=&#8220;1_2,1_2&#8243; use_custom_gutter=&#8220;on&#8220; gutter_width=&#8220;4&#8243; custom_padding_last_edited=&#8220;on|tablet&#8220; _builder_version=&#8220;4.6.3&#8243; _module_preset=&#8220;default&#8220; max_width_tablet=&#8220;500px&#8220; max_width_phone=&#8220;&#8220; max_width_last_edited=&#8220;on|tablet&#8220; custom_padding=&#8220;40px||40px||true|false&#8220; custom_padding_tablet=&#8220;40px||40px||false|false&#8220; custom_padding_phone=&#8220;&#8220; locked=&#8220;off&#8220;][et_pb_column type=&#8220;1_2&#8243; _builder_version=&#8220;4.6.3&#8243; _module_preset=&#8220;default&#8220; custom_padding_tablet=&#8220;||||false|false&#8220; custom_padding_last_edited=&#8220;off|tablet&#8220;][et_pb_image src=&#8220;https:\/\/www.susanaurbanointeriors.com\/wp-content\/uploads\/2020\/11\/susana_urbano_en_finally40.jpg&#8220; alt=&#8220;Finally 40&#8243; url=&#8220;https:\/\/finally-40.com\/susana-urbano-entrevista\/&#8220; url_new_window=&#8220;on&#8220; _builder_version=&#8220;4.6.3&#8243; _module_preset=&#8220;default&#8220;][\/et_pb_image][et_pb_text _builder_version=&#8220;4.6.3&#8243; _module_preset=&#8220;default&#8220; text_font=&#8220;|300|||||||&#8220; text_font_size=&#8220;17px&#8220; header_3_font=&#8220;|300|||||||&#8220; header_3_font_size=&#8220;32px&#8220; custom_margin=&#8220;||10px||false|false&#8220; link_option_url=&#8220;https:\/\/finally-40.com\/susana-urbano-entrevista\/&#8220; link_option_url_new_window=&#8220;on&#8220; text_font_size_tablet=&#8220;&#8220; text_font_size_phone=&#8220;14px&#8220; text_font_size_last_edited=&#8220;on|phone&#8220; header_3_font_size_tablet=&#8220;&#8220; header_3_font_size_phone=&#8220;28px&#8220; header_3_font_size_last_edited=&#8220;on|phone&#8220;]<\/p>\n<h3>Finally 40<\/h3>\n<p>[\/et_pb_text][et_pb_button button_url=&#8220;https:\/\/finally-40.com\/susana-urbano-entrevista\/&#8220; url_new_window=&#8220;on&#8220; button_text=&#8220;Weitere Details&#8220; button_alignment=&#8220;right&#8220; _builder_version=&#8220;4.6.3&#8243; _module_preset=&#8220;7755be51-a3a9-450c-8978-2c05c27b52a8&#8243; custom_button=&#8220;on&#8220; custom_margin=&#8220;||||false|false&#8220; custom_margin_phone=&#8220;0px||||false|false&#8220; custom_margin_last_edited=&#8220;off|desktop&#8220; locked=&#8220;off&#8220;][\/et_pb_button][et_pb_code _builder_version=&#8220;4.6.2&#8243; _module_preset=&#8220;default&#8220;]<pee><script>(function($) {<!-- [et_pb_line_break_holder] -->    $(document).ready(function(){<!-- [et_pb_line_break_holder] -->        $('.et-readmore-toggle .et_pb_toggle_title').on('click', function(e) {<!-- [et_pb_line_break_holder] -->            if ($(e.target).closest('.et-readmore-toggle').hasClass('et_pb_toggle_open')) {<!-- [et_pb_line_break_holder] -->                $(this).text('Saber m\u00e1s');<!-- [et_pb_line_break_holder] -->            } else {<!-- [et_pb_line_break_holder] -->                $(this).text('Cerrar');<!-- [et_pb_line_break_holder] -->            }<!-- [et_pb_line_break_holder] -->        });<!-- [et_pb_line_break_holder] -->    });<!-- [et_pb_line_break_holder] -->})(jQuery);<\/script><\/pee>\n<!-- [et_pb_line_break_holder] -->[\/et_pb_code][\/et_pb_column][et_pb_column type=&#8220;1_2&#8243; _builder_version=&#8220;4.6.3&#8243; _module_preset=&#8220;default&#8220; custom_padding=&#8220;||||false|false&#8220; custom_padding_tablet=&#8220;20px||||false|false&#8220; custom_padding_phone=&#8220;&#8220; custom_padding_last_edited=&#8220;on|tablet&#8220;][et_pb_image src=&#8220;https:\/\/www.susanaurbanointeriors.com\/wp-content\/uploads\/2020\/11\/Susana_urbano-en_Interiores.jpg&#8220; alt=&#8220;Interiores&#8220; url=&#8220;https:\/\/www.instagram.com\/p\/CGu9lOkpai_\/&#8220; url_new_window=&#8220;on&#8220; _builder_version=&#8220;4.6.3&#8243; _module_preset=&#8220;default&#8220; locked=&#8220;off&#8220;][\/et_pb_image][et_pb_text _builder_version=&#8220;4.6.3&#8243; _module_preset=&#8220;default&#8220; text_font=&#8220;|300|||||||&#8220; text_font_size=&#8220;17px&#8220; header_3_font=&#8220;|300|||||||&#8220; header_3_font_size=&#8220;32px&#8220; custom_margin=&#8220;||10px||false|false&#8220; link_option_url=&#8220;https:\/\/www.instagram.com\/p\/CGu9lOkpai_\/&#8220; link_option_url_new_window=&#8220;on&#8220; text_font_size_tablet=&#8220;&#8220; text_font_size_phone=&#8220;14px&#8220; text_font_size_last_edited=&#8220;on|phone&#8220; header_3_font_size_tablet=&#8220;&#8220; header_3_font_size_phone=&#8220;28px&#8220; header_3_font_size_last_edited=&#8220;on|phone&#8220; locked=&#8220;off&#8220;]<\/p>\n<h3>Interiores<\/h3>\n<p>[\/et_pb_text][et_pb_button button_url=&#8220;https:\/\/www.instagram.com\/p\/CGu9lOkpai_\/&#8220; url_new_window=&#8220;on&#8220; button_text=&#8220;Weitere Details&#8220; button_alignment=&#8220;right&#8220; _builder_version=&#8220;4.6.3&#8243; _module_preset=&#8220;7755be51-a3a9-450c-8978-2c05c27b52a8&#8243; custom_button=&#8220;on&#8220; custom_margin=&#8220;||||false|false&#8220; custom_margin_phone=&#8220;0px||||false|false&#8220; custom_margin_last_edited=&#8220;off|desktop&#8220; locked=&#8220;off&#8220;][\/et_pb_button][\/et_pb_column][\/et_pb_row][et_pb_row column_structure=&#8220;1_2,1_2&#8243; use_custom_gutter=&#8220;on&#8220; gutter_width=&#8220;4&#8243; custom_padding_last_edited=&#8220;on|tablet&#8220; _builder_version=&#8220;4.6.3&#8243; _module_preset=&#8220;default&#8220; max_width_tablet=&#8220;500px&#8220; max_width_phone=&#8220;&#8220; max_width_last_edited=&#8220;on|phone&#8220; custom_margin_tablet=&#8220;||||false|false&#8220; custom_margin_phone=&#8220;&#8220; custom_margin_last_edited=&#8220;on|tablet&#8220; custom_padding=&#8220;40px||40px||true|false&#8220; custom_padding_tablet=&#8220;40px||40px||false|false&#8220; custom_padding_phone=&#8220;&#8220; locked=&#8220;off&#8220;][et_pb_column type=&#8220;1_2&#8243; _builder_version=&#8220;4.6.3&#8243; _module_preset=&#8220;default&#8220; custom_padding_tablet=&#8220;||||false|false&#8220; custom_padding_last_edited=&#8220;off|tablet&#8220;][et_pb_image src=&#8220;https:\/\/www.susanaurbanointeriors.com\/wp-content\/uploads\/2020\/11\/SusanaUrbano_-1@2x.jpg&#8220; alt=&#8220;Viajeros 4&#8243; url=&#8220;https:\/\/www.instagram.com\/p\/CELx_n7KG4d\/&#8220; url_new_window=&#8220;on&#8220; _builder_version=&#8220;4.6.3&#8243; _module_preset=&#8220;default&#8220;][\/et_pb_image][et_pb_text _builder_version=&#8220;4.6.3&#8243; _module_preset=&#8220;default&#8220; text_font=&#8220;|300|||||||&#8220; text_font_size=&#8220;17px&#8220; header_3_font=&#8220;|300|||||||&#8220; header_3_font_size=&#8220;32px&#8220; custom_margin=&#8220;||10px||false|false&#8220; link_option_url=&#8220;https:\/\/www.instagram.com\/p\/CELx_n7KG4d\/&#8220; link_option_url_new_window=&#8220;on&#8220; text_font_size_tablet=&#8220;&#8220; text_font_size_phone=&#8220;14px&#8220; text_font_size_last_edited=&#8220;on|phone&#8220; header_3_font_size_tablet=&#8220;&#8220; header_3_font_size_phone=&#8220;28px&#8220; header_3_font_size_last_edited=&#8220;on|phone&#8220;]<\/p>\n<h3>Viajeros Cuatro<\/h3>\n<p>[\/et_pb_text][et_pb_button button_url=&#8220;https:\/\/www.instagram.com\/p\/CELx_n7KG4d\/&#8220; url_new_window=&#8220;on&#8220; button_text=&#8220;Weitere Details&#8220; button_alignment=&#8220;right&#8220; _builder_version=&#8220;4.6.3&#8243; _module_preset=&#8220;7755be51-a3a9-450c-8978-2c05c27b52a8&#8243; custom_button=&#8220;on&#8220; custom_margin=&#8220;||||false|false&#8220; custom_margin_phone=&#8220;0px||||false|false&#8220; custom_margin_last_edited=&#8220;off|desktop&#8220; locked=&#8220;off&#8220;][\/et_pb_button][et_pb_code _builder_version=&#8220;4.6.2&#8243; _module_preset=&#8220;default&#8220;]<pee><script>(function($) {<!-- [et_pb_line_break_holder] -->    $(document).ready(function(){<!-- [et_pb_line_break_holder] -->        $('.et-readmore-toggle .et_pb_toggle_title').on('click', function(e) {<!-- [et_pb_line_break_holder] -->            if ($(e.target).closest('.et-readmore-toggle').hasClass('et_pb_toggle_open')) {<!-- [et_pb_line_break_holder] -->                $(this).text('Saber m\u00e1s');<!-- [et_pb_line_break_holder] -->            } else {<!-- [et_pb_line_break_holder] -->                $(this).text('Cerrar');<!-- [et_pb_line_break_holder] -->            }<!-- [et_pb_line_break_holder] -->        });<!-- [et_pb_line_break_holder] -->    });<!-- [et_pb_line_break_holder] -->})(jQuery);<\/script><\/pee>\n<!-- [et_pb_line_break_holder] -->[\/et_pb_code][\/et_pb_column][et_pb_column type=&#8220;1_2&#8243; _builder_version=&#8220;4.6.3&#8243; _module_preset=&#8220;default&#8220; custom_padding=&#8220;||||false|false&#8220; custom_padding_tablet=&#8220;20px||||false|false&#8220; custom_padding_phone=&#8220;&#8220; custom_padding_last_edited=&#8220;on|phone&#8220;][et_pb_image src=&#8220;https:\/\/www.susanaurbanointeriors.com\/wp-content\/uploads\/2020\/12\/lockin_prensa.jpg&#8220; alt=&#8220;Marbella Design Fair&#8220; title_text=&#8220;lockin_prensa&#8220; url=&#8220;http:\/\/www.marbelladesignfair.com\/marbella-design-edicion-2020\/&#8220; url_new_window=&#8220;on&#8220; _builder_version=&#8220;4.6.3&#8243; _module_preset=&#8220;default&#8220;][\/et_pb_image][et_pb_text _builder_version=&#8220;4.6.3&#8243; _module_preset=&#8220;default&#8220; text_font=&#8220;|300|||||||&#8220; text_font_size=&#8220;17px&#8220; header_3_font=&#8220;|300|||||||&#8220; header_3_font_size=&#8220;32px&#8220; custom_margin=&#8220;||10px||false|false&#8220; link_option_url=&#8220;http:\/\/www.marbelladesignfair.com\/marbella-design-edicion-2020\/&#8220; link_option_url_new_window=&#8220;on&#8220; text_font_size_tablet=&#8220;&#8220; text_font_size_phone=&#8220;14px&#8220; text_font_size_last_edited=&#8220;on|phone&#8220; header_3_font_size_tablet=&#8220;&#8220; header_3_font_size_phone=&#8220;28px&#8220; header_3_font_size_last_edited=&#8220;on|phone&#8220; locked=&#8220;off&#8220;]<\/p>\n<h3>Marbella Design Fair<\/h3>\n<p>[\/et_pb_text][et_pb_button button_url=&#8220;http:\/\/www.marbelladesignfair.com\/marbella-design-edicion-2020\/&#8220; url_new_window=&#8220;on&#8220; button_text=&#8220;Weitere Details&#8220; button_alignment=&#8220;right&#8220; _builder_version=&#8220;4.6.3&#8243; _module_preset=&#8220;7755be51-a3a9-450c-8978-2c05c27b52a8&#8243; custom_button=&#8220;on&#8220; custom_margin=&#8220;||||false|false&#8220; custom_margin_phone=&#8220;0px||||false|false&#8220; custom_margin_last_edited=&#8220;off|desktop&#8220; locked=&#8220;off&#8220;][\/et_pb_button][\/et_pb_column][\/et_pb_row][et_pb_row column_structure=&#8220;1_2,1_2&#8243; use_custom_gutter=&#8220;on&#8220; gutter_width=&#8220;4&#8243; custom_padding_last_edited=&#8220;on|tablet&#8220; _builder_version=&#8220;4.6.3&#8243; _module_preset=&#8220;default&#8220; max_width_tablet=&#8220;500px&#8220; max_width_phone=&#8220;&#8220; max_width_last_edited=&#8220;on|phone&#8220; custom_margin_tablet=&#8220;||||false|false&#8220; custom_margin_phone=&#8220;&#8220; custom_margin_last_edited=&#8220;on|tablet&#8220; custom_padding=&#8220;40px||40px||true|false&#8220; custom_padding_tablet=&#8220;40px||40px||false|false&#8220; custom_padding_phone=&#8220;&#8220; locked=&#8220;off&#8220;][et_pb_column type=&#8220;1_2&#8243; _builder_version=&#8220;4.6.3&#8243; _module_preset=&#8220;default&#8220; custom_padding_tablet=&#8220;||||false|false&#8220; custom_padding_last_edited=&#8220;off|tablet&#8220;][et_pb_video src=&#8220;https:\/\/www.youtube.com\/watch?v=AfKGGyC1b0Q&#038;ab_channel=Women%27sWorldShowTV&#8220; image_src=&#8220;https:\/\/www.susanaurbanointeriors.com\/wp-content\/uploads\/2020\/11\/SusanaUrbano_01@2x.jpg&#8220; thumbnail_overlay_color=&#8220;rgba(0,0,0,0.6)&#8220; _builder_version=&#8220;4.6.3&#8243; _module_preset=&#8220;default&#8220; locked=&#8220;off&#8220;][\/et_pb_video][et_pb_text _builder_version=&#8220;4.6.3&#8243; _module_preset=&#8220;default&#8220; text_font=&#8220;|300|||||||&#8220; text_font_size=&#8220;17px&#8220; header_3_font=&#8220;|300|||||||&#8220; header_3_font_size=&#8220;32px&#8220; custom_margin=&#8220;||10px||false|false&#8220; link_option_url=&#8220;https:\/\/www.youtube.com\/watch?v=AfKGGyC1b0Q&amp;ab_channel=Women%27sWorldShowTV&#8220; link_option_url_new_window=&#8220;on&#8220; text_font_size_tablet=&#8220;&#8220; text_font_size_phone=&#8220;14px&#8220; text_font_size_last_edited=&#8220;on|phone&#8220; header_3_font_size_tablet=&#8220;&#8220; header_3_font_size_phone=&#8220;28px&#8220; header_3_font_size_last_edited=&#8220;on|phone&#8220; locked=&#8220;off&#8220;]<\/p>\n<h3>Clara Kronburg<\/h3>\n<p>[\/et_pb_text][et_pb_button button_url=&#8220;https:\/\/www.youtube.com\/watch?v=AfKGGyC1b0Q&amp;ab_channel=Women%27sWorldShowTV&#8220; url_new_window=&#8220;on&#8220; button_text=&#8220;Weitere Details&#8220; button_alignment=&#8220;right&#8220; _builder_version=&#8220;4.6.3&#8243; _module_preset=&#8220;7755be51-a3a9-450c-8978-2c05c27b52a8&#8243; custom_button=&#8220;on&#8220; custom_margin=&#8220;||||false|false&#8220; custom_margin_phone=&#8220;0px||||false|false&#8220; custom_margin_last_edited=&#8220;off|desktop&#8220; locked=&#8220;off&#8220;][\/et_pb_button][et_pb_code _builder_version=&#8220;4.6.2&#8243; _module_preset=&#8220;default&#8220;]<pee><script>(function($) {<!-- [et_pb_line_break_holder] -->    $(document).ready(function(){<!-- [et_pb_line_break_holder] -->        $('.et-readmore-toggle .et_pb_toggle_title').on('click', function(e) {<!-- [et_pb_line_break_holder] -->            if ($(e.target).closest('.et-readmore-toggle').hasClass('et_pb_toggle_open')) {<!-- [et_pb_line_break_holder] -->                $(this).text('Saber m\u00e1s');<!-- [et_pb_line_break_holder] -->            } else {<!-- [et_pb_line_break_holder] -->                $(this).text('Cerrar');<!-- [et_pb_line_break_holder] -->            }<!-- [et_pb_line_break_holder] -->        });<!-- [et_pb_line_break_holder] -->    });<!-- [et_pb_line_break_holder] -->})(jQuery);<\/script><\/pee>\n<!-- [et_pb_line_break_holder] -->[\/et_pb_code][\/et_pb_column][et_pb_column type=&#8220;1_2&#8243; _builder_version=&#8220;4.6.3&#8243; _module_preset=&#8220;default&#8220; custom_padding=&#8220;||||false|false&#8220; custom_padding_tablet=&#8220;20px||||false|false&#8220; custom_padding_phone=&#8220;&#8220; custom_padding_last_edited=&#8220;on|phone&#8220;][et_pb_video src=&#8220;https:\/\/youtu.be\/ng67NnYy2fQ&#8220; image_src=&#8220;https:\/\/www.susanaurbanointeriors.com\/wp-content\/uploads\/2020\/11\/SusanaUrbano_-3@2x.jpg&#8220; thumbnail_overlay_color=&#8220;rgba(0,0,0,0.6)&#8220; _builder_version=&#8220;4.6.3&#8243; _module_preset=&#8220;default&#8220; locked=&#8220;off&#8220;][\/et_pb_video][et_pb_text _builder_version=&#8220;4.6.3&#8243; _module_preset=&#8220;default&#8220; text_font=&#8220;|300|||||||&#8220; text_font_size=&#8220;17px&#8220; header_3_font=&#8220;|300|||||||&#8220; header_3_font_size=&#8220;32px&#8220; custom_margin=&#8220;||10px||false|false&#8220; link_option_url=&#8220;https:\/\/youtu.be\/ng67NnYy2fQ&#8220; link_option_url_new_window=&#8220;on&#8220; text_font_size_tablet=&#8220;&#8220; text_font_size_phone=&#8220;14px&#8220; text_font_size_last_edited=&#8220;on|phone&#8220; header_3_font_size_tablet=&#8220;&#8220; header_3_font_size_phone=&#8220;28px&#8220; header_3_font_size_last_edited=&#8220;on|phone&#8220; locked=&#8220;off&#8220;]<\/p>\n<h3>Hager<\/h3>\n<p>[\/et_pb_text][et_pb_button button_url=&#8220;https:\/\/youtu.be\/ng67NnYy2fQ&#8220; url_new_window=&#8220;on&#8220; button_text=&#8220;Weitere Details&#8220; button_alignment=&#8220;right&#8220; _builder_version=&#8220;4.6.3&#8243; _module_preset=&#8220;7755be51-a3a9-450c-8978-2c05c27b52a8&#8243; custom_button=&#8220;on&#8220; custom_margin=&#8220;||||false|false&#8220; custom_margin_phone=&#8220;0px||||false|false&#8220; custom_margin_last_edited=&#8220;off|desktop&#8220; locked=&#8220;off&#8220;][\/et_pb_button][\/et_pb_column][\/et_pb_row][et_pb_row column_structure=&#8220;1_2,1_2&#8243; use_custom_gutter=&#8220;on&#8220; gutter_width=&#8220;4&#8243; custom_padding_last_edited=&#8220;on|tablet&#8220; _builder_version=&#8220;4.6.3&#8243; _module_preset=&#8220;default&#8220; max_width_tablet=&#8220;500px&#8220; max_width_phone=&#8220;&#8220; max_width_last_edited=&#8220;on|phone&#8220; custom_margin_tablet=&#8220;||||false|false&#8220; custom_margin_phone=&#8220;&#8220; custom_margin_last_edited=&#8220;on|tablet&#8220; custom_padding=&#8220;40px||40px||true|false&#8220; custom_padding_tablet=&#8220;40px||40px||false|false&#8220; custom_padding_phone=&#8220;&#8220; locked=&#8220;off&#8220;][et_pb_column type=&#8220;1_2&#8243; _builder_version=&#8220;4.6.3&#8243; _module_preset=&#8220;default&#8220; custom_padding_tablet=&#8220;||||false|false&#8220; custom_padding_last_edited=&#8220;off|tablet&#8220;][et_pb_image src=&#8220;https:\/\/www.susanaurbanointeriors.com\/wp-content\/uploads\/2020\/11\/SusanaUrbano_01-compressed.jpg&#8220; alt=&#8220;Moove magazine&#8220; url=&#8220;https:\/\/moovemag.com\/2020\/10\/marbella-design-2020-sus-mejores-interiores\/&#8220; url_new_window=&#8220;on&#8220; _builder_version=&#8220;4.6.3&#8243; _module_preset=&#8220;default&#8220;][\/et_pb_image][et_pb_text _builder_version=&#8220;4.6.3&#8243; _module_preset=&#8220;default&#8220; text_font=&#8220;|300|||||||&#8220; text_font_size=&#8220;17px&#8220; header_3_font=&#8220;|300|||||||&#8220; header_3_font_size=&#8220;32px&#8220; custom_margin=&#8220;||10px||false|false&#8220; link_option_url=&#8220;https:\/\/moovemag.com\/2020\/10\/marbella-design-2020-sus-mejores-interiores\/&#8220; link_option_url_new_window=&#8220;on&#8220; text_font_size_tablet=&#8220;&#8220; text_font_size_phone=&#8220;14px&#8220; text_font_size_last_edited=&#8220;on|phone&#8220; header_3_font_size_tablet=&#8220;&#8220; header_3_font_size_phone=&#8220;28px&#8220; header_3_font_size_last_edited=&#8220;on|phone&#8220;]<\/p>\n<h3>Moove magazine<\/h3>\n<p>[\/et_pb_text][et_pb_button button_url=&#8220;https:\/\/moovemag.com\/2020\/10\/marbella-design-2020-sus-mejores-interiores\/&#8220; url_new_window=&#8220;on&#8220; button_text=&#8220;Weitere Details&#8220; button_alignment=&#8220;right&#8220; _builder_version=&#8220;4.6.3&#8243; _module_preset=&#8220;7755be51-a3a9-450c-8978-2c05c27b52a8&#8243; custom_button=&#8220;on&#8220; custom_margin=&#8220;||||false|false&#8220; custom_margin_phone=&#8220;0px||||false|false&#8220; custom_margin_last_edited=&#8220;off|desktop&#8220; locked=&#8220;off&#8220;][\/et_pb_button][et_pb_code _builder_version=&#8220;4.6.2&#8243; _module_preset=&#8220;default&#8220;]<pee><script>(function($) {<!-- [et_pb_line_break_holder] -->    $(document).ready(function(){<!-- [et_pb_line_break_holder] -->        $('.et-readmore-toggle .et_pb_toggle_title').on('click', function(e) {<!-- [et_pb_line_break_holder] -->            if ($(e.target).closest('.et-readmore-toggle').hasClass('et_pb_toggle_open')) {<!-- [et_pb_line_break_holder] -->                $(this).text('Saber m\u00e1s');<!-- [et_pb_line_break_holder] -->            } else {<!-- [et_pb_line_break_holder] -->                $(this).text('Cerrar');<!-- [et_pb_line_break_holder] -->            }<!-- [et_pb_line_break_holder] -->        });<!-- [et_pb_line_break_holder] -->    });<!-- [et_pb_line_break_holder] -->})(jQuery);<\/script><\/pee>\n<!-- [et_pb_line_break_holder] -->[\/et_pb_code][\/et_pb_column][et_pb_column type=&#8220;1_2&#8243; _builder_version=&#8220;4.6.3&#8243; _module_preset=&#8220;default&#8220; custom_padding=&#8220;||||false|false&#8220; custom_padding_tablet=&#8220;20px||||false|false&#8220; custom_padding_phone=&#8220;&#8220; custom_padding_last_edited=&#8220;on|phone&#8220;][et_pb_image src=&#8220;https:\/\/www.susanaurbanointeriors.com\/wp-content\/uploads\/2020\/11\/marbelladesign2019_01-1.jpg&#8220; alt=&#8220;Revista AD&#8220; url=&#8220;https:\/\/www.revistaad.es\/decoracion\/articulos\/marbella-se-reinventa-por-tercer-ano-como-capital-del-diseno\/26440&#8243; url_new_window=&#8220;on&#8220; _builder_version=&#8220;4.6.3&#8243; _module_preset=&#8220;default&#8220;][\/et_pb_image][et_pb_text _builder_version=&#8220;4.6.3&#8243; _module_preset=&#8220;default&#8220; text_font=&#8220;|300|||||||&#8220; text_font_size=&#8220;17px&#8220; header_3_font=&#8220;|300|||||||&#8220; header_3_font_size=&#8220;32px&#8220; custom_margin=&#8220;||10px||false|false&#8220; link_option_url=&#8220;https:\/\/www.revistaad.es\/decoracion\/articulos\/marbella-se-reinventa-por-tercer-ano-como-capital-del-diseno\/26440&#8243; link_option_url_new_window=&#8220;on&#8220; text_font_size_tablet=&#8220;&#8220; text_font_size_phone=&#8220;14px&#8220; text_font_size_last_edited=&#8220;on|phone&#8220; header_3_font_size_tablet=&#8220;&#8220; header_3_font_size_phone=&#8220;28px&#8220; header_3_font_size_last_edited=&#8220;on|phone&#8220; locked=&#8220;off&#8220;]<\/p>\n<h3>Magazine AD<\/h3>\n<p>[\/et_pb_text][et_pb_button button_url=&#8220;https:\/\/www.revistaad.es\/decoracion\/articulos\/marbella-se-reinventa-por-tercer-ano-como-capital-del-diseno\/26440&#8243; url_new_window=&#8220;on&#8220; button_text=&#8220;Weitere Details&#8220; button_alignment=&#8220;right&#8220; _builder_version=&#8220;4.6.3&#8243; _module_preset=&#8220;7755be51-a3a9-450c-8978-2c05c27b52a8&#8243; custom_button=&#8220;on&#8220; custom_margin=&#8220;||||false|false&#8220; custom_margin_phone=&#8220;0px||||false|false&#8220; custom_margin_last_edited=&#8220;off|desktop&#8220; locked=&#8220;off&#8220;][\/et_pb_button][\/et_pb_column][\/et_pb_row][et_pb_row column_structure=&#8220;1_2,1_2&#8243; use_custom_gutter=&#8220;on&#8220; gutter_width=&#8220;4&#8243; custom_padding_last_edited=&#8220;on|tablet&#8220; _builder_version=&#8220;4.6.3&#8243; _module_preset=&#8220;default&#8220; max_width_tablet=&#8220;500px&#8220; max_width_phone=&#8220;&#8220; max_width_last_edited=&#8220;on|phone&#8220; custom_margin_tablet=&#8220;||||false|false&#8220; custom_margin_phone=&#8220;&#8220; custom_margin_last_edited=&#8220;on|tablet&#8220; custom_padding=&#8220;40px||40px||true|false&#8220; custom_padding_tablet=&#8220;40px||40px||false|false&#8220; custom_padding_phone=&#8220;&#8220; locked=&#8220;off&#8220;][et_pb_column type=&#8220;1_2&#8243; _builder_version=&#8220;4.6.3&#8243; _module_preset=&#8220;default&#8220; custom_padding_tablet=&#8220;||||false|false&#8220; custom_padding_last_edited=&#8220;off|tablet&#8220;][et_pb_image src=&#8220;https:\/\/www.susanaurbanointeriors.com\/wp-content\/uploads\/2020\/11\/SusanaUrbano_-41-1.jpg&#8220; alt=&#8220;Interior Design Masterclass&#8220; url=&#8220;https:\/\/www.interiordesignmasterclass.es\/blog\/entrevistamosasusanaurbano&#8220; url_new_window=&#8220;on&#8220; _builder_version=&#8220;4.6.3&#8243; _module_preset=&#8220;default&#8220;][\/et_pb_image][et_pb_text _builder_version=&#8220;4.6.3&#8243; _module_preset=&#8220;default&#8220; text_font=&#8220;|300|||||||&#8220; text_font_size=&#8220;17px&#8220; header_3_font=&#8220;|300|||||||&#8220; header_3_font_size=&#8220;32px&#8220; custom_margin=&#8220;||10px||false|false&#8220; link_option_url=&#8220;https:\/\/www.interiordesignmasterclass.es\/blog\/entrevistamosasusanaurbano&#8220; link_option_url_new_window=&#8220;on&#8220; text_font_size_tablet=&#8220;&#8220; text_font_size_phone=&#8220;14px&#8220; text_font_size_last_edited=&#8220;on|phone&#8220; header_3_font_size_tablet=&#8220;&#8220; header_3_font_size_phone=&#8220;28px&#8220; header_3_font_size_last_edited=&#8220;on|phone&#8220;]<\/p>\n<h3>Interior Design Masterclass<\/h3>\n<p>[\/et_pb_text][et_pb_button button_url=&#8220;https:\/\/www.interiordesignmasterclass.es\/blog\/entrevistamosasusanaurbano&#8220; url_new_window=&#8220;on&#8220; button_text=&#8220;Weitere Details&#8220; button_alignment=&#8220;right&#8220; _builder_version=&#8220;4.6.3&#8243; _module_preset=&#8220;7755be51-a3a9-450c-8978-2c05c27b52a8&#8243; custom_button=&#8220;on&#8220; custom_margin=&#8220;||||false|false&#8220; custom_margin_phone=&#8220;0px||||false|false&#8220; custom_margin_last_edited=&#8220;off|desktop&#8220; custom_padding=&#8220;|40px||20px|false|false&#8220; custom_padding_tablet=&#8220;|||18px|false|false&#8220; custom_padding_phone=&#8220;&#8220; custom_padding_last_edited=&#8220;on|tablet&#8220; locked=&#8220;off&#8220;][\/et_pb_button][et_pb_code _builder_version=&#8220;4.6.2&#8243; _module_preset=&#8220;default&#8220;]<pee><script>(function($) {<!-- [et_pb_line_break_holder] -->    $(document).ready(function(){<!-- [et_pb_line_break_holder] -->        $('.et-readmore-toggle .et_pb_toggle_title').on('click', function(e) {<!-- [et_pb_line_break_holder] -->            if ($(e.target).closest('.et-readmore-toggle').hasClass('et_pb_toggle_open')) {<!-- [et_pb_line_break_holder] -->                $(this).text('Saber m\u00e1s');<!-- [et_pb_line_break_holder] -->            } else {<!-- [et_pb_line_break_holder] -->                $(this).text('Cerrar');<!-- [et_pb_line_break_holder] -->            }<!-- [et_pb_line_break_holder] -->        });<!-- [et_pb_line_break_holder] -->    });<!-- [et_pb_line_break_holder] -->})(jQuery);<\/script><\/pee>\n<!-- [et_pb_line_break_holder] -->[\/et_pb_code][\/et_pb_column][et_pb_column type=&#8220;1_2&#8243; _builder_version=&#8220;4.6.3&#8243; _module_preset=&#8220;default&#8220; custom_padding=&#8220;||||false|false&#8220; custom_padding_tablet=&#8220;20px||||false|false&#8220; custom_padding_phone=&#8220;&#8220; custom_padding_last_edited=&#8220;on|phone&#8220;][et_pb_image src=&#8220;https:\/\/www.susanaurbanointeriors.com\/wp-content\/uploads\/2020\/11\/SusanaUrbano_40-2.jpg&#8220; alt=&#8220;Design Marbella&#8220; url=&#8220;https:\/\/www.designmarbella.com\/&#8220; url_new_window=&#8220;on&#8220; _builder_version=&#8220;4.6.3&#8243; _module_preset=&#8220;default&#8220; locked=&#8220;off&#8220;][\/et_pb_image][et_pb_text _builder_version=&#8220;4.6.3&#8243; _module_preset=&#8220;default&#8220; text_font=&#8220;|300|||||||&#8220; text_font_size=&#8220;17px&#8220; header_3_font=&#8220;|300|||||||&#8220; header_3_font_size=&#8220;32px&#8220; custom_margin=&#8220;||10px||false|false&#8220; link_option_url=&#8220;https:\/\/www.designmarbella.com\/&#8220; link_option_url_new_window=&#8220;on&#8220; text_font_size_tablet=&#8220;&#8220; text_font_size_phone=&#8220;14px&#8220; text_font_size_last_edited=&#8220;on|phone&#8220; header_3_font_size_tablet=&#8220;&#8220; header_3_font_size_phone=&#8220;28px&#8220; header_3_font_size_last_edited=&#8220;on|phone&#8220; locked=&#8220;off&#8220;]<\/p>\n<h3>Design Marbella Magazine<\/h3>\n<p>[\/et_pb_text][et_pb_button button_url=&#8220;https:\/\/www.designmarbella.com\/&#8220; url_new_window=&#8220;on&#8220; button_text=&#8220;Weitere Details&#8220; button_alignment=&#8220;right&#8220; _builder_version=&#8220;4.6.3&#8243; _module_preset=&#8220;7755be51-a3a9-450c-8978-2c05c27b52a8&#8243; custom_button=&#8220;on&#8220; custom_margin=&#8220;||||false|false&#8220; custom_margin_phone=&#8220;0px||||false|false&#8220; custom_margin_last_edited=&#8220;off|desktop&#8220; locked=&#8220;off&#8220;][\/et_pb_button][\/et_pb_column][\/et_pb_row][\/et_pb_section]<\/p>\n","protected":false},"excerpt":{"rendered":"<p>Ich bin Susana Urbano. Ich bin Interior Designerin und ich liebe es R\u00e4ume mit viel Pers\u00f6nlichkeit f\u00fcr besondere H\u00e4user zu kreieren.SusanaIch wurde in Spanien geboren, und studierte BWL an der \u201eUniversidad Complutense de Madrid\u201c sowie an der \u201eLondon School of Economics\u201c. Ich spreche flie\u00dfend spanisch, englisch und deutsch.Anschlie\u00dfend begann ich meine Karriere im Finanzsektor von [&hellip;]<\/p>\n","protected":false},"author":1,"featured_media":0,"parent":0,"menu_order":0,"comment_status":"closed","ping_status":"closed","template":"","meta":{"_et_pb_use_builder":"on","_et_pb_old_content":"","_et_gb_content_width":"","inline_featured_image":false,"footnotes":""},"class_list":["post-3957","page","type-page","status-publish","hentry"],"yoast_head":"<!-- This site is optimized with the Yoast SEO plugin v27.0 - https:\/\/yoast.com\/product\/yoast-seo-wordpress\/ -->\n<title>Ich bin Susana Urbano \u2013 Designerin exklusiver Innenr\u00e4ume mit Charakter<\/title>\n<meta name=\"description\" content=\"Ich bin Susana Urbano, Innenarchitektin und Gestalterin von R\u00e4umen f\u00fcr exklusive H\u00e4user voller Pers\u00f6nlichkeit.\" \/>\n<meta name=\"robots\" content=\"noindex, follow\" \/>\n<meta property=\"og:locale\" content=\"de_DE\" \/>\n<meta property=\"og:type\" content=\"article\" \/>\n<meta property=\"og:title\" content=\"Ich bin Susana Urbano \u2013 Designerin exklusiver Innenr\u00e4ume mit Charakter\" \/>\n<meta property=\"og:description\" content=\"Ich bin Susana Urbano, Innenarchitektin und Gestalterin von R\u00e4umen f\u00fcr exklusive H\u00e4user voller Pers\u00f6nlichkeit.\" \/>\n<meta property=\"og:url\" content=\"https:\/\/www.susanaurbanointeriors.com\/de\/ueber-mich\/\" \/>\n<meta property=\"og:site_name\" content=\"Susana Urbano Interiors\" \/>\n<meta property=\"article:modified_time\" content=\"2023-12-18T16:30:46+00:00\" \/>\n<meta name=\"twitter:card\" content=\"summary_large_image\" \/>\n<meta name=\"twitter:label1\" content=\"Gesch\u00e4tzte Lesezeit\" \/>\n\t<meta name=\"twitter:data1\" content=\"24\u00a0Minuten\" \/>\n<script type=\"application\/ld+json\" class=\"yoast-schema-graph\">{\"@context\":\"https:\/\/schema.org\",\"@graph\":[{\"@type\":\"WebPage\",\"@id\":\"https:\/\/www.susanaurbanointeriors.com\/de\/ueber-mich\/\",\"url\":\"https:\/\/www.susanaurbanointeriors.com\/de\/ueber-mich\/\",\"name\":\"Ich bin Susana Urbano \u2013 Designerin exklusiver Innenr\u00e4ume mit Charakter\",\"isPartOf\":{\"@id\":\"https:\/\/www.susanaurbanointeriors.com\/de\/#website\"},\"datePublished\":\"2020-11-27T12:28:43+00:00\",\"dateModified\":\"2023-12-18T16:30:46+00:00\",\"description\":\"Ich bin Susana Urbano, Innenarchitektin und Gestalterin von R\u00e4umen f\u00fcr exklusive H\u00e4user voller Pers\u00f6nlichkeit.\",\"breadcrumb\":{\"@id\":\"https:\/\/www.susanaurbanointeriors.com\/de\/ueber-mich\/#breadcrumb\"},\"inLanguage\":\"de\",\"potentialAction\":[{\"@type\":\"ReadAction\",\"target\":[\"https:\/\/www.susanaurbanointeriors.com\/de\/ueber-mich\/\"]}]},{\"@type\":\"BreadcrumbList\",\"@id\":\"https:\/\/www.susanaurbanointeriors.com\/de\/ueber-mich\/#breadcrumb\",\"itemListElement\":[{\"@type\":\"ListItem\",\"position\":1,\"name\":\"Portada\",\"item\":\"https:\/\/www.susanaurbanointeriors.com\/de\/\"},{\"@type\":\"ListItem\",\"position\":2,\"name\":\"\u00dcber mich\"}]},{\"@type\":\"WebSite\",\"@id\":\"https:\/\/www.susanaurbanointeriors.com\/de\/#website\",\"url\":\"https:\/\/www.susanaurbanointeriors.com\/de\/\",\"name\":\"Susana Urbano Interiors\",\"description\":\"\",\"publisher\":{\"@id\":\"https:\/\/www.susanaurbanointeriors.com\/de\/#organization\"},\"potentialAction\":[{\"@type\":\"SearchAction\",\"target\":{\"@type\":\"EntryPoint\",\"urlTemplate\":\"https:\/\/www.susanaurbanointeriors.com\/de\/?s={search_term_string}\"},\"query-input\":{\"@type\":\"PropertyValueSpecification\",\"valueRequired\":true,\"valueName\":\"search_term_string\"}}],\"inLanguage\":\"de\"},{\"@type\":\"Organization\",\"@id\":\"https:\/\/www.susanaurbanointeriors.com\/de\/#organization\",\"name\":\"Susana Urbano Interior Design\",\"url\":\"https:\/\/www.susanaurbanointeriors.com\/de\/\",\"logo\":{\"@type\":\"ImageObject\",\"inLanguage\":\"de\",\"@id\":\"https:\/\/www.susanaurbanointeriors.com\/de\/#\/schema\/logo\/image\/\",\"url\":\"https:\/\/www.susanaurbanointeriors.com\/wp-content\/uploads\/2020\/09\/Grupo-2668.png\",\"contentUrl\":\"https:\/\/www.susanaurbanointeriors.com\/wp-content\/uploads\/2020\/09\/Grupo-2668.png\",\"width\":3826,\"height\":949,\"caption\":\"Susana Urbano Interior Design\"},\"image\":{\"@id\":\"https:\/\/www.susanaurbanointeriors.com\/de\/#\/schema\/logo\/image\/\"}}]}<\/script>\n<!-- \/ Yoast SEO plugin. -->","yoast_head_json":{"title":"Ich bin Susana Urbano \u2013 Designerin exklusiver Innenr\u00e4ume mit Charakter","description":"Ich bin Susana Urbano, Innenarchitektin und Gestalterin von R\u00e4umen f\u00fcr exklusive H\u00e4user voller Pers\u00f6nlichkeit.","robots":{"index":"noindex","follow":"follow"},"og_locale":"de_DE","og_type":"article","og_title":"Ich bin Susana Urbano \u2013 Designerin exklusiver Innenr\u00e4ume mit Charakter","og_description":"Ich bin Susana Urbano, Innenarchitektin und Gestalterin von R\u00e4umen f\u00fcr exklusive H\u00e4user voller Pers\u00f6nlichkeit.","og_url":"https:\/\/www.susanaurbanointeriors.com\/de\/ueber-mich\/","og_site_name":"Susana Urbano Interiors","article_modified_time":"2023-12-18T16:30:46+00:00","twitter_card":"summary_large_image","twitter_misc":{"Gesch\u00e4tzte Lesezeit":"24\u00a0Minuten"},"schema":{"@context":"https:\/\/schema.org","@graph":[{"@type":"WebPage","@id":"https:\/\/www.susanaurbanointeriors.com\/de\/ueber-mich\/","url":"https:\/\/www.susanaurbanointeriors.com\/de\/ueber-mich\/","name":"Ich bin Susana Urbano \u2013 Designerin exklusiver Innenr\u00e4ume mit Charakter","isPartOf":{"@id":"https:\/\/www.susanaurbanointeriors.com\/de\/#website"},"datePublished":"2020-11-27T12:28:43+00:00","dateModified":"2023-12-18T16:30:46+00:00","description":"Ich bin Susana Urbano, Innenarchitektin und Gestalterin von R\u00e4umen f\u00fcr exklusive H\u00e4user voller Pers\u00f6nlichkeit.","breadcrumb":{"@id":"https:\/\/www.susanaurbanointeriors.com\/de\/ueber-mich\/#breadcrumb"},"inLanguage":"de","potentialAction":[{"@type":"ReadAction","target":["https:\/\/www.susanaurbanointeriors.com\/de\/ueber-mich\/"]}]},{"@type":"BreadcrumbList","@id":"https:\/\/www.susanaurbanointeriors.com\/de\/ueber-mich\/#breadcrumb","itemListElement":[{"@type":"ListItem","position":1,"name":"Portada","item":"https:\/\/www.susanaurbanointeriors.com\/de\/"},{"@type":"ListItem","position":2,"name":"\u00dcber mich"}]},{"@type":"WebSite","@id":"https:\/\/www.susanaurbanointeriors.com\/de\/#website","url":"https:\/\/www.susanaurbanointeriors.com\/de\/","name":"Susana Urbano Interiors","description":"","publisher":{"@id":"https:\/\/www.susanaurbanointeriors.com\/de\/#organization"},"potentialAction":[{"@type":"SearchAction","target":{"@type":"EntryPoint","urlTemplate":"https:\/\/www.susanaurbanointeriors.com\/de\/?s={search_term_string}"},"query-input":{"@type":"PropertyValueSpecification","valueRequired":true,"valueName":"search_term_string"}}],"inLanguage":"de"},{"@type":"Organization","@id":"https:\/\/www.susanaurbanointeriors.com\/de\/#organization","name":"Susana Urbano Interior Design","url":"https:\/\/www.susanaurbanointeriors.com\/de\/","logo":{"@type":"ImageObject","inLanguage":"de","@id":"https:\/\/www.susanaurbanointeriors.com\/de\/#\/schema\/logo\/image\/","url":"https:\/\/www.susanaurbanointeriors.com\/wp-content\/uploads\/2020\/09\/Grupo-2668.png","contentUrl":"https:\/\/www.susanaurbanointeriors.com\/wp-content\/uploads\/2020\/09\/Grupo-2668.png","width":3826,"height":949,"caption":"Susana Urbano Interior Design"},"image":{"@id":"https:\/\/www.susanaurbanointeriors.com\/de\/#\/schema\/logo\/image\/"}}]}},"_links":{"self":[{"href":"https:\/\/www.susanaurbanointeriors.com\/de\/wp-json\/wp\/v2\/pages\/3957","targetHints":{"allow":["GET"]}}],"collection":[{"href":"https:\/\/www.susanaurbanointeriors.com\/de\/wp-json\/wp\/v2\/pages"}],"about":[{"href":"https:\/\/www.susanaurbanointeriors.com\/de\/wp-json\/wp\/v2\/types\/page"}],"author":[{"embeddable":true,"href":"https:\/\/www.susanaurbanointeriors.com\/de\/wp-json\/wp\/v2\/users\/1"}],"replies":[{"embeddable":true,"href":"https:\/\/www.susanaurbanointeriors.com\/de\/wp-json\/wp\/v2\/comments?post=3957"}],"version-history":[{"count":74,"href":"https:\/\/www.susanaurbanointeriors.com\/de\/wp-json\/wp\/v2\/pages\/3957\/revisions"}],"predecessor-version":[{"id":8186,"href":"https:\/\/www.susanaurbanointeriors.com\/de\/wp-json\/wp\/v2\/pages\/3957\/revisions\/8186"}],"wp:attachment":[{"href":"https:\/\/www.susanaurbanointeriors.com\/de\/wp-json\/wp\/v2\/media?parent=3957"}],"curies":[{"name":"wp","href":"https:\/\/api.w.org\/{rel}","templated":true}]}}