{"id":3981,"date":"2020-11-27T13:07:19","date_gmt":"2020-11-27T13:07:19","guid":{"rendered":"https:\/\/www.susanaurbanointeriors.com\/mein-prozess\/"},"modified":"2023-12-18T16:32:02","modified_gmt":"2023-12-18T16:32:02","slug":"wie-ich-arbeite","status":"publish","type":"page","link":"https:\/\/www.susanaurbanointeriors.com\/de\/wie-ich-arbeite\/","title":{"rendered":"Wie ich arbeite"},"content":{"rendered":"<p>[et_pb_section fb_built=&#8220;1&#8243; _builder_version=&#8220;4.6.3&#8243; _module_preset=&#8220;default&#8220; background_enable_image=&#8220;off&#8220; background_size=&#8220;initial&#8220; background_position=&#8220;top_right&#8220; custom_margin=&#8220;50px||||false|false&#8220; custom_css_main_element_last_edited=&#8220;on|phone&#8220; custom_css_main_element_tablet=&#8220;background-size:280px !important&#8220; custom_css_main_element_phone=&#8220;background-size:150px !important&#8220;][et_pb_row _builder_version=&#8220;4.6.3&#8243; _module_preset=&#8220;default&#8220;][et_pb_column type=&#8220;4_4&#8243; _builder_version=&#8220;4.6.3&#8243; _module_preset=&#8220;default&#8220;][et_pb_text _builder_version=&#8220;4.6.3&#8243; _module_preset=&#8220;default&#8220; text_font=&#8220;|300|||||||&#8220; text_text_color=&#8220;#ffffff&#8220; text_font_size=&#8220;60px&#8220; text_letter_spacing=&#8220;-1.5px&#8220; text_line_height=&#8220;1.3em&#8220; header_font=&#8220;|300|||||||&#8220; header_text_color=&#8220;#ffffff&#8220; header_font_size=&#8220;60px&#8220; header_letter_spacing=&#8220;-1.5px&#8220; header_line_height=&#8220;0.9em&#8220; background_color=&#8220;#67737D&#8220; text_orientation=&#8220;center&#8220; max_width=&#8220;300px&#8220; module_alignment=&#8220;right&#8220; custom_margin=&#8220;||||false|false&#8220; custom_padding=&#8220;||||false|false&#8220; header_font_size_last_edited=&#8220;off|desktop&#8220;]<\/p>\n<h1>Wie ich arbeite<\/h1>\n<p>[\/et_pb_text][\/et_pb_column][\/et_pb_row][et_pb_row _builder_version=&#8220;4.6.3&#8243; _module_preset=&#8220;default&#8220; max_width=&#8220;900px&#8220; custom_margin=&#8220;40px||||false|false&#8220; animation_style=&#8220;slide&#8220; animation_direction=&#8220;bottom&#8220;][et_pb_column type=&#8220;4_4&#8243; _builder_version=&#8220;4.6.1&#8243; _module_preset=&#8220;default&#8220;][et_pb_text _builder_version=&#8220;4.6.3&#8243; _module_preset=&#8220;default&#8220; text_font=&#8220;|300|||||||&#8220; text_text_color=&#8220;#414141&#8243; text_font_size=&#8220;36px&#8220; text_letter_spacing=&#8220;-1.5px&#8220; text_line_height=&#8220;1.4em&#8220; text_orientation=&#8220;justified&#8220; max_width=&#8220;745px&#8220; module_alignment=&#8220;left&#8220; text_font_size_tablet=&#8220;&#8220; text_font_size_phone=&#8220;22px&#8220; text_font_size_last_edited=&#8220;on|phone&#8220;]<\/p>\n<p>Es ist sehr wichtig meinen Kunden aufmerksam zuzuh\u00f6ren, um ein optimales Ergebnis entwerfen zu k\u00f6nnen, das die Pers\u00f6nlichkeit meiner Kunden widerspiegelt und womit Sie sich wohlf\u00fchlen k\u00f6nnen.<\/p>\n<p>[\/et_pb_text][\/et_pb_column][\/et_pb_row][et_pb_row column_structure=&#8220;1_2,1_2&#8243; use_custom_gutter=&#8220;on&#8220; disabled_on=&#8220;on|on|off&#8220; _builder_version=&#8220;4.6.3&#8243; _module_preset=&#8220;default&#8220; max_width=&#8220;900px&#8220; custom_margin=&#8220;40px||||false|false&#8220; custom_padding=&#8220;||||false|false&#8220; locked=&#8220;off&#8220;][et_pb_column type=&#8220;1_2&#8243; _builder_version=&#8220;4.6.3&#8243; _module_preset=&#8220;default&#8220;][et_pb_text module_class=&#8220;tk-neue-haas-unica&#8220; _builder_version=&#8220;4.6.3&#8243; _module_preset=&#8220;default&#8220; text_font=&#8220;|300|||||||&#8220; text_text_color=&#8220;#414141&#8243; text_font_size=&#8220;18px&#8220; text_orientation=&#8220;justified&#8220; locked=&#8220;off&#8220;]<\/p>\n<p>Das Ergebnis ist ein exklusives, elegantes und modernes Interieur mit viel Charakter, das alles andere als vorhersehbar ist und die Individualit\u00e4t meiner Kunden wiederspiegelt.<\/p>\n<p>Ich liebe alle Farben und alle Texturen. Wie ich diese ausw\u00e4hle, h\u00e4ngt von dem jeweiligem Konzept und der Umgebung ab, in der wir sie verwenden m\u00f6chten. Ich glaube, dass die R\u00e4ume und das nat\u00fcrliches Licht, die Farben, die Texturen und die Muster diktieren.<\/p>\n<p>[\/et_pb_text][\/et_pb_column][et_pb_column type=&#8220;1_2&#8243; _builder_version=&#8220;4.6.3&#8243; _module_preset=&#8220;default&#8220;][et_pb_text module_class=&#8220;tk-neue-haas-unica&#8220; _builder_version=&#8220;4.6.3&#8243; _module_preset=&#8220;default&#8220; text_font=&#8220;|300|||||||&#8220; text_text_color=&#8220;#414141&#8243; text_font_size=&#8220;18px&#8220; text_orientation=&#8220;justified&#8220; locked=&#8220;off&#8220;]<\/p>\n<p>Diese drei Elemente d\u00fcrfen niemals in einem Interior fehlen, da sie einem Raum Leben und Pers\u00f6nlichkeit geben. Sie werden von den M\u00f6beln, dem Licht sowie der jeweiligen Umgebung in der sie sich befinden bestimmt; sei es am Strand, in den Bergen, in der Stadt \u2013 aber vor allem immer nach dem Geschmack des Kunden.<\/p>\n<p>[\/et_pb_text][\/et_pb_column][\/et_pb_row][et_pb_row use_custom_gutter=&#8220;on&#8220; disabled_on=&#8220;off|off|on&#8220; _builder_version=&#8220;4.6.3&#8243; _module_preset=&#8220;default&#8220; max_width=&#8220;900px&#8220; custom_padding=&#8220;||||false|false&#8220; locked=&#8220;off&#8220;][et_pb_column type=&#8220;4_4&#8243; _builder_version=&#8220;4.6.3&#8243; _module_preset=&#8220;default&#8220;][et_pb_text module_class=&#8220;tk-neue-haas-unica&#8220; _builder_version=&#8220;4.6.3&#8243; _module_preset=&#8220;default&#8220; text_font=&#8220;|300|||||||&#8220; text_text_color=&#8220;#414141&#8243; text_font_size=&#8220;18px&#8220; text_orientation=&#8220;justified&#8220; locked=&#8220;off&#8220;]<\/p>\n<p>Das Ergebnis ist ein exklusives, elegantes und modernes Interieur mit viel Charakter, das alles andere als vorhersehbar ist und die Individualit\u00e4t meiner Kunden wiederspiegelt.<\/p>\n<p>Ich liebe alle Farben und alle Texturen. Wie ich diese ausw\u00e4hle, h\u00e4ngt von dem jeweiligem Konzept und der Umgebung ab, in der wir sie verwenden m\u00f6chten. Ich glaube, dass die R\u00e4ume und das nat\u00fcrliches Licht, die Farben, die Texturen und die Muster diktieren.<\/p>\n<p>Diese drei Elemente d\u00fcrfen niemals in einem Interior fehlen, da sie einem Raum Leben und Pers\u00f6nlichkeit geben. Sie werden von den M\u00f6beln, dem Licht sowie der jeweiligen Umgebung in der sie sich befinden bestimmt; sei es am Strand, in den Bergen, in der Stadt \u2013 aber vor allem immer nach dem Geschmack des Kunden.<\/p>\n<p>[\/et_pb_text][\/et_pb_column][\/et_pb_row][\/et_pb_section][et_pb_section fb_built=&#8220;1&#8243; _builder_version=&#8220;4.6.2&#8243; _module_preset=&#8220;default&#8220;][et_pb_row column_structure=&#8220;1_2,1_2&#8243; use_custom_gutter=&#8220;on&#8220; gutter_width=&#8220;2&#8243; _builder_version=&#8220;4.6.3&#8243; _module_preset=&#8220;default&#8220; max_width=&#8220;900px&#8220; custom_margin=&#8220;||||false|false&#8220;][et_pb_column type=&#8220;1_2&#8243; _builder_version=&#8220;4.6.3&#8243; _module_preset=&#8220;default&#8220;][et_pb_image src=&#8220;https:\/\/www.susanaurbanointeriors.com\/wp-content\/uploads\/2020\/11\/SusanaUrbano_05.jpg&#8220; alt=&#8220;Susana Urbano &#8211; Wie ich arbeite&#8220; align_tablet=&#8220;center&#8220; align_last_edited=&#8220;off|tablet&#8220; _builder_version=&#8220;4.6.3&#8243; _module_preset=&#8220;default&#8220;][\/et_pb_image][\/et_pb_column][et_pb_column type=&#8220;1_2&#8243; _builder_version=&#8220;4.6.3&#8243; _module_preset=&#8220;default&#8220; custom_padding=&#8220;120px||||false|false&#8220; custom_padding_tablet=&#8220;40px||||false|false&#8220; custom_padding_phone=&#8220;&#8220; custom_padding_last_edited=&#8220;on|desktop&#8220;][et_pb_text module_class=&#8220;tk-neue-haas-unica&#8220; _builder_version=&#8220;4.6.3&#8243; _module_preset=&#8220;default&#8220; text_font=&#8220;|300|||||||&#8220; text_text_color=&#8220;#414141&#8243; text_font_size=&#8220;18px&#8220; text_orientation=&#8220;justified&#8220; max_width=&#8220;420px&#8220; module_alignment_tablet=&#8220;center&#8220; module_alignment_last_edited=&#8220;off|tablet&#8220;]<\/p>\n<p>Die Natur, Reisen, Kunst und Musik. Ich liebe es, Klavier zu spielen, zu lesen und zu reisen. Ich denke all dies macht mich zu einer sehr offenen Person, die gerade die kleine Details intensiv wahrnimmt.<\/p>\n<p>[\/et_pb_text][et_pb_text module_class=&#8220;tk-neue-haas-unica&#8220; _builder_version=&#8220;4.6.3&#8243; _module_preset=&#8220;default&#8220; text_font=&#8220;|300|||||||&#8220; text_text_color=&#8220;#414141&#8243; text_font_size=&#8220;18px&#8220; text_orientation=&#8220;justified&#8220; max_width=&#8220;420px&#8220; module_alignment_tablet=&#8220;center&#8220; module_alignment_last_edited=&#8220;off|tablet&#8220;]<\/p>\n<p>Wenn ich einen Raum betrete, bemerke ich gleich die Besonderheit dieses Raumes. Wenn ich dann mit meinen Kunden spreche und deren Geschmack und ihre Bed\u00fcrfnisse erfahre, verbinde ich sie mit denen des Raumes und\u2026 das war\u2019s! Das ist meine Inspiration. So entwerfe ich ein passendes Konzept f\u00fcr meine Kunden.<\/p>\n<p>[\/et_pb_text][\/et_pb_column][\/et_pb_row][\/et_pb_section][et_pb_section fb_built=&#8220;1&#8243; _builder_version=&#8220;4.6.3&#8243; _module_preset=&#8220;default&#8220; custom_padding=&#8220;0px||||false|false&#8220;][et_pb_row _builder_version=&#8220;4.6.3&#8243; _module_preset=&#8220;default&#8220; max_width=&#8220;900px&#8220;][et_pb_column type=&#8220;4_4&#8243; _builder_version=&#8220;4.6.3&#8243; _module_preset=&#8220;default&#8220;][et_pb_text _builder_version=&#8220;4.6.3&#8243; _module_preset=&#8220;default&#8220; text_font_size=&#8220;24px&#8220; text_letter_spacing=&#8220;-1.25px&#8220; link_font=&#8220;||||on||||&#8220; header_2_text_align=&#8220;left&#8220; text_font_size_tablet=&#8220;&#8220; text_font_size_phone=&#8220;20px&#8220; text_font_size_last_edited=&#8220;on|phone&#8220; locked=&#8220;off&#8220;]<\/p>\n<p>Interior Design Spezialisten<\/p>\n<p>[\/et_pb_text][\/et_pb_column][\/et_pb_row][et_pb_row column_structure=&#8220;1_2,1_2&#8243; use_custom_gutter=&#8220;on&#8220; disabled_on=&#8220;on|on|off&#8220; _builder_version=&#8220;4.6.3&#8243; _module_preset=&#8220;default&#8220; max_width=&#8220;900px&#8220; custom_margin=&#8220;||||false|false&#8220; custom_margin_last_edited=&#8220;off|desktop&#8220; custom_padding=&#8220;||||false|false&#8220; locked=&#8220;off&#8220;][et_pb_column type=&#8220;1_2&#8243; _builder_version=&#8220;4.6.3&#8243; _module_preset=&#8220;default&#8220;][et_pb_text module_class=&#8220;tk-neue-haas-unica&#8220; _builder_version=&#8220;4.6.3&#8243; _module_preset=&#8220;default&#8220; text_font=&#8220;|300|||||||&#8220; text_text_color=&#8220;#414141&#8243; text_font_size=&#8220;18px&#8220; text_orientation=&#8220;justified&#8220; locked=&#8220;off&#8220;]<\/p>\n<p>Ich liebe es, Neues mit Altem, sowie unkonventionelle Farben, Materialien und Texturen zu kombinieren. Ich verwende gerne vorhandene M\u00f6bel vom Kunden sowie Objekte, die ich in<\/p>\n<p>[\/et_pb_text][\/et_pb_column][et_pb_column type=&#8220;1_2&#8243; _builder_version=&#8220;4.6.3&#8243; _module_preset=&#8220;default&#8220;][et_pb_text module_class=&#8220;tk-neue-haas-unica&#8220; _builder_version=&#8220;4.6.3&#8243; _module_preset=&#8220;default&#8220; text_font=&#8220;|300|||||||&#8220; text_text_color=&#8220;#414141&#8243; text_font_size=&#8220;18px&#8220; text_orientation=&#8220;justified&#8220; locked=&#8220;off&#8220;]<\/p>\n<p>Antiquit\u00e4tengesch\u00e4ften, Second-Hand-M\u00e4rkten oder im Internet finde, sowie spezielle M\u00f6bel die ich f\u00fcr die Kunden entwerfe.<\/p>\n<p>[\/et_pb_text][\/et_pb_column][\/et_pb_row][et_pb_row use_custom_gutter=&#8220;on&#8220; disabled_on=&#8220;off|off|on&#8220; _builder_version=&#8220;4.6.3&#8243; _module_preset=&#8220;default&#8220; max_width=&#8220;900px&#8220; custom_padding=&#8220;||||false|false&#8220; locked=&#8220;off&#8220;][et_pb_column type=&#8220;4_4&#8243; _builder_version=&#8220;4.6.3&#8243; _module_preset=&#8220;default&#8220;][et_pb_text module_class=&#8220;tk-neue-haas-unica&#8220; _builder_version=&#8220;4.6.3&#8243; _module_preset=&#8220;default&#8220; text_font=&#8220;|300|||||||&#8220; text_text_color=&#8220;#414141&#8243; text_font_size=&#8220;18px&#8220; text_orientation=&#8220;justified&#8220; locked=&#8220;off&#8220;]<\/p>\n<p>Ich liebe es, Neues mit Altem, sowie unkonventionelle Farben, Materialien und Texturen zu kombinieren. Ich verwende gerne vorhandene M\u00f6bel vom Kunden sowie Objekte, die ich in Antiquit\u00e4tengesch\u00e4ften, Second-Hand-M\u00e4rkten oder im Internet finde, sowie spezielle M\u00f6bel die ich f\u00fcr die Kunden entwerfe.<\/p>\n<p>[\/et_pb_text][\/et_pb_column][\/et_pb_row][et_pb_row column_structure=&#8220;1_3,1_3,1_3&#8243; use_custom_gutter=&#8220;on&#8220; gutter_width=&#8220;1&#8243; disabled_on=&#8220;off|off|off&#8220; _builder_version=&#8220;4.6.3&#8243; _module_preset=&#8220;default&#8220; max_width=&#8220;900px&#8220; max_width_tablet=&#8220;300px&#8220; max_width_phone=&#8220;&#8220; max_width_last_edited=&#8220;on|phone&#8220; custom_margin=&#8220;||||false|false&#8220; custom_margin_tablet=&#8220;&#8220; custom_margin_phone=&#8220;&#8220; custom_margin_last_edited=&#8220;on|desktop&#8220; hover_enabled=&#8220;0&#8243; module_alignment_last_edited=&#8220;off|tablet&#8220; sticky_enabled=&#8220;0&#8243;][et_pb_column type=&#8220;1_3&#8243; _builder_version=&#8220;4.6.3&#8243; _module_preset=&#8220;default&#8220;][et_pb_image src=&#8220;https:\/\/www.susanaurbanointeriors.com\/wp-content\/uploads\/2020\/11\/SusanaUrbano_02-1.jpg&#8220; alt=&#8220;Susana Urbano &#8211; Innenarchitektur&#8220; url=&#8220;https:\/\/www.susanaurbanointeriors.com\/de\/proyectos\/#interiores&#8220; align_tablet=&#8220;center&#8220; align_phone=&#8220;&#8220; align_last_edited=&#8220;on|tablet&#8220; _builder_version=&#8220;4.6.3&#8243; _module_preset=&#8220;default&#8220;][\/et_pb_image][et_pb_text module_class=&#8220;tk-neue-haas-unica&#8220; _builder_version=&#8220;4.6.3&#8243; _module_preset=&#8220;default&#8220; text_font=&#8220;|300|||||||&#8220; text_text_color=&#8220;#414141&#8243; max_width=&#8220;240px&#8220; module_alignment=&#8220;left&#8220; custom_margin_tablet=&#8220;|||30px|false|false&#8220; custom_margin_last_edited=&#8220;off|desktop&#8220; custom_padding=&#8220;20px||14px||false|false&#8220; link_option_url=&#8220;https:\/\/www.susanaurbanointeriors.com\/de\/proyectos\/#interiores&#8220; module_alignment_tablet=&#8220;center&#8220; module_alignment_phone=&#8220;&#8220; module_alignment_last_edited=&#8220;on|tablet&#8220; locked=&#8220;off&#8220;]<\/p>\n<p>Von der Zeichnung bis zum letzten Detail.<\/p>\n<p>[\/et_pb_text][et_pb_text _builder_version=&#8220;4.6.3&#8243; _module_preset=&#8220;default&#8220; text_font=&#8220;|300|||on||||&#8220; text_font_size=&#8220;24px&#8220; link_font=&#8220;||||on||||&#8220; header_2_text_align=&#8220;left&#8220; max_width=&#8220;240px&#8220; module_alignment=&#8220;left&#8220; custom_margin_tablet=&#8220;|||30px|false|false&#8220; custom_margin_last_edited=&#8220;off|desktop&#8220; link_option_url=&#8220;https:\/\/www.susanaurbanointeriors.com\/de\/proyectos\/#interiores&#8220; text_font_size_tablet=&#8220;&#8220; text_font_size_phone=&#8220;20px&#8220; text_font_size_last_edited=&#8220;on|phone&#8220; module_alignment_tablet=&#8220;center&#8220; module_alignment_phone=&#8220;&#8220; module_alignment_last_edited=&#8220;on|tablet&#8220; locked=&#8220;off&#8220;]<\/p>\n<p>Innenarchitektur<\/p>\n<p>[\/et_pb_text][\/et_pb_column][et_pb_column type=&#8220;1_3&#8243; _builder_version=&#8220;4.6.3&#8243; _module_preset=&#8220;default&#8220; custom_padding_tablet=&#8220;40px||||false|false&#8220; custom_padding_phone=&#8220;&#8220; custom_padding_last_edited=&#8220;on|tablet&#8220; link_option_url=&#8220;\/proyectos\/#home&#8220; hover_enabled=&#8220;0&#8243; sticky_enabled=&#8220;0&#8243;][et_pb_image src=&#8220;https:\/\/www.susanaurbanointeriors.com\/wp-content\/uploads\/2020\/11\/SusanaUrbano_09-1.jpg&#8220; alt=&#8220;Susana Urbano &#8211; Home staging&#8220; align=&#8220;center&#8220; _builder_version=&#8220;4.6.3&#8243; _module_preset=&#8220;default&#8220;][\/et_pb_image][et_pb_text module_class=&#8220;tk-neue-haas-unica&#8220; _builder_version=&#8220;4.6.3&#8243; _module_preset=&#8220;default&#8220; text_font=&#8220;|300|||||||&#8220; text_text_color=&#8220;#414141&#8243; max_width=&#8220;240px&#8220; module_alignment=&#8220;center&#8220; custom_padding=&#8220;20px||14px||false|false&#8220; locked=&#8220;off&#8220;]<\/p>\n<p>Attraktives Marketing f\u00fcr Immobilien<\/p>\n<p>[\/et_pb_text][et_pb_text _builder_version=&#8220;4.6.3&#8243; _module_preset=&#8220;default&#8220; text_font=&#8220;|300|||on||||&#8220; text_font_size=&#8220;24px&#8220; link_font=&#8220;||||on||||&#8220; header_2_text_align=&#8220;left&#8220; max_width=&#8220;240px&#8220; module_alignment=&#8220;center&#8220; text_font_size_tablet=&#8220;&#8220; text_font_size_phone=&#8220;20px&#8220; text_font_size_last_edited=&#8220;on|phone&#8220; locked=&#8220;off&#8220;]<\/p>\n<p>Home staging<\/p>\n<p>[\/et_pb_text][\/et_pb_column][et_pb_column type=&#8220;1_3&#8243; _builder_version=&#8220;4.6.3&#8243; _module_preset=&#8220;default&#8220; custom_padding_tablet=&#8220;40px||||false|false&#8220; custom_padding_last_edited=&#8220;off|phone&#8220; link_option_url=&#8220;https:\/\/www.susanaurbanointeriors.com\/de\/proyectos\/#yatch&#8220;][et_pb_image src=&#8220;https:\/\/www.susanaurbanointeriors.com\/wp-content\/uploads\/2020\/11\/SusanaUrbano_10-1.jpg&#8220; alt=&#8220;Susana Urbano &#8211; Yatch interiors&#8220; align=&#8220;right&#8220; align_tablet=&#8220;center&#8220; align_phone=&#8220;&#8220; align_last_edited=&#8220;on|tablet&#8220; _builder_version=&#8220;4.6.3&#8243; _module_preset=&#8220;default&#8220; custom_margin_tablet=&#8220;50px||||false|false&#8220; custom_margin_phone=&#8220;&#8220; custom_margin_last_edited=&#8220;on|tablet&#8220;][\/et_pb_image][et_pb_text module_class=&#8220;tk-neue-haas-unica&#8220; _builder_version=&#8220;4.6.3&#8243; _module_preset=&#8220;default&#8220; text_font=&#8220;|300|||||||&#8220; text_text_color=&#8220;#414141&#8243; max_width=&#8220;240px&#8220; module_alignment=&#8220;right&#8220; custom_padding=&#8220;20px||14px||false|false&#8220; module_alignment_tablet=&#8220;center&#8220; module_alignment_phone=&#8220;&#8220; module_alignment_last_edited=&#8220;on|desktop&#8220; locked=&#8220;off&#8220;]<\/p>\n<p>Ihr Zuhause auf dem Wasser<\/p>\n<p>[\/et_pb_text][et_pb_text _builder_version=&#8220;4.6.3&#8243; _module_preset=&#8220;default&#8220; text_font=&#8220;|300|||on||||&#8220; text_font_size=&#8220;23px&#8220; link_font=&#8220;||||on||||&#8220; header_2_text_align=&#8220;left&#8220; max_width=&#8220;240px&#8220; module_alignment=&#8220;right&#8220; text_font_size_tablet=&#8220;&#8220; text_font_size_phone=&#8220;20px&#8220; text_font_size_last_edited=&#8220;on|phone&#8220; module_alignment_tablet=&#8220;center&#8220; module_alignment_phone=&#8220;&#8220; module_alignment_last_edited=&#8220;on|phone&#8220; locked=&#8220;off&#8220;]<\/p>\n<p>Innenaustattung f\u00fcr Luxusyachten<\/p>\n<p>[\/et_pb_text][\/et_pb_column][\/et_pb_row][\/et_pb_section]<\/p>\n","protected":false},"excerpt":{"rendered":"<p>Wie ich arbeiteEs ist sehr wichtig meinen Kunden aufmerksam zuzuh\u00f6ren, um ein optimales Ergebnis entwerfen zu k\u00f6nnen, das die Pers\u00f6nlichkeit meiner Kunden widerspiegelt und womit Sie sich wohlf\u00fchlen k\u00f6nnen.Das Ergebnis ist ein exklusives, elegantes und modernes Interieur mit viel Charakter, das alles andere als vorhersehbar ist und die Individualit\u00e4t meiner Kunden wiederspiegelt. Ich liebe alle [&hellip;]<\/p>\n","protected":false},"author":1,"featured_media":0,"parent":0,"menu_order":0,"comment_status":"closed","ping_status":"closed","template":"","meta":{"_et_pb_use_builder":"on","_et_pb_old_content":"","_et_gb_content_width":"","inline_featured_image":false,"footnotes":""},"class_list":["post-3981","page","type-page","status-publish","hentry"],"yoast_head":"<!-- This site is optimized with the Yoast SEO plugin v27.0 - https:\/\/yoast.com\/product\/yoast-seo-wordpress\/ -->\n<title>Ein sorgf\u00e4ltiger Prozess zur Gestaltung exklusiver Innenr\u00e4ume mit Charakter<\/title>\n<meta name=\"description\" content=\"Dank unseres Prozesses schaffen wir exklusive, elegante und moderne Innenr\u00e4ume mit viel Charakter, die Ihre Pers\u00f6nlichkeit vermitteln.\" \/>\n<meta name=\"robots\" content=\"noindex, follow\" \/>\n<meta property=\"og:locale\" content=\"de_DE\" \/>\n<meta property=\"og:type\" content=\"article\" \/>\n<meta property=\"og:title\" content=\"Ein sorgf\u00e4ltiger Prozess zur Gestaltung exklusiver Innenr\u00e4ume mit Charakter\" \/>\n<meta property=\"og:description\" content=\"Dank unseres Prozesses schaffen wir exklusive, elegante und moderne Innenr\u00e4ume mit viel Charakter, die Ihre Pers\u00f6nlichkeit vermitteln.\" \/>\n<meta property=\"og:url\" content=\"https:\/\/www.susanaurbanointeriors.com\/de\/wie-ich-arbeite\/\" \/>\n<meta property=\"og:site_name\" content=\"Susana Urbano Interiors\" \/>\n<meta property=\"article:modified_time\" content=\"2023-12-18T16:32:02+00:00\" \/>\n<meta name=\"twitter:card\" content=\"summary_large_image\" \/>\n<meta name=\"twitter:label1\" content=\"Gesch\u00e4tzte Lesezeit\" \/>\n\t<meta name=\"twitter:data1\" content=\"10\u00a0Minuten\" \/>\n<script type=\"application\/ld+json\" class=\"yoast-schema-graph\">{\"@context\":\"https:\/\/schema.org\",\"@graph\":[{\"@type\":\"WebPage\",\"@id\":\"https:\/\/www.susanaurbanointeriors.com\/de\/wie-ich-arbeite\/\",\"url\":\"https:\/\/www.susanaurbanointeriors.com\/de\/wie-ich-arbeite\/\",\"name\":\"Ein sorgf\u00e4ltiger Prozess zur Gestaltung exklusiver Innenr\u00e4ume mit Charakter\",\"isPartOf\":{\"@id\":\"https:\/\/www.susanaurbanointeriors.com\/de\/#website\"},\"datePublished\":\"2020-11-27T13:07:19+00:00\",\"dateModified\":\"2023-12-18T16:32:02+00:00\",\"description\":\"Dank unseres Prozesses schaffen wir exklusive, elegante und moderne Innenr\u00e4ume mit viel Charakter, die Ihre Pers\u00f6nlichkeit vermitteln.\",\"breadcrumb\":{\"@id\":\"https:\/\/www.susanaurbanointeriors.com\/de\/wie-ich-arbeite\/#breadcrumb\"},\"inLanguage\":\"de\",\"potentialAction\":[{\"@type\":\"ReadAction\",\"target\":[\"https:\/\/www.susanaurbanointeriors.com\/de\/wie-ich-arbeite\/\"]}]},{\"@type\":\"BreadcrumbList\",\"@id\":\"https:\/\/www.susanaurbanointeriors.com\/de\/wie-ich-arbeite\/#breadcrumb\",\"itemListElement\":[{\"@type\":\"ListItem\",\"position\":1,\"name\":\"Portada\",\"item\":\"https:\/\/www.susanaurbanointeriors.com\/de\/\"},{\"@type\":\"ListItem\",\"position\":2,\"name\":\"Wie ich arbeite\"}]},{\"@type\":\"WebSite\",\"@id\":\"https:\/\/www.susanaurbanointeriors.com\/de\/#website\",\"url\":\"https:\/\/www.susanaurbanointeriors.com\/de\/\",\"name\":\"Susana Urbano Interiors\",\"description\":\"\",\"publisher\":{\"@id\":\"https:\/\/www.susanaurbanointeriors.com\/de\/#organization\"},\"potentialAction\":[{\"@type\":\"SearchAction\",\"target\":{\"@type\":\"EntryPoint\",\"urlTemplate\":\"https:\/\/www.susanaurbanointeriors.com\/de\/?s={search_term_string}\"},\"query-input\":{\"@type\":\"PropertyValueSpecification\",\"valueRequired\":true,\"valueName\":\"search_term_string\"}}],\"inLanguage\":\"de\"},{\"@type\":\"Organization\",\"@id\":\"https:\/\/www.susanaurbanointeriors.com\/de\/#organization\",\"name\":\"Susana Urbano Interior Design\",\"url\":\"https:\/\/www.susanaurbanointeriors.com\/de\/\",\"logo\":{\"@type\":\"ImageObject\",\"inLanguage\":\"de\",\"@id\":\"https:\/\/www.susanaurbanointeriors.com\/de\/#\/schema\/logo\/image\/\",\"url\":\"https:\/\/www.susanaurbanointeriors.com\/wp-content\/uploads\/2020\/09\/Grupo-2668.png\",\"contentUrl\":\"https:\/\/www.susanaurbanointeriors.com\/wp-content\/uploads\/2020\/09\/Grupo-2668.png\",\"width\":3826,\"height\":949,\"caption\":\"Susana Urbano Interior Design\"},\"image\":{\"@id\":\"https:\/\/www.susanaurbanointeriors.com\/de\/#\/schema\/logo\/image\/\"}}]}<\/script>\n<!-- \/ Yoast SEO plugin. -->","yoast_head_json":{"title":"Ein sorgf\u00e4ltiger Prozess zur Gestaltung exklusiver Innenr\u00e4ume mit Charakter","description":"Dank unseres Prozesses schaffen wir exklusive, elegante und moderne Innenr\u00e4ume mit viel Charakter, die Ihre Pers\u00f6nlichkeit vermitteln.","robots":{"index":"noindex","follow":"follow"},"og_locale":"de_DE","og_type":"article","og_title":"Ein sorgf\u00e4ltiger Prozess zur Gestaltung exklusiver Innenr\u00e4ume mit Charakter","og_description":"Dank unseres Prozesses schaffen wir exklusive, elegante und moderne Innenr\u00e4ume mit viel Charakter, die Ihre Pers\u00f6nlichkeit vermitteln.","og_url":"https:\/\/www.susanaurbanointeriors.com\/de\/wie-ich-arbeite\/","og_site_name":"Susana Urbano Interiors","article_modified_time":"2023-12-18T16:32:02+00:00","twitter_card":"summary_large_image","twitter_misc":{"Gesch\u00e4tzte Lesezeit":"10\u00a0Minuten"},"schema":{"@context":"https:\/\/schema.org","@graph":[{"@type":"WebPage","@id":"https:\/\/www.susanaurbanointeriors.com\/de\/wie-ich-arbeite\/","url":"https:\/\/www.susanaurbanointeriors.com\/de\/wie-ich-arbeite\/","name":"Ein sorgf\u00e4ltiger Prozess zur Gestaltung exklusiver Innenr\u00e4ume mit Charakter","isPartOf":{"@id":"https:\/\/www.susanaurbanointeriors.com\/de\/#website"},"datePublished":"2020-11-27T13:07:19+00:00","dateModified":"2023-12-18T16:32:02+00:00","description":"Dank unseres Prozesses schaffen wir exklusive, elegante und moderne Innenr\u00e4ume mit viel Charakter, die Ihre Pers\u00f6nlichkeit vermitteln.","breadcrumb":{"@id":"https:\/\/www.susanaurbanointeriors.com\/de\/wie-ich-arbeite\/#breadcrumb"},"inLanguage":"de","potentialAction":[{"@type":"ReadAction","target":["https:\/\/www.susanaurbanointeriors.com\/de\/wie-ich-arbeite\/"]}]},{"@type":"BreadcrumbList","@id":"https:\/\/www.susanaurbanointeriors.com\/de\/wie-ich-arbeite\/#breadcrumb","itemListElement":[{"@type":"ListItem","position":1,"name":"Portada","item":"https:\/\/www.susanaurbanointeriors.com\/de\/"},{"@type":"ListItem","position":2,"name":"Wie ich arbeite"}]},{"@type":"WebSite","@id":"https:\/\/www.susanaurbanointeriors.com\/de\/#website","url":"https:\/\/www.susanaurbanointeriors.com\/de\/","name":"Susana Urbano Interiors","description":"","publisher":{"@id":"https:\/\/www.susanaurbanointeriors.com\/de\/#organization"},"potentialAction":[{"@type":"SearchAction","target":{"@type":"EntryPoint","urlTemplate":"https:\/\/www.susanaurbanointeriors.com\/de\/?s={search_term_string}"},"query-input":{"@type":"PropertyValueSpecification","valueRequired":true,"valueName":"search_term_string"}}],"inLanguage":"de"},{"@type":"Organization","@id":"https:\/\/www.susanaurbanointeriors.com\/de\/#organization","name":"Susana Urbano Interior Design","url":"https:\/\/www.susanaurbanointeriors.com\/de\/","logo":{"@type":"ImageObject","inLanguage":"de","@id":"https:\/\/www.susanaurbanointeriors.com\/de\/#\/schema\/logo\/image\/","url":"https:\/\/www.susanaurbanointeriors.com\/wp-content\/uploads\/2020\/09\/Grupo-2668.png","contentUrl":"https:\/\/www.susanaurbanointeriors.com\/wp-content\/uploads\/2020\/09\/Grupo-2668.png","width":3826,"height":949,"caption":"Susana Urbano Interior Design"},"image":{"@id":"https:\/\/www.susanaurbanointeriors.com\/de\/#\/schema\/logo\/image\/"}}]}},"_links":{"self":[{"href":"https:\/\/www.susanaurbanointeriors.com\/de\/wp-json\/wp\/v2\/pages\/3981","targetHints":{"allow":["GET"]}}],"collection":[{"href":"https:\/\/www.susanaurbanointeriors.com\/de\/wp-json\/wp\/v2\/pages"}],"about":[{"href":"https:\/\/www.susanaurbanointeriors.com\/de\/wp-json\/wp\/v2\/types\/page"}],"author":[{"embeddable":true,"href":"https:\/\/www.susanaurbanointeriors.com\/de\/wp-json\/wp\/v2\/users\/1"}],"replies":[{"embeddable":true,"href":"https:\/\/www.susanaurbanointeriors.com\/de\/wp-json\/wp\/v2\/comments?post=3981"}],"version-history":[{"count":43,"href":"https:\/\/www.susanaurbanointeriors.com\/de\/wp-json\/wp\/v2\/pages\/3981\/revisions"}],"predecessor-version":[{"id":8192,"href":"https:\/\/www.susanaurbanointeriors.com\/de\/wp-json\/wp\/v2\/pages\/3981\/revisions\/8192"}],"wp:attachment":[{"href":"https:\/\/www.susanaurbanointeriors.com\/de\/wp-json\/wp\/v2\/media?parent=3981"}],"curies":[{"name":"wp","href":"https:\/\/api.w.org\/{rel}","templated":true}]}}