{"id":4302,"date":"2020-12-01T08:44:50","date_gmt":"2020-12-01T08:44:50","guid":{"rendered":"https:\/\/www.susanaurbanointeriors.com\/homepage-2-0\/"},"modified":"2023-12-20T12:20:39","modified_gmt":"2023-12-20T12:20:39","slug":"homepage-2-0","status":"publish","type":"page","link":"https:\/\/www.susanaurbanointeriors.com\/de\/","title":{"rendered":"Homepage 2.0"},"content":{"rendered":"<p>[et_pb_section fb_built=&#8220;1&#8243; _builder_version=&#8220;4.16&#8243; _module_preset=&#8220;default&#8220; custom_margin=&#8220;-84px||||false|false&#8220; custom_margin_tablet=&#8220;-79px||||false|false&#8220; custom_margin_phone=&#8220;||||false|false&#8220; custom_margin_last_edited=&#8220;on|desktop&#8220; custom_padding=&#8220;0px||0px||true|false&#8220; global_colors_info=&#8220;{}&#8220;][et_pb_row _builder_version=&#8220;4.16&#8243; _module_preset=&#8220;default&#8220; width=&#8220;100%&#8220; max_width=&#8220;100%&#8220; custom_padding=&#8220;0px||0px||true|false&#8220; global_colors_info=&#8220;{}&#8220;][et_pb_column type=&#8220;4_4&#8243; _builder_version=&#8220;4.16&#8243; _module_preset=&#8220;default&#8220; global_colors_info=&#8220;{}&#8220;][et_pb_slider use_bg_overlay=&#8220;on&#8220; _builder_version=&#8220;4.23&#8243; _module_preset=&#8220;default&#8220; body_font_size=&#8220;65px&#8220; body_letter_spacing=&#8220;1px&#8220; content_max_width=&#8220;100%&#8220; height=&#8220;100vh&#8220; height_tablet=&#8220;500px&#8220; height_phone=&#8220;350px&#8220; height_last_edited=&#8220;on|phone&#8220; custom_margin=&#8220;||||false|false&#8220; custom_padding=&#8220;||100px||false|false&#8220; custom_padding_tablet=&#8220;||80px||false|false&#8220; custom_padding_phone=&#8220;||50px||false|false&#8220; custom_padding_last_edited=&#8220;on|phone&#8220; auto=&#8220;on&#8220; body_font_size_tablet=&#8220;50px&#8220; body_font_size_phone=&#8220;28px&#8220; body_font_size_last_edited=&#8220;on|phone&#8220; custom_css_slide_description=&#8220;animation-name: none;||text-shadow: none;||||&#8220; body_text_shadow_style=&#8220;preset5&#8243; body_text_shadow_horizontal_length=&#8220;0.04em&#8220; body_text_shadow_vertical_length=&#8220;0.05em&#8220; body_text_shadow_blur_strength=&#8220;0.01em&#8220; body_text_shadow_color=&#8220;#000000&#8243; global_colors_info=&#8220;{}&#8220;][et_pb_slide admin_title=&#8220;el espejo&#8220; _builder_version=&#8220;4.16&#8243; _module_preset=&#8220;default&#8220; body_font=&#8220;|300|||||||&#8220; body_text_align=&#8220;left&#8220; background_enable_color=&#8220;on&#8220; background_image=&#8220;https:\/\/www.susanaurbanointeriors.com\/wp-content\/uploads\/2020\/11\/El-Espejo.jpg&#8220; background_enable_image=&#8220;on&#8220; text_orientation=&#8220;left&#8220; custom_padding=&#8220;|0px||0px|false|true&#8220; body_font_size_phone=&#8220;55px&#8220; body_font_size_last_edited=&#8220;off|desktop&#8220; background_last_edited=&#8220;on|desktop&#8220; custom_css_slide_description=&#8220;position: absolute !important;||bottom: 0 !important;||left: 0 !important;&#8220; global_colors_info=&#8220;{}&#8220; sticky_transition=&#8220;on&#8220;]<\/p>\n<p>Interior Design<\/p>\n<p>Home staging<\/p>\n<p>Innenaustattung f\u00fcr Luxusyachten<\/p>\n<p>[\/et_pb_slide][et_pb_slide admin_title=&#8220;lock in&#8220; _builder_version=&#8220;4.16&#8243; _module_preset=&#8220;default&#8220; body_font=&#8220;|300|||||||&#8220; body_text_align=&#8220;left&#8220; background_image=&#8220;https:\/\/www.susanaurbanointeriors.com\/wp-content\/uploads\/2020\/11\/Lock-In.jpg&#8220; background_enable_image=&#8220;on&#8220; text_orientation=&#8220;left&#8220; custom_padding=&#8220;|0px||0px|false|true&#8220; body_font_size_phone=&#8220;55px&#8220; body_font_size_last_edited=&#8220;off|desktop&#8220; custom_css_slide_description=&#8220;position: absolute !important;||bottom: 0 !important;||left: 0 !important;&#8220; global_colors_info=&#8220;{}&#8220; sticky_transition=&#8220;on&#8220;]<\/p>\n<p>Interior Design<\/p>\n<p>Home staging<\/p>\n<p>Innenaustattung f\u00fcr Luxusyachten<\/p>\n<p>[\/et_pb_slide][et_pb_slide admin_title=&#8220;the bachellor&#8220; _builder_version=&#8220;4.16&#8243; _module_preset=&#8220;default&#8220; body_font=&#8220;|300|||||||&#8220; body_text_align=&#8220;left&#8220; background_image=&#8220;https:\/\/www.susanaurbanointeriors.com\/wp-content\/uploads\/2020\/11\/The-Bachelor.jpg&#8220; background_enable_image=&#8220;on&#8220; text_orientation=&#8220;left&#8220; custom_padding=&#8220;|0px||0px|false|true&#8220; body_font_size_phone=&#8220;55px&#8220; body_font_size_last_edited=&#8220;off|desktop&#8220; custom_css_slide_description=&#8220;position: absolute !important;||bottom: 0 !important;||left: 0 !important;&#8220; global_colors_info=&#8220;{}&#8220; sticky_transition=&#8220;on&#8220;]<\/p>\n<p>Interior Design<\/p>\n<p>Home staging<\/p>\n<p>Innenaustattung f\u00fcr Luxusyachten<\/p>\n<p>[\/et_pb_slide][et_pb_slide admin_title=&#8220;smooth lines&#8220; _builder_version=&#8220;4.16&#8243; _module_preset=&#8220;default&#8220; body_font=&#8220;|300|||||||&#8220; body_text_align=&#8220;left&#8220; background_image=&#8220;https:\/\/www.susanaurbanointeriors.com\/wp-content\/uploads\/2020\/11\/Smooth-Lines.jpg&#8220; background_enable_image=&#8220;on&#8220; text_orientation=&#8220;left&#8220; custom_padding=&#8220;|0px||0px|false|true&#8220; body_font_size_phone=&#8220;55px&#8220; body_font_size_last_edited=&#8220;off|desktop&#8220; custom_css_slide_description=&#8220;position: absolute !important;||bottom: 0 !important;||left: 0 !important;&#8220; global_colors_info=&#8220;{}&#8220; sticky_transition=&#8220;on&#8220;]<\/p>\n<p>Interior Design<\/p>\n<p>Home staging<\/p>\n<p>Innenaustattung f\u00fcr Luxusyachten<\/p>\n<p>[\/et_pb_slide][et_pb_slide admin_title=&#8220;lady susana&#8220; _builder_version=&#8220;4.16&#8243; _module_preset=&#8220;default&#8220; body_font=&#8220;|300|||||||&#8220; body_text_align=&#8220;left&#8220; background_image=&#8220;https:\/\/www.susanaurbanointeriors.com\/wp-content\/uploads\/2020\/11\/Lady-Susana.jpg&#8220; background_enable_image=&#8220;on&#8220; text_orientation=&#8220;left&#8220; custom_padding=&#8220;|0px||0px|false|true&#8220; body_font_size_phone=&#8220;55px&#8220; body_font_size_last_edited=&#8220;off|desktop&#8220; custom_css_slide_description=&#8220;position: absolute !important;||bottom: 0 !important;||left: 0 !important;&#8220; global_colors_info=&#8220;{}&#8220; sticky_transition=&#8220;on&#8220;]<\/p>\n<p>Interior Design<\/p>\n<p>Home staging<\/p>\n<p>Innenaustattung f\u00fcr Luxusyachten<\/p>\n<p>[\/et_pb_slide][et_pb_slide admin_title=&#8220;freedom&#8220; _builder_version=&#8220;4.16&#8243; _module_preset=&#8220;default&#8220; body_font=&#8220;|300|||||||&#8220; body_text_align=&#8220;left&#8220; background_image=&#8220;https:\/\/www.susanaurbanointeriors.com\/wp-content\/uploads\/2020\/11\/Freedom-1.jpg&#8220; background_enable_image=&#8220;on&#8220; text_orientation=&#8220;left&#8220; custom_padding=&#8220;|0px||0px|false|true&#8220; body_font_size_phone=&#8220;55px&#8220; body_font_size_last_edited=&#8220;off|desktop&#8220; custom_css_slide_description=&#8220;position: absolute !important;||bottom: 0 !important;||left: 0 !important;&#8220; global_colors_info=&#8220;{}&#8220; sticky_transition=&#8220;on&#8220;]<\/p>\n<p>Interior Design<\/p>\n<p>Home staging<\/p>\n<p>Innenaustattung f\u00fcr Luxusyachten<\/p>\n<p>[\/et_pb_slide][\/et_pb_slider][\/et_pb_column][\/et_pb_row][\/et_pb_section][et_pb_section fb_built=&#8220;1&#8243; _builder_version=&#8220;4.16&#8243; _module_preset=&#8220;default&#8220; background_image=&#8220;https:\/\/www.susanaurbanointeriors.com\/wp-content\/uploads\/\/2020\/09\/Enmascarar-grupo-17.svg&#8220; background_size=&#8220;initial&#8220; background_position=&#8220;top_right&#8220; custom_margin=&#8220;50px||||false|false&#8220; global_colors_info=&#8220;{}&#8220; custom_css_main_element_last_edited=&#8220;on|phone&#8220; custom_css_main_element_tablet=&#8220;background-size:280px !important&#8220; custom_css_main_element_phone=&#8220;background-size:150px !important&#8220;][et_pb_row _builder_version=&#8220;4.16&#8243; _module_preset=&#8220;default&#8220; animation_style=&#8220;slide&#8220; animation_direction=&#8220;bottom&#8220; global_colors_info=&#8220;{}&#8220;][et_pb_column type=&#8220;4_4&#8243; _builder_version=&#8220;4.16&#8243; _module_preset=&#8220;default&#8220; global_colors_info=&#8220;{}&#8220;][et_pb_text _builder_version=&#8220;4.16&#8243; _module_preset=&#8220;default&#8220; text_font=&#8220;|600|||||||&#8220; header_font=&#8220;|300|||||||&#8220; header_text_color=&#8220;#414141&#8243; header_font_size=&#8220;65px&#8220; header_letter_spacing=&#8220;-2px&#8220; text_orientation=&#8220;center&#8220; max_width=&#8220;500px&#8220; module_alignment=&#8220;center&#8220; header_font_size_tablet=&#8220;&#8220; header_font_size_phone=&#8220;55px&#8220; header_font_size_last_edited=&#8220;on|phone&#8220; global_colors_info=&#8220;{}&#8220;]<\/p>\n<h1>Moderne, harmonische R\u00e4umlichkeiten mit Charakter<\/h1>\n<p>[\/et_pb_text][et_pb_text module_class=&#8220;tk-neue-haas-unica&#8220; _builder_version=&#8220;4.16&#8243; _module_preset=&#8220;default&#8220; text_font=&#8220;|300|||||||&#8220; text_text_color=&#8220;#414141&#8243; text_font_size=&#8220;18px&#8220; text_orientation=&#8220;center&#8220; global_colors_info=&#8220;{}&#8220;]<\/p>\n<p>Planung, Design und Durchf\u00fchrung die sich von einem vorhersehbaren Stil abheben und die der Individualit\u00e4t ihrer Kunden und deren Stil entsprechen.<\/p>\n<p>[\/et_pb_text][et_pb_text _builder_version=&#8220;4.16&#8243; _module_preset=&#8220;default&#8220; text_font=&#8220;|300|||||||&#8220; text_text_color=&#8220;#414141&#8243; text_font_size=&#8220;28px&#8220; text_letter_spacing=&#8220;-1.5px&#8220; text_line_height=&#8220;1.4em&#8220; text_orientation=&#8220;justified&#8220; max_width=&#8220;800px&#8220; module_alignment=&#8220;center&#8220; text_font_size_tablet=&#8220;&#8220; text_font_size_phone=&#8220;22px&#8220; text_font_size_last_edited=&#8220;on|phone&#8220; global_colors_info=&#8220;{}&#8220;]<\/p>\n<p>In unserem Studio sind wir darauf spezialisiert, unseren Kunden vom ersten Mo-ment an zu helfen, in dem sie ihre Projekte anfangen, bis zum letzten Detail. Wir optimieren die Raumverteilung und helfen Ihnen bei der Auswahl der Materialien, beim Lichtkonzept oder sogar bei der Gestaltung von Bad und K\u00fcche. Wir konze-pieren auch sehr gerne M\u00f6belst\u00fccke, die sich perfekt an Ihren Innenraum anpas-sen lassen und die Individualit\u00e4t und Charakter Ihrer Familie widerspiegeln.<\/p>\n<p>[\/et_pb_text][\/et_pb_column][\/et_pb_row][\/et_pb_section][et_pb_section fb_built=&#8220;1&#8243; module_id=&#8220;project&#8220; _builder_version=&#8220;4.16&#8243; _module_preset=&#8220;default&#8220; global_colors_info=&#8220;{}&#8220;][et_pb_row _builder_version=&#8220;4.16&#8243; _module_preset=&#8220;default&#8220; custom_padding=&#8220;||0px||false|false&#8220; global_colors_info=&#8220;{}&#8220;][et_pb_column type=&#8220;4_4&#8243; _builder_version=&#8220;4.16&#8243; _module_preset=&#8220;default&#8220; global_colors_info=&#8220;{}&#8220;][et_pb_text _builder_version=&#8220;4.16&#8243; _module_preset=&#8220;default&#8220; header_font=&#8220;|300|||||||&#8220; header_2_font=&#8220;|300|||||||&#8220; header_2_font_size=&#8220;40px&#8220; header_2_letter_spacing=&#8220;-1.5px&#8220; max_width=&#8220;310px&#8220; custom_margin=&#8220;|||90px|false|false&#8220; header_2_font_size_tablet=&#8220;&#8220; header_2_font_size_phone=&#8220;35px&#8220; header_2_font_size_last_edited=&#8220;on|desktop&#8220; global_colors_info=&#8220;{}&#8220;]<\/p>\n<h2>Ich lade Sie ein, ein paar meine Projekte zu entdecken<\/h2>\n<p>[\/et_pb_text][et_pb_text _builder_version=&#8220;4.16&#8243; _module_preset=&#8220;default&#8220; text_font_size=&#8220;18px&#8220; transform_scale_tablet=&#8220;&#8220; transform_scale_phone=&#8220;&#8220; transform_scale_last_edited=&#8220;on|desktop&#8220; transform_translate=&#8220;8px|-95px&#8220; transform_translate_tablet=&#8220;&#8220; transform_translate_phone=&#8220;8px|-87px&#8220; transform_translate_last_edited=&#8220;on|phone&#8220; transform_translate_linked=&#8220;off&#8220; transform_rotate=&#8220;0deg|0deg|270deg&#8220; transform_rotate_tablet=&#8220;&#8220; transform_rotate_phone=&#8220;&#8220; transform_rotate_last_edited=&#8220;on|desktop&#8220; transform_skew_tablet=&#8220;&#8220; transform_skew_phone=&#8220;&#8220; transform_skew_last_edited=&#8220;on|desktop&#8220; transform_origin_tablet=&#8220;&#8220; transform_origin_phone=&#8220;&#8220; transform_origin_last_edited=&#8220;on|desktop&#8220; transform_styles_last_edited=&#8220;on|phone&#8220; max_width=&#8220;80px&#8220; transform_styles_tablet=&#8220;&#8220; transform_styles_phone=&#8220;&#8220; global_colors_info=&#8220;{}&#8220;]<\/p>\n<p>Projekte<\/p>\n<p>[\/et_pb_text][\/et_pb_column][\/et_pb_row][et_pb_row _builder_version=&#8220;4.16&#8243; _module_preset=&#8220;default&#8220; width=&#8220;95%&#8220; custom_padding=&#8220;0px||||false|false&#8220; locked=&#8220;off&#8220; global_colors_info=&#8220;{}&#8220;][et_pb_column type=&#8220;4_4&#8243; _builder_version=&#8220;4.16&#8243; _module_preset=&#8220;default&#8220; global_colors_info=&#8220;{}&#8220;][et_pb_code _builder_version=&#8220;4.16&#8243; _module_preset=&#8220;default&#8220; global_colors_info=&#8220;{}&#8220;]<pee>      <div id=\"post-grid-lazy-2942\" class=\"post-grid-lazy\"><img decoding=\"async\" alt=\"\" src=\"\" \/><\/div>\n    <script>\n      jQuery('#post-grid-lazy-2942').ready(function($) {\n        $('#post-grid-lazy-2942').fadeOut();\n        $('#post-grid-2942   ').fadeIn();\n      })\n    <\/script>\n    <style type=\"text\/css\">\n      #post-grid-2942 {\n        display: none;\n      }\n\n      .post-grid-lazy {\n        text-align: center;\n      }\n    <\/style>\n    <div data-options='{&quot;id&quot;:&quot;2942&quot;,&quot;lazy_load&quot;:&quot;yes&quot;,&quot;masonry_enable&quot;:&quot;yes&quot;,&quot;view_type&quot;:&quot;grid&quot;}' id=\"post-grid-2942\" class=\"post-grid grid\">\n    \n\n\n    <div class=\"grid-items\">\n      <div class=\"item item-3909 skin flip-x even 0 \">\n        <div class=\"layer-wrapper layout-\">\n        <div class=\"layer-media\"><a href=\"https:\/\/www.susanaurbanointeriors.com\/de\/proyectos\/smooth-lines\/\"><img decoding=\"async\" alt=\"Proyecto de Interiorismo: Smooth Lines\" src=\"https:\/\/www.susanaurbanointeriors.com\/wp-content\/uploads\/2020\/11\/smoothlines-1024x683.jpg\" \/><\/a><\/div>\n  <div class=\"layer-content\">\n        <div class=\"element element_1605604377236  title \">\r\n                    <a target=\"\"\r\n                href=\"https:\/\/www.susanaurbanointeriors.com\/de\/proyectos\/smooth-lines\/\">Smooth Lines<\/a>\r\n            <\/div>\r\n    <div class=\"element element_1605604384919  thumb_link \">\r\n                    <a target=\"\" href=\"https:\/\/www.susanaurbanointeriors.com\/de\/proyectos\/smooth-lines\/\"><img decoding=\"async\"\r\n                    alt=\"Proyecto de Interiorismo: Smooth Lines\" src=\"https:\/\/www.susanaurbanointeriors.com\/wp-content\/uploads\/2020\/11\/smoothlines-1024x683.jpg\"><\/a>\r\n            <\/div>\r\n  <\/div>\n    <\/div>\n  <\/div><div class=\"item item-3929 skin flip-x odd 1 \">\n        <div class=\"layer-wrapper layout-\">\n        <div class=\"layer-media\"><a href=\"https:\/\/www.susanaurbanointeriors.com\/de\/proyectos\/freedom\/\"><img decoding=\"async\" alt=\"Proyecto de Interiorismo: Freedom\" src=\"https:\/\/www.susanaurbanointeriors.com\/wp-content\/uploads\/2020\/11\/freedom-1024x683.jpg\" \/><\/a><\/div>\n  <div class=\"layer-content\">\n        <div class=\"element element_1605604377236  title \">\r\n                    <a target=\"\"\r\n                href=\"https:\/\/www.susanaurbanointeriors.com\/de\/proyectos\/freedom\/\">Freedom<\/a>\r\n            <\/div>\r\n    <div class=\"element element_1605604384919  thumb_link \">\r\n                    <a target=\"\" href=\"https:\/\/www.susanaurbanointeriors.com\/de\/proyectos\/freedom\/\"><img decoding=\"async\"\r\n                    alt=\"Proyecto de Interiorismo: Freedom\" src=\"https:\/\/www.susanaurbanointeriors.com\/wp-content\/uploads\/2020\/11\/freedom-1024x683.jpg\"><\/a>\r\n            <\/div>\r\n  <\/div>\n    <\/div>\n  <\/div><div class=\"item item-2545 skin flip-x even 2 \">\n        <div class=\"layer-wrapper layout-\">\n        <div class=\"layer-media\"><a href=\"https:\/\/www.susanaurbanointeriors.com\/de\/proyectos\/penthouse-in-frankfurt\/\"><img decoding=\"async\" alt=\"Proyecto de Interiorismo: Penthouse in Frankfurt\" src=\"https:\/\/www.susanaurbanointeriors.com\/wp-content\/uploads\/2020\/11\/penthouse-1024x683.jpg\" \/><\/a><\/div>\n  <div class=\"layer-content\">\n        <div class=\"element element_1605604377236  title \">\r\n                    <a target=\"\"\r\n                href=\"https:\/\/www.susanaurbanointeriors.com\/de\/proyectos\/penthouse-in-frankfurt\/\">Penthouse in Frankfurt<\/a>\r\n            <\/div>\r\n    <div class=\"element element_1605604384919  thumb_link \">\r\n                    <a target=\"\" href=\"https:\/\/www.susanaurbanointeriors.com\/de\/proyectos\/penthouse-in-frankfurt\/\"><img decoding=\"async\"\r\n                    alt=\"Proyecto de Interiorismo: Penthouse in Frankfurt\" src=\"https:\/\/www.susanaurbanointeriors.com\/wp-content\/uploads\/2020\/11\/penthouse-1024x683.jpg\"><\/a>\r\n            <\/div>\r\n  <\/div>\n    <\/div>\n  <\/div><div class=\"item item-3858 skin flip-x odd 3 \">\n        <div class=\"layer-wrapper layout-\">\n        <div class=\"layer-media\"><a href=\"https:\/\/www.susanaurbanointeriors.com\/de\/proyectos\/little-india\/\"><img decoding=\"async\" alt=\"Proyecto de Interiorismo: Little India\" src=\"https:\/\/www.susanaurbanointeriors.com\/wp-content\/uploads\/2020\/11\/littleindia.jpg\" \/><\/a><\/div>\n  <div class=\"layer-content\">\n        <div class=\"element element_1605604377236  title \">\r\n                    <a target=\"\"\r\n                href=\"https:\/\/www.susanaurbanointeriors.com\/de\/proyectos\/little-india\/\">Little India<\/a>\r\n            <\/div>\r\n    <div class=\"element element_1605604384919  thumb_link \">\r\n                    <a target=\"\" href=\"https:\/\/www.susanaurbanointeriors.com\/de\/proyectos\/little-india\/\"><img decoding=\"async\"\r\n                    alt=\"Proyecto de Interiorismo: Little India\" src=\"https:\/\/www.susanaurbanointeriors.com\/wp-content\/uploads\/2020\/11\/littleindia.jpg\"><\/a>\r\n            <\/div>\r\n  <\/div>\n    <\/div>\n  <\/div><div class=\"item item-3903 skin flip-x even 4 \">\n        <div class=\"layer-wrapper layout-\">\n        <div class=\"layer-media\"><a href=\"https:\/\/www.susanaurbanointeriors.com\/de\/proyectos\/the-bird-nest\/\"><img decoding=\"async\" alt=\"Proyecto de Interiorismo: The Bird Nest\" src=\"https:\/\/www.susanaurbanointeriors.com\/wp-content\/uploads\/2020\/11\/birdnest.jpg\" \/><\/a><\/div>\n  <div class=\"layer-content\">\n        <div class=\"element element_1605604377236  title \">\r\n                    <a target=\"\"\r\n                href=\"https:\/\/www.susanaurbanointeriors.com\/de\/proyectos\/the-bird-nest\/\">The bird nest<\/a>\r\n            <\/div>\r\n    <div class=\"element element_1605604384919  thumb_link \">\r\n                    <a target=\"\" href=\"https:\/\/www.susanaurbanointeriors.com\/de\/proyectos\/the-bird-nest\/\"><img decoding=\"async\"\r\n                    alt=\"Proyecto de Interiorismo: The Bird Nest\" src=\"https:\/\/www.susanaurbanointeriors.com\/wp-content\/uploads\/2020\/11\/birdnest.jpg\"><\/a>\r\n            <\/div>\r\n  <\/div>\n    <\/div>\n  <\/div><div class=\"item item-3894 skin flip-x odd 5 \">\n        <div class=\"layer-wrapper layout-\">\n        <div class=\"layer-media\"><a href=\"https:\/\/www.susanaurbanointeriors.com\/de\/proyectos\/the-lodge\/\"><img decoding=\"async\" alt=\"Proyecto de Interiorismo: The Lodge\" src=\"https:\/\/www.susanaurbanointeriors.com\/wp-content\/uploads\/2020\/11\/thelodge.jpg\" \/><\/a><\/div>\n  <div class=\"layer-content\">\n        <div class=\"element element_1605604377236  title \">\r\n                    <a target=\"\"\r\n                href=\"https:\/\/www.susanaurbanointeriors.com\/de\/proyectos\/the-lodge\/\">The Lodge<\/a>\r\n            <\/div>\r\n    <div class=\"element element_1605604384919  thumb_link \">\r\n                    <a target=\"\" href=\"https:\/\/www.susanaurbanointeriors.com\/de\/proyectos\/the-lodge\/\"><img decoding=\"async\"\r\n                    alt=\"Proyecto de Interiorismo: The Lodge\" src=\"https:\/\/www.susanaurbanointeriors.com\/wp-content\/uploads\/2020\/11\/thelodge.jpg\"><\/a>\r\n            <\/div>\r\n  <\/div>\n    <\/div>\n  <\/div><div class=\"item item-2534 skin flip-x even 6 \">\n        <div class=\"layer-wrapper layout-\">\n        <div class=\"layer-media\"><a href=\"https:\/\/www.susanaurbanointeriors.com\/de\/proyectos\/the-sleeping-beauty\/\"><img decoding=\"async\" alt=\"Proyecto de Interiorismo: The Sleepy\" src=\"https:\/\/www.susanaurbanointeriors.com\/wp-content\/uploads\/2020\/11\/sleepingbeauty-1024x683.jpg\" \/><\/a><\/div>\n  <div class=\"layer-content\">\n        <div class=\"element element_1605604377236  title \">\r\n                    <a target=\"\"\r\n                href=\"https:\/\/www.susanaurbanointeriors.com\/de\/proyectos\/the-sleeping-beauty\/\">The sleeping beauty<\/a>\r\n            <\/div>\r\n    <div class=\"element element_1605604384919  thumb_link \">\r\n                    <a target=\"\" href=\"https:\/\/www.susanaurbanointeriors.com\/de\/proyectos\/the-sleeping-beauty\/\"><img decoding=\"async\"\r\n                    alt=\"Proyecto de Interiorismo: The Sleepy\" src=\"https:\/\/www.susanaurbanointeriors.com\/wp-content\/uploads\/2020\/11\/sleepingbeauty-1024x683.jpg\"><\/a>\r\n            <\/div>\r\n  <\/div>\n    <\/div>\n  <\/div><div class=\"item item-2512 skin flip-x odd 7 \">\n        <div class=\"layer-wrapper layout-\">\n        <div class=\"layer-media\"><a href=\"https:\/\/www.susanaurbanointeriors.com\/de\/proyectos\/der-spiegel\/\"><img decoding=\"async\" alt=\"Proyecto de Interiorismo: The Lodge\" src=\"https:\/\/www.susanaurbanointeriors.com\/wp-content\/uploads\/2020\/11\/elespejo-2-1024x682.jpg\" \/><\/a><\/div>\n  <div class=\"layer-content\">\n        <div class=\"element element_1605604377236  title \">\r\n                    <a target=\"\"\r\n                href=\"https:\/\/www.susanaurbanointeriors.com\/de\/proyectos\/der-spiegel\/\">Der Spiegel<\/a>\r\n            <\/div>\r\n    <div class=\"element element_1605604384919  thumb_link \">\r\n                    <a target=\"\" href=\"https:\/\/www.susanaurbanointeriors.com\/de\/proyectos\/der-spiegel\/\"><img decoding=\"async\"\r\n                    alt=\"Proyecto de Interiorismo: The Lodge\" src=\"https:\/\/www.susanaurbanointeriors.com\/wp-content\/uploads\/2020\/11\/elespejo-2-1024x682.jpg\"><\/a>\r\n            <\/div>\r\n  <\/div>\n    <\/div>\n  <\/div><div class=\"item item-3934 skin flip-x even 8 \">\n        <div class=\"layer-wrapper layout-\">\n        <div class=\"layer-media\"><a href=\"https:\/\/www.susanaurbanointeriors.com\/de\/proyectos\/lady-susana\/\"><img decoding=\"async\" alt=\"Proyecto de Interiorismo: Lady Susana\" src=\"https:\/\/www.susanaurbanointeriors.com\/wp-content\/uploads\/2020\/11\/ladysusana-1024x683.jpg\" \/><\/a><\/div>\n  <div class=\"layer-content\">\n        <div class=\"element element_1605604377236  title \">\r\n                    <a target=\"\"\r\n                href=\"https:\/\/www.susanaurbanointeriors.com\/de\/proyectos\/lady-susana\/\">Lady Susana<\/a>\r\n            <\/div>\r\n    <div class=\"element element_1605604384919  thumb_link \">\r\n                    <a target=\"\" href=\"https:\/\/www.susanaurbanointeriors.com\/de\/proyectos\/lady-susana\/\"><img decoding=\"async\"\r\n                    alt=\"Proyecto de Interiorismo: Lady Susana\" src=\"https:\/\/www.susanaurbanointeriors.com\/wp-content\/uploads\/2020\/11\/ladysusana-1024x683.jpg\"><\/a>\r\n            <\/div>\r\n  <\/div>\n    <\/div>\n  <\/div>    <\/div>\n        <script>\n          <\/script>\n    <style type=\"text\/css\">\n    #post-grid-2942 .element_1605604377236 {\n      display: block;font-size: 21px;line-height: normal;padding: 5px 10px;text-align: left;    }\n\n    #post-grid-2942 .element_1605604384919 {\n      display: block;font-size: 13px;line-height: normal;padding: 5px 10px;text-align: left;    }\n\n    #post-grid-2942 .element_1605604377236:hover{}#post-grid-2942 .element_1605604384919:hover{}  <\/style>\n  <style type=\"text\/css\">\n    #post-grid-2942 {\n      padding: 0px;\n      background-color: #f5f3f0;\n          }\n\n    #post-grid-2942 .item {\n      padding: 0px;\n      background: #fff;\n          }\n\n    #post-grid-2942 .item .layer-media {\n      height:auto;    }\n\n    @media only screen and (min-width: 0px) and (max-width: 767px) {\n      #post-grid-2942 .grid-items {\n        text-align: center;\n              }\n\n      #post-grid-2942 .item {\n        width: 95%;\n        margin: 4px;\n        display: inline-block;\n        vertical-align: top;\n        height:auto;      }\n    }\n\n    @media only screen and (min-width: 768px) and (max-width: 1023px) {\n      #post-grid-2942 .grid-items {\n        text-align: center;\n              }\n\n      #post-grid-2942 .item {\n        width: 186px;\n        margin: 4px;\n        display: inline-block;\n        vertical-align: top;\n        max-height:auto;      }\n    }\n\n    @media only screen and (min-width: 1024px) {\n      #post-grid-2942 .grid-items {\n        text-align: center;\n              }\n\n      #post-grid-2942 .item {\n        width: 374px;\n        display: inline-block;\n        margin: 4px;\n        vertical-align: top;\n        height:auto;      }\n    }\n\n      <\/style>\n  <\/div>\n<\/pee>[\/et_pb_code][\/et_pb_column][\/et_pb_row][\/et_pb_section][et_pb_section fb_built=&#8220;1&#8243; module_id=&#8220;prozess&#8220; _builder_version=&#8220;4.16&#8243; _module_preset=&#8220;default&#8220; global_colors_info=&#8220;{}&#8220;][et_pb_row _builder_version=&#8220;4.16&#8243; _module_preset=&#8220;default&#8220; width=&#8220;100%&#8220; max_width=&#8220;100%&#8220; global_colors_info=&#8220;{}&#8220;][et_pb_column type=&#8220;4_4&#8243; _builder_version=&#8220;4.16&#8243; _module_preset=&#8220;default&#8220; global_colors_info=&#8220;{}&#8220;]<\/p>\n<p>[et_pb_video src=&#8220;https:\/\/youtu.be\/srp3EbisCAM&#8220; image_src=&#8220;https:\/\/www.susanaurbanointeriors.com\/wp-content\/uploads\/2020\/09\/susana-urbano-interiors-8.jpg&#8220; thumbnail_overlay_color=&#8220;rgba(0,0,0,0.6)&#8220; _builder_version=&#8220;4.6.3&#8243; _module_preset=&#8220;default&#8220; hover_enabled=&#8220;0&#8243; sticky_enabled=&#8220;0&#8243;][\/et_pb_video]<\/p>\n<p>[\/et_pb_column][\/et_pb_row][\/et_pb_section][et_pb_section fb_built=&#8220;1&#8243; _builder_version=&#8220;4.16&#8243; _module_preset=&#8220;default&#8220; background_enable_image=&#8220;off&#8220; background_size=&#8220;initial&#8220; background_position=&#8220;top_right&#8220; custom_margin=&#8220;50px||||false|false&#8220; global_colors_info=&#8220;{}&#8220;][et_pb_row _builder_version=&#8220;4.16&#8243; _module_preset=&#8220;default&#8220; global_colors_info=&#8220;{}&#8220;][et_pb_column type=&#8220;4_4&#8243; _builder_version=&#8220;4.16&#8243; _module_preset=&#8220;default&#8220; global_colors_info=&#8220;{}&#8220;][et_pb_text _builder_version=&#8220;4.16&#8243; _module_preset=&#8220;default&#8220; text_font=&#8220;|600|||||||&#8220; text_font_size=&#8220;18px&#8220; text_orientation=&#8220;center&#8220; global_colors_info=&#8220;{}&#8220;]<\/p>\n<p>Deutschland &amp; Spanien<\/p>\n<p>[\/et_pb_text][et_pb_text _builder_version=&#8220;4.16&#8243; _module_preset=&#8220;default&#8220; text_font=&#8220;|600|||||||&#8220; header_font=&#8220;|300|||||||&#8220; header_text_color=&#8220;#414141&#8243; header_font_size=&#8220;65px&#8220; header_letter_spacing=&#8220;-2px&#8220; text_orientation=&#8220;center&#8220; max_width=&#8220;550px&#8220; module_alignment=&#8220;center&#8220; header_font_size_tablet=&#8220;&#8220; header_font_size_phone=&#8220;55px&#8220; header_font_size_last_edited=&#8220;on|phone&#8220; global_colors_info=&#8220;{}&#8220;]<\/p>\n<h1>Meine Arbeit konzentriert sich <br \/>auf Spanien und Deutschland<\/h1>\n<p>[\/et_pb_text][et_pb_text module_class=&#8220;tk-neue-haas-unica&#8220; _builder_version=&#8220;4.16&#8243; _module_preset=&#8220;default&#8220; text_font=&#8220;|300|||||||&#8220; text_text_color=&#8220;#414141&#8243; text_font_size=&#8220;18px&#8220; text_orientation=&#8220;center&#8220; global_colors_info=&#8220;{}&#8220;]<\/p>\n<p>Alles beginnt von einem einzigen Konzept bis zur endg\u00fcltigen Ausf\u00fchrung.<\/p>\n<p>[\/et_pb_text][et_pb_text _builder_version=&#8220;4.16&#8243; _module_preset=&#8220;default&#8220; text_font=&#8220;|300|||||||&#8220; text_text_color=&#8220;#414141&#8243; text_font_size=&#8220;28px&#8220; text_letter_spacing=&#8220;-1.5px&#8220; text_line_height=&#8220;1.4em&#8220; text_orientation=&#8220;justified&#8220; max_width=&#8220;860px&#8220; module_alignment=&#8220;center&#8220; text_font_size_tablet=&#8220;&#8220; text_font_size_phone=&#8220;22px&#8220; text_font_size_last_edited=&#8220;on|phone&#8220; global_colors_info=&#8220;{}&#8220;]<\/p>\n<p>\u201eDer Unterschied zwischen Susana und anderen Innenarchitekten besteht darin, dass sie das Neue mit dem Alten unter Verwendung unkonventioneller Farben, Materialien und Texturen kombinieren kann.&#8220;<\/p>\n<p>[\/et_pb_text][\/et_pb_column][\/et_pb_row][\/et_pb_section][et_pb_section fb_built=&#8220;1&#8243; module_id=&#8220;Studio&#8220; _builder_version=&#8220;4.16&#8243; _module_preset=&#8220;default&#8220; global_colors_info=&#8220;{}&#8220;][et_pb_row _builder_version=&#8220;4.16&#8243; _module_preset=&#8220;default&#8220; global_colors_info=&#8220;{}&#8220;][et_pb_column type=&#8220;4_4&#8243; _builder_version=&#8220;4.16&#8243; _module_preset=&#8220;default&#8220; global_colors_info=&#8220;{}&#8220;][et_pb_text _builder_version=&#8220;4.16&#8243; _module_preset=&#8220;default&#8220; header_font=&#8220;|300|||||||&#8220; header_2_font=&#8220;|300|||||||&#8220; header_2_font_size=&#8220;40px&#8220; header_2_letter_spacing=&#8220;-1.5px&#8220; max_width=&#8220;310px&#8220; custom_margin=&#8220;|||90px|false|false&#8220; header_2_font_size_tablet=&#8220;&#8220; header_2_font_size_phone=&#8220;35px&#8220; header_2_font_size_last_edited=&#8220;on|desktop&#8220; global_colors_info=&#8220;{}&#8220;]<\/p>\n<h2>In unserem haben wir uns spezialisiert auf:<\/h2>\n<p>[\/et_pb_text][et_pb_text _builder_version=&#8220;4.16&#8243; _module_preset=&#8220;default&#8220; text_font_size=&#8220;18px&#8220; transform_scale_tablet=&#8220;&#8220; transform_scale_phone=&#8220;&#8220; transform_scale_last_edited=&#8220;on|desktop&#8220; transform_translate=&#8220;8px|-95px&#8220; transform_translate_tablet=&#8220;&#8220; transform_translate_phone=&#8220;8px|-87px&#8220; transform_translate_last_edited=&#8220;on|phone&#8220; transform_translate_linked=&#8220;off&#8220; transform_rotate=&#8220;0deg|0deg|270deg&#8220; transform_rotate_tablet=&#8220;&#8220; transform_rotate_phone=&#8220;&#8220; transform_rotate_last_edited=&#8220;on|desktop&#8220; transform_skew_tablet=&#8220;&#8220; transform_skew_phone=&#8220;&#8220; transform_skew_last_edited=&#8220;on|desktop&#8220; transform_origin_tablet=&#8220;&#8220; transform_origin_phone=&#8220;&#8220; transform_origin_last_edited=&#8220;on|desktop&#8220; transform_styles_last_edited=&#8220;on|phone&#8220; max_width=&#8220;80px&#8220; transform_styles_tablet=&#8220;&#8220; transform_styles_phone=&#8220;&#8220; global_colors_info=&#8220;{}&#8220;]<\/p>\n<p>In unser Studio<\/p>\n<p>[\/et_pb_text][\/et_pb_column][\/et_pb_row][et_pb_row column_structure=&#8220;1_3,1_3,1_3&#8243; use_custom_gutter=&#8220;on&#8220; gutter_width=&#8220;2&#8243; _builder_version=&#8220;4.16&#8243; _module_preset=&#8220;default&#8220; width=&#8220;95%&#8220; width_tablet=&#8220;&#8220; width_phone=&#8220;80%&#8220; width_last_edited=&#8220;on|phone&#8220; max_width=&#8220;100%&#8220; max_width_tablet=&#8220;&#8220; max_width_phone=&#8220;&#8220; max_width_last_edited=&#8220;on|phone&#8220; global_colors_info=&#8220;{}&#8220;][et_pb_column type=&#8220;1_3&#8243; _builder_version=&#8220;4.16&#8243; _module_preset=&#8220;default&#8220; global_colors_info=&#8220;{}&#8220;][et_pb_image src=&#8220;https:\/\/www.susanaurbanointeriors.com\/wp-content\/uploads\/2020\/09\/susana-urbano-interiors-4-1.jpg&#8220; alt=&#8220;@ET-DC@eyJkeW5hbWljIjp0cnVlLCJjb250ZW50Ijoic2l0ZV90aXRsZSIsInNldHRpbmdzIjp7ImJlZm9yZSI6IiIsImFmdGVyIjoiIn19@&#8220; url=&#8220;https:\/\/www.susanaurbanointeriors.com\/de\/proyectos\/#interiores&#8220; align=&#8220;center&#8220; _builder_version=&#8220;4.16&#8243; _dynamic_attributes=&#8220;alt&#8220; _module_preset=&#8220;default&#8220; custom_margin=&#8220;||20px||false|false&#8220; global_colors_info=&#8220;{}&#8220;][\/et_pb_image][et_pb_text _builder_version=&#8220;4.16&#8243; _module_preset=&#8220;default&#8220; text_font=&#8220;|300|||||||&#8220; text_font_size=&#8220;17px&#8220; custom_margin=&#8220;||20px||false|false&#8220; link_option_url=&#8220;https:\/\/www.susanaurbanointeriors.com\/de\/proyectos\/#interiores&#8220; text_font_size_tablet=&#8220;&#8220; text_font_size_phone=&#8220;14px&#8220; text_font_size_last_edited=&#8220;on|phone&#8220; global_colors_info=&#8220;{}&#8220;]<\/p>\n<p>Von der Zeichnung bis zum letzten Detail<\/p>\n<p>[\/et_pb_text][et_pb_text _builder_version=&#8220;4.16&#8243; _module_preset=&#8220;default&#8220; text_font=&#8220;|300|||||||&#8220; text_font_size=&#8220;17px&#8220; header_3_font=&#8220;|300|||||||&#8220; header_3_font_size=&#8220;32px&#8220; custom_margin=&#8220;||20px||false|false&#8220; link_option_url=&#8220;https:\/\/www.susanaurbanointeriors.com\/de\/proyectos\/#interiores&#8220; text_font_size_tablet=&#8220;&#8220; text_font_size_phone=&#8220;14px&#8220; text_font_size_last_edited=&#8220;on|phone&#8220; header_3_font_size_tablet=&#8220;&#8220; header_3_font_size_phone=&#8220;28px&#8220; header_3_font_size_last_edited=&#8220;on|phone&#8220; global_colors_info=&#8220;{}&#8220;]<\/p>\n<h3>Innenarchitektur<\/h3>\n<p>[\/et_pb_text][et_pb_toggle title=&#8220;Weitere Details&#8220; open_toggle_text_color=&#8220;#414141&#8243; open_toggle_background_color=&#8220;rgba(0,0,0,0)&#8220; closed_toggle_text_color=&#8220;#414141&#8243; closed_toggle_background_color=&#8220;rgba(0,0,0,0)&#8220; icon_color=&#8220;#414141&#8243; open_icon_color=&#8220;#414141&#8243; module_class=&#8220;et-readmore-toggle tk-neue-haas-unica &#8220; _builder_version=&#8220;4.16&#8243; _module_preset=&#8220;default&#8220; title_text_color=&#8220;#414141&#8243; body_font=&#8220;|300|||||||&#8220; custom_padding=&#8220;0px|0px|0px|0px|false|true&#8220; custom_css_main_element=&#8220;display:flex;||flex-direction: column;||align-items: flex-start;&#8220; custom_css_toggle_title=&#8220;order:2;||padding-right:25px !important;&#8220; custom_css_toggle_content=&#8220;order:1;||padding: 0px;&#8220; border_width_all=&#8220;0px&#8220; icon_color__hover=&#8220;#f5f3f0&#8243; icon_color__hover_enabled=&#8220;off|hover&#8220; global_colors_info=&#8220;{}&#8220; open_toggle_text_color__hover_enabled=&#8220;off|desktop&#8220; title_text_color__hover_enabled=&#8220;off|desktop&#8220; open_toggle_text_color__hover=&#8220;#f5f3f0&#8243; title_text_color__hover=&#8220;#f5f3f0&#8243; closed_toggle_text_color__hover_enabled=&#8220;off|desktop&#8220; closed_toggle_text_color__hover=&#8220;#f5f3f0&#8243; open_icon_color__hover=&#8220;#f5f3f0&#8243; open_icon_color__hover_enabled=&#8220;off|hover&#8220;]<\/p>\n<p>Individuelle L\u00f6sungen bis zum letzten Detail. Egal ob Neubau oder Umbau, wir unterst\u00fctzen Sie bei der Neugestaltung Ihre R\u00e4umlichkeiten.<\/p>\n<p>Wir sind spezialisiert auf:<br \/>\u00b7 Optimierung und Verteilung von R\u00e4umen<br \/>\u00b7 Lichtkonzept<br \/>\u00b7 Auswahl von Originalmaterialien und stoffe<br \/>\u00b7 Kundenspezifisches M\u00f6beldesign<br \/>\u00b7 Konzept und Renovierung von<br \/>\u00b7 Badezimmer, K\u00fcchen und Spas<\/p>\n<p>Pl\u00e4ne in 2D und\/oder 3D um die Visualisierung des Projekts zu unterst\u00fctzen.<\/p>\n<p>[\/et_pb_toggle][et_pb_code _builder_version=&#8220;4.16&#8243; _module_preset=&#8220;default&#8220; global_colors_info=&#8220;{}&#8220;]<pee><script>(function($) {<!-- [et_pb_line_break_holder] -->    $(document).ready(function(){<!-- [et_pb_line_break_holder] -->        $('.et-readmore-toggle .et_pb_toggle_title').on('click', function(e) {<!-- [et_pb_line_break_holder] -->            if ($(e.target).closest('.et-readmore-toggle').hasClass('et_pb_toggle_open')) {<!-- [et_pb_line_break_holder] -->                $(this).text('Mehr sehen');<!-- [et_pb_line_break_holder] -->            } else {<!-- [et_pb_line_break_holder] -->                $(this).text('Schlie\u00dfen');<!-- [et_pb_line_break_holder] -->            }<!-- [et_pb_line_break_holder] -->        });<!-- [et_pb_line_break_holder] -->    });<!-- [et_pb_line_break_holder] -->})(jQuery);<\/script><\/pee>\n<!-- [et_pb_line_break_holder] -->[\/et_pb_code][\/et_pb_column][et_pb_column type=&#8220;1_3&#8243; _builder_version=&#8220;4.16&#8243; _module_preset=&#8220;default&#8220; custom_padding=&#8220;||||false|false&#8220; custom_padding_tablet=&#8220;0px||||false|false&#8220; custom_padding_last_edited=&#8220;off|desktop&#8220; global_colors_info=&#8220;{}&#8220;][et_pb_image src=&#8220;https:\/\/www.susanaurbanointeriors.com\/wp-content\/uploads\/2020\/11\/Home-staging_01.jpg&#8220; alt=&#8220;@ET-DC@eyJkeW5hbWljIjp0cnVlLCJjb250ZW50Ijoic2l0ZV90aXRsZSIsInNldHRpbmdzIjp7ImJlZm9yZSI6IiIsImFmdGVyIjoiIn19@&#8220; url=&#8220;https:\/\/www.susanaurbanointeriors.com\/de\/proyectos\/#home&#8220; align=&#8220;center&#8220; _builder_version=&#8220;4.16&#8243; _dynamic_attributes=&#8220;alt&#8220; _module_preset=&#8220;default&#8220; custom_margin=&#8220;||20px||false|false&#8220; global_colors_info=&#8220;{}&#8220;][\/et_pb_image][et_pb_text _builder_version=&#8220;4.16&#8243; _module_preset=&#8220;default&#8220; text_font=&#8220;|300|||||||&#8220; text_font_size=&#8220;17px&#8220; custom_margin=&#8220;||20px||false|false&#8220; link_option_url=&#8220;https:\/\/www.susanaurbanointeriors.com\/de\/proyectos\/#home&#8220; text_font_size_tablet=&#8220;&#8220; text_font_size_phone=&#8220;14px&#8220; text_font_size_last_edited=&#8220;on|phone&#8220; global_colors_info=&#8220;{}&#8220;]<\/p>\n<p>Attraktives Marketing f\u00fcr Immobilien<\/p>\n<p>[\/et_pb_text][et_pb_text _builder_version=&#8220;4.16&#8243; _module_preset=&#8220;default&#8220; text_font=&#8220;|300|||||||&#8220; text_font_size=&#8220;17px&#8220; header_3_font=&#8220;|300|||||||&#8220; header_3_font_size=&#8220;32px&#8220; custom_margin=&#8220;||20px||false|false&#8220; link_option_url=&#8220;https:\/\/www.susanaurbanointeriors.com\/de\/proyectos\/#home&#8220; text_font_size_tablet=&#8220;&#8220; text_font_size_phone=&#8220;14px&#8220; text_font_size_last_edited=&#8220;on|phone&#8220; header_3_font_size_tablet=&#8220;&#8220; header_3_font_size_phone=&#8220;28px&#8220; header_3_font_size_last_edited=&#8220;on|phone&#8220; global_colors_info=&#8220;{}&#8220;]<\/p>\n<h3>Home staging<\/h3>\n<p>[\/et_pb_text][et_pb_toggle title=&#8220;Weitere Details&#8220; open_toggle_text_color=&#8220;#414141&#8243; open_toggle_background_color=&#8220;rgba(0,0,0,0)&#8220; closed_toggle_text_color=&#8220;#414141&#8243; closed_toggle_background_color=&#8220;rgba(0,0,0,0)&#8220; icon_color=&#8220;#414141&#8243; open_icon_color=&#8220;#414141&#8243; module_class=&#8220;et-readmore-toggle tk-neue-haas-unica &#8220; _builder_version=&#8220;4.16&#8243; _module_preset=&#8220;default&#8220; title_text_color=&#8220;#414141&#8243; body_font=&#8220;|300|||||||&#8220; custom_padding=&#8220;0px|0px|0px|0px|false|true&#8220; custom_css_main_element=&#8220;display:flex;||flex-direction: column;||align-items: flex-start;&#8220; custom_css_toggle_title=&#8220;order:2;||padding-right:25px !important;&#8220; custom_css_toggle_content=&#8220;order:1;||padding: 0px;&#8220; border_width_all=&#8220;0px&#8220; icon_color__hover=&#8220;#f5f3f0&#8243; icon_color__hover_enabled=&#8220;off|desktop&#8220; global_colors_info=&#8220;{}&#8220; open_toggle_text_color__hover_enabled=&#8220;off|hover&#8220; title_text_color__hover_enabled=&#8220;off|hover&#8220; open_toggle_text_color__hover=&#8220;#f5f3f0&#8243; title_text_color__hover=&#8220;#f5f3f0&#8243; closed_toggle_text_color__hover_enabled=&#8220;off|hover&#8220; closed_toggle_text_color__hover=&#8220;#f5f3f0&#8243; open_icon_color__hover=&#8220;#f5f3f0&#8243; open_icon_color__hover_enabled=&#8220;off|desktop&#8220;]<\/p>\n<p>Jede Immobilie und jedes Vorhaben ist einzigartig.<\/p>\n<p>Mein Ziel ist es, Ihr Objekt f\u00fcr eine definierte Interessentengruppe vorzubereiten. So bekommen Ihre R\u00e4ume Pers\u00f6nlichkeit. Sie werden modern, stilvoll und einmalig, jedoch neutral f\u00fcr die Wohntr\u00e4ume Ihrer K\u00e4ufer oder Mieter.<\/p>\n<p>Ich lege viel Wert auf Qualit\u00e4t. Ich entwerfe ein Konzept, das Ihre Immobilie am Markt deutlich von anderen abheben wird und zu einem zeitnahen und lukrativen Verkaufs-Ver-mietungserfolg f\u00fchren wird.<\/p>\n<p>Je nach Wunsch biete ich von der Beratung bis zum Teil oder Fullservice folgende Leistungen an:<br \/>\u00b7 Entr\u00fcmpelungsarbeiten<br \/>\u00b7 An- und Abtransport von M\u00f6bel, Pflanzen, Accessoires<br \/>\u00b7 Einlagerung von vorhandenem Mobiliar<br \/>\u00b7 Aufr\u00e4umarbeiten<br \/>\u00b7 Farbkonzept<br \/>\u00b7 Implementierung ad\u00e4quater Beleuchtung<br \/>\u00b7 Bereitstellung von M\u00f6beln, Accessoires, Kunstobjekten, Pflanzen<br \/>\u00b7 Raumgestaltung<br \/>\u00b7 Reparatur\/Malerarbeiten<br \/>\u00b7 Gartenpflege<br \/>\u00b7 Foto-\/Video-Dokumentation der inszenierten Bereiche<\/p>\n<p>[\/et_pb_toggle][et_pb_code _builder_version=&#8220;4.16&#8243; _module_preset=&#8220;default&#8220; global_colors_info=&#8220;{}&#8220;]<pee><script>(function($) {<!-- [et_pb_line_break_holder] -->    $(document).ready(function(){<!-- [et_pb_line_break_holder] -->        $('.et-readmore-toggle .et_pb_toggle_title').on('click', function(e) {<!-- [et_pb_line_break_holder] -->            if ($(e.target).closest('.et-readmore-toggle').hasClass('et_pb_toggle_open')) {<!-- [et_pb_line_break_holder] -->                $(this).text('Mehr sehen');<!-- [et_pb_line_break_holder] -->            } else {<!-- [et_pb_line_break_holder] -->                $(this).text('Schlie\u00dfen');<!-- [et_pb_line_break_holder] -->            }<!-- [et_pb_line_break_holder] -->        });<!-- [et_pb_line_break_holder] -->    });<!-- [et_pb_line_break_holder] -->})(jQuery);<\/script><\/pee>\n<!-- [et_pb_line_break_holder] -->[\/et_pb_code][\/et_pb_column][et_pb_column type=&#8220;1_3&#8243; _builder_version=&#8220;4.16&#8243; _module_preset=&#8220;default&#8220; custom_padding=&#8220;||||false|false&#8220; custom_padding_tablet=&#8220;0px||||false|false&#8220; custom_padding_last_edited=&#8220;off|desktop&#8220; global_colors_info=&#8220;{}&#8220;][et_pb_image src=&#8220;https:\/\/www.susanaurbanointeriors.com\/wp-content\/uploads\/2020\/11\/SusanaUrbano_ladysusana0-1.jpg&#8220; alt=&#8220;@ET-DC@eyJkeW5hbWljIjp0cnVlLCJjb250ZW50Ijoic2l0ZV90aXRsZSIsInNldHRpbmdzIjp7ImJlZm9yZSI6IlN1c2FuYSBVcmJhbm8gLSBJbnRlcmlvcmVzIGVuIHlhdGVzIiwiYWZ0ZXIiOiJTdXNhbmEgVXJiYW5vIC0gSW50ZXJpb3JlcyBlbiB5YXRlcyJ9fQ==@&#8220; url=&#8220;https:\/\/www.susanaurbanointeriors.com\/de\/proyectos\/#yatch&#8220; align=&#8220;center&#8220; _builder_version=&#8220;4.16&#8243; _dynamic_attributes=&#8220;alt&#8220; _module_preset=&#8220;default&#8220; custom_margin=&#8220;||20px||false|false&#8220; global_colors_info=&#8220;{}&#8220;][\/et_pb_image][et_pb_text _builder_version=&#8220;4.16&#8243; _module_preset=&#8220;default&#8220; text_font=&#8220;|300|||||||&#8220; text_font_size=&#8220;17px&#8220; custom_margin=&#8220;||20px||false|false&#8220; link_option_url=&#8220;https:\/\/www.susanaurbanointeriors.com\/de\/proyectos\/#yatch&#8220; text_font_size_tablet=&#8220;&#8220; text_font_size_phone=&#8220;14px&#8220; text_font_size_last_edited=&#8220;on|phone&#8220; global_colors_info=&#8220;{}&#8220;]<\/p>\n<p>Ihr Zuhause auf dem Wasser<\/p>\n<p>[\/et_pb_text][et_pb_text _builder_version=&#8220;4.16&#8243; _module_preset=&#8220;default&#8220; text_font=&#8220;|300|||||||&#8220; text_font_size=&#8220;17px&#8220; header_3_font=&#8220;|300|||||||&#8220; header_3_font_size=&#8220;32px&#8220; custom_margin=&#8220;||20px||false|false&#8220; link_option_url=&#8220;https:\/\/www.susanaurbanointeriors.com\/de\/proyectos\/#yatch&#8220; text_font_size_tablet=&#8220;&#8220; text_font_size_phone=&#8220;14px&#8220; text_font_size_last_edited=&#8220;on|phone&#8220; header_3_font_size_tablet=&#8220;&#8220; header_3_font_size_phone=&#8220;28px&#8220; header_3_font_size_last_edited=&#8220;on|phone&#8220; global_colors_info=&#8220;{}&#8220;]<\/p>\n<h3>Innenaustattung f\u00fcr Luxusyachten<\/h3>\n<p>[\/et_pb_text][et_pb_toggle title=&#8220;Weitere Details&#8220; open_toggle_text_color=&#8220;#414141&#8243; open_toggle_background_color=&#8220;rgba(0,0,0,0)&#8220; closed_toggle_text_color=&#8220;#414141&#8243; closed_toggle_background_color=&#8220;rgba(0,0,0,0)&#8220; icon_color=&#8220;#414141&#8243; open_icon_color=&#8220;#414141&#8243; module_class=&#8220;et-readmore-toggle tk-neue-haas-unica &#8220; _builder_version=&#8220;4.16&#8243; _module_preset=&#8220;default&#8220; title_text_color=&#8220;#414141&#8243; body_font=&#8220;|300|||||||&#8220; custom_padding=&#8220;0px|0px|0px|0px|false|true&#8220; custom_css_main_element=&#8220;display:flex;||flex-direction: column;||align-items: flex-start;&#8220; custom_css_toggle_title=&#8220;order:2;||padding-right:25px !important;&#8220; custom_css_toggle_content=&#8220;order:1;||padding: 0px;&#8220; border_width_all=&#8220;0px&#8220; icon_color__hover=&#8220;#f5f3f0&#8243; icon_color__hover_enabled=&#8220;off|desktop&#8220; global_colors_info=&#8220;{}&#8220; open_toggle_text_color__hover_enabled=&#8220;off|desktop&#8220; title_text_color__hover_enabled=&#8220;off|desktop&#8220; open_toggle_text_color__hover=&#8220;#f5f3f0&#8243; title_text_color__hover=&#8220;#f5f3f0&#8243; closed_toggle_text_color__hover_enabled=&#8220;off|desktop&#8220; closed_toggle_text_color__hover=&#8220;#f5f3f0&#8243; open_icon_color__hover=&#8220;#f5f3f0&#8243; open_icon_color__hover_enabled=&#8220;off|desktop&#8220;]<\/p>\n<p>Wir helfen Ihnen gerne dabei, Ihre Luxusyacht als Ihr Haus auf dem Wasser zu gestalten. Mit speziellen neuartigen Materialien, die f\u00fcr den Yacht Sektor geeignet sind, aber mit dem Design, der Exklusivit\u00e4t und dem Komfort Ihres Zuhauses.<\/p>\n<p>[\/et_pb_toggle][et_pb_code _builder_version=&#8220;4.16&#8243; _module_preset=&#8220;default&#8220; global_colors_info=&#8220;{}&#8220;]<pee><script>(function($) {<!-- [et_pb_line_break_holder] -->    $(document).ready(function(){<!-- [et_pb_line_break_holder] -->        $('.et-readmore-toggle .et_pb_toggle_title').on('click', function(e) {<!-- [et_pb_line_break_holder] -->            if ($(e.target).closest('.et-readmore-toggle').hasClass('et_pb_toggle_open')) {<!-- [et_pb_line_break_holder] -->                $(this).text('Mehr sehen');<!-- [et_pb_line_break_holder] -->            } else {<!-- [et_pb_line_break_holder] -->                $(this).text('Schlie\u00dfen');<!-- [et_pb_line_break_holder] -->            }<!-- [et_pb_line_break_holder] -->        });<!-- [et_pb_line_break_holder] -->    });<!-- [et_pb_line_break_holder] -->})(jQuery);<\/script><\/pee>\n<!-- [et_pb_line_break_holder] -->[\/et_pb_code][\/et_pb_column][\/et_pb_row][\/et_pb_section][et_pb_section fb_built=&#8220;1&#8243; module_id=&#8220;start&#8220; _builder_version=&#8220;4.16&#8243; _module_preset=&#8220;default&#8220; background_enable_image=&#8220;off&#8220; background_size=&#8220;initial&#8220; background_position=&#8220;bottom_left&#8220; custom_padding=&#8220;||0px||false|false&#8220; global_colors_info=&#8220;{}&#8220;][et_pb_row column_structure=&#8220;1_2,1_2&#8243; _builder_version=&#8220;4.16&#8243; _module_preset=&#8220;default&#8220; width=&#8220;100%&#8220; width_tablet=&#8220;&#8220; width_phone=&#8220;80%&#8220; width_last_edited=&#8220;on|phone&#8220; max_width=&#8220;100%&#8220; custom_padding=&#8220;||0px||false|false&#8220; global_colors_info=&#8220;{}&#8220;][et_pb_column type=&#8220;1_2&#8243; _builder_version=&#8220;4.16&#8243; _module_preset=&#8220;default&#8220; global_colors_info=&#8220;{}&#8220;][et_pb_image src=&#8220;https:\/\/www.susanaurbanointeriors.com\/wp-content\/uploads\/2020\/09\/susana-urbano-interiors-7-1.jpg&#8220; alt=&#8220;@ET-DC@eyJkeW5hbWljIjp0cnVlLCJjb250ZW50Ijoic2l0ZV90aXRsZSIsInNldHRpbmdzIjp7ImJlZm9yZSI6IiIsImFmdGVyIjoiIn19@&#8220; force_fullwidth=&#8220;on&#8220; _builder_version=&#8220;4.16&#8243; _dynamic_attributes=&#8220;alt&#8220; _module_preset=&#8220;default&#8220; global_colors_info=&#8220;{}&#8220;][\/et_pb_image][\/et_pb_column][et_pb_column type=&#8220;1_2&#8243; _builder_version=&#8220;4.16&#8243; _module_preset=&#8220;default&#8220; positioning=&#8220;none&#8220; position_origin_a=&#8220;center_center&#8220; custom_padding=&#8220;50px|||100px|false|false&#8220; custom_padding_tablet=&#8220;&#8220; custom_padding_phone=&#8220;20px|||0px|false|false&#8220; custom_padding_last_edited=&#8220;on|desktop&#8220; global_colors_info=&#8220;{}&#8220;][et_pb_text _builder_version=&#8220;4.16&#8243; _module_preset=&#8220;default&#8220; text_font=&#8220;|300|||||||&#8220; header_2_font=&#8220;|300|||||||&#8220; header_2_font_size=&#8220;53px&#8220; header_2_line_height=&#8220;1.3em&#8220; max_width=&#8220;330px&#8220; custom_margin=&#8220;10%||||false|false&#8220; header_2_font_size_tablet=&#8220;&#8220; header_2_font_size_phone=&#8220;40px&#8220; header_2_font_size_last_edited=&#8220;on|phone&#8220; global_colors_info=&#8220;{}&#8220;]<\/p>\n<h2>Das wichtigste ist zu zuh\u00f6ren.<\/h2>\n<p>[\/et_pb_text][et_pb_text module_class=&#8220;tk-neue-haas-unica&#8220; _builder_version=&#8220;4.16&#8243; _module_preset=&#8220;default&#8220; text_font=&#8220;|300|||||||&#8220; text_font_size=&#8220;18px&#8220; text_line_height=&#8220;1.6em&#8220; text_orientation=&#8220;justified&#8220; max_width=&#8220;400px&#8220; text_font_size_tablet=&#8220;&#8220; text_font_size_phone=&#8220;16px&#8220; text_font_size_last_edited=&#8220;on|phone&#8220; global_colors_info=&#8220;{}&#8220;]<\/p>\n<p>Meine<span class=\"font-semibold\"> Philosophie<\/span> ist es, f\u00fcr meine Kunden ein <span class=\"font-semibold\">elegantes und hochwertiges Interior zu schaffen, der ihren Vorstellungen entspricht und deren Identit\u00e4t ausdr\u00fcckt,<\/span> in denen sie sich so wohl f\u00fchlen, dass weder sie noch ihre G\u00e4ste es verlassen m\u00f6chte.<\/p>\n<p>[\/et_pb_text][et_pb_button button_url=&#8220;https:\/\/www.susanaurbanointeriors.com\/de\/kontakt\/&#8220; button_text=&#8220;Kontaktieren Sie mich&#8220; _builder_version=&#8220;4.16&#8243; _module_preset=&#8220;7755be51-a3a9-450c-8978-2c05c27b52a8&#8243; custom_button=&#8220;on&#8220; global_colors_info=&#8220;{}&#8220;][\/et_pb_button][\/et_pb_column][\/et_pb_row][\/et_pb_section][et_pb_section fb_built=&#8220;1&#8243; _builder_version=&#8220;4.16&#8243; _module_preset=&#8220;default&#8220; global_colors_info=&#8220;{}&#8220;][et_pb_row _builder_version=&#8220;4.16&#8243; _module_preset=&#8220;default&#8220; max_width=&#8220;1080px&#8220; global_colors_info=&#8220;{}&#8220;][et_pb_column type=&#8220;4_4&#8243; _builder_version=&#8220;4.16&#8243; _module_preset=&#8220;default&#8220; global_colors_info=&#8220;{}&#8220;][et_pb_text _builder_version=&#8220;4.16&#8243; _module_preset=&#8220;default&#8220; text_font_size=&#8220;17px&#8220; text_orientation=&#8220;center&#8220; custom_margin=&#8220;||2px||false|false&#8220; global_colors_info=&#8220;{}&#8220;]<\/p>\n<p>Verfolgen Sie die Studie t\u00e4glich auf Instagram unter<\/p>\n<p>[\/et_pb_text][et_pb_text _builder_version=&#8220;4.23&#8243; _module_preset=&#8220;default&#8220; text_font_size=&#8220;36px&#8220; text_orientation=&#8220;center&#8220; hover_enabled=&#8220;0&#8243; text_font_size_tablet=&#8220;&#8220; text_font_size_phone=&#8220;28px&#8220; text_font_size_last_edited=&#8220;on|phone&#8220; global_colors_info=&#8220;{}&#8220; sticky_enabled=&#8220;0&#8243;]<\/p>\n<p><a href=\"https:\/\/www.instagram.com\/susana_urbanointeriors\/\">@susana_urbanointeriors<\/a><\/p>\n<p>[\/et_pb_text][et_pb_text _builder_version=&#8220;4.23&#8243; _module_preset=&#8220;default&#8220; text_font_size=&#8220;36px&#8220; text_orientation=&#8220;center&#8220; text_font_size_tablet=&#8220;&#8220; text_font_size_phone=&#8220;28px&#8220; text_font_size_last_edited=&#8220;on|phone&#8220; global_colors_info=&#8220;{}&#8220;]<\/p>\n\n<div id=\"sb_instagram\"  class=\"sbi sbi_mob_col_2 sbi_tab_col_2 sbi_col_4 sbi_width_resp\" style=\"padding-bottom: 10px;\"\t data-feedid=\"*2\"  data-res=\"auto\" data-cols=\"4\" data-colsmobile=\"2\" data-colstablet=\"2\" data-num=\"4\" data-nummobile=\"4\" data-item-padding=\"5\"\t data-shortcode-atts=\"{&quot;feed&quot;:&quot;2&quot;}\"  data-postid=\"3909\" data-locatornonce=\"021481a02e\" data-imageaspectratio=\"1:1\" data-sbi-flags=\"favorLocal,gdpr\">\n\t\n\t<div id=\"sbi_images\"  style=\"gap: 10px;\">\n\t\t<div class=\"sbi_item sbi_type_video sbi_new sbi_transition\"\n\tid=\"sbi_18063482617692240\" data-date=\"1732697380\">\n\t<div class=\"sbi_photo_wrap\">\n\t\t<a class=\"sbi_photo\" href=\"https:\/\/www.instagram.com\/reel\/DC3j-1Rqw1U\/\" target=\"_blank\" rel=\"noopener nofollow\"\n\t\t\tdata-full-res=\"https:\/\/scontent-mad1-1.cdninstagram.com\/v\/t51.75761-15\/468478694_18028735082611193_5001410891588764644_n.jpg?_nc_cat=101&#038;ccb=1-7&#038;_nc_sid=18de74&#038;_nc_ohc=YKKKzZcN3lEQ7kNvgEiOPP7&#038;_nc_zt=23&#038;_nc_ht=scontent-mad1-1.cdninstagram.com&#038;edm=ANo9K5cEAAAA&#038;_nc_gid=AxKmJWpitOfIBlEaxXDSUBq&#038;oh=00_AYCaTnSKf9n7njO2veuZOySOg6klzRFXxeL1ChDY3wlvbQ&#038;oe=67560A8C\"\n\t\t\tdata-img-src-set=\"{&quot;d&quot;:&quot;https:\\\/\\\/scontent-mad1-1.cdninstagram.com\\\/v\\\/t51.75761-15\\\/468478694_18028735082611193_5001410891588764644_n.jpg?_nc_cat=101&amp;ccb=1-7&amp;_nc_sid=18de74&amp;_nc_ohc=YKKKzZcN3lEQ7kNvgEiOPP7&amp;_nc_zt=23&amp;_nc_ht=scontent-mad1-1.cdninstagram.com&amp;edm=ANo9K5cEAAAA&amp;_nc_gid=AxKmJWpitOfIBlEaxXDSUBq&amp;oh=00_AYCaTnSKf9n7njO2veuZOySOg6klzRFXxeL1ChDY3wlvbQ&amp;oe=67560A8C&quot;,&quot;150&quot;:&quot;https:\\\/\\\/scontent-mad1-1.cdninstagram.com\\\/v\\\/t51.75761-15\\\/468478694_18028735082611193_5001410891588764644_n.jpg?_nc_cat=101&amp;ccb=1-7&amp;_nc_sid=18de74&amp;_nc_ohc=YKKKzZcN3lEQ7kNvgEiOPP7&amp;_nc_zt=23&amp;_nc_ht=scontent-mad1-1.cdninstagram.com&amp;edm=ANo9K5cEAAAA&amp;_nc_gid=AxKmJWpitOfIBlEaxXDSUBq&amp;oh=00_AYCaTnSKf9n7njO2veuZOySOg6klzRFXxeL1ChDY3wlvbQ&amp;oe=67560A8C&quot;,&quot;320&quot;:&quot;https:\\\/\\\/scontent-mad1-1.cdninstagram.com\\\/v\\\/t51.75761-15\\\/468478694_18028735082611193_5001410891588764644_n.jpg?_nc_cat=101&amp;ccb=1-7&amp;_nc_sid=18de74&amp;_nc_ohc=YKKKzZcN3lEQ7kNvgEiOPP7&amp;_nc_zt=23&amp;_nc_ht=scontent-mad1-1.cdninstagram.com&amp;edm=ANo9K5cEAAAA&amp;_nc_gid=AxKmJWpitOfIBlEaxXDSUBq&amp;oh=00_AYCaTnSKf9n7njO2veuZOySOg6klzRFXxeL1ChDY3wlvbQ&amp;oe=67560A8C&quot;,&quot;640&quot;:&quot;https:\\\/\\\/scontent-mad1-1.cdninstagram.com\\\/v\\\/t51.75761-15\\\/468478694_18028735082611193_5001410891588764644_n.jpg?_nc_cat=101&amp;ccb=1-7&amp;_nc_sid=18de74&amp;_nc_ohc=YKKKzZcN3lEQ7kNvgEiOPP7&amp;_nc_zt=23&amp;_nc_ht=scontent-mad1-1.cdninstagram.com&amp;edm=ANo9K5cEAAAA&amp;_nc_gid=AxKmJWpitOfIBlEaxXDSUBq&amp;oh=00_AYCaTnSKf9n7njO2veuZOySOg6klzRFXxeL1ChDY3wlvbQ&amp;oe=67560A8C&quot;}\">\n\t\t\t<span class=\"sbi-screenreader\">Some of the best moments from the Marbella Design <\/span>\n\t\t\t\t\t\t<svg style=\"color: rgba(255,255,255,1)\" class=\"svg-inline--fa fa-play fa-w-14 sbi_playbtn\" aria-label=\"Play\" aria-hidden=\"true\" data-fa-processed=\"\" data-prefix=\"fa\" data-icon=\"play\" role=\"presentation\" xmlns=\"http:\/\/www.w3.org\/2000\/svg\" viewBox=\"0 0 448 512\"><path fill=\"currentColor\" d=\"M424.4 214.7L72.4 6.6C43.8-10.3 0 6.1 0 47.9V464c0 37.5 40.7 60.1 72.4 41.3l352-208c31.4-18.5 31.5-64.1 0-82.6z\"><\/path><\/svg>\t\t\t<img decoding=\"async\" src=\"https:\/\/www.susanaurbanointeriors.com\/wp-content\/plugins\/instagram-feed\/img\/placeholder.png\" alt=\"Some of the best moments from the Marbella Design &amp; Art Fair at our booth.\n\nA heartfelt thank you to all my friends, colleagues, and associations who joined us during these incredible days!\n\nAnd always very thankful to my amazing team and @technogym for their trust.\n\n@illusion_marbella \n@bang.olufsen.marbella \n@kva_design_company \n@artewalls \n@naturtex_sl \n@samsungespana \n@occhio_lighting \n@agrojardin \n@orac_spain \n@frepilighting \n@tarima2.es \n@cesar.yague \n@charlysimonphoto \n@procolor_ \nlutron\n\n@susana_urbanointeriors #\u2665\ufe0fmyjob \n______________________\n\n##teamwork #susanaurbanointeriors #marbella #frankfurt #munich #barcelona \n#marbelladesign #artfair #interiordesign #luxurydesign #innovativespaces #creativeart #designlovers #luxurylifestyle #architecturedesign #marbellaevents #artanddesign #inspiration #designexcellence #creativeinnovation #marbellaluxury\" aria-hidden=\"true\">\n\t\t<\/a>\n\t<\/div>\n<\/div><div class=\"sbi_item sbi_type_carousel sbi_new sbi_transition\"\n\tid=\"sbi_18005487395505751\" data-date=\"1731509035\">\n\t<div class=\"sbi_photo_wrap\">\n\t\t<a class=\"sbi_photo\" href=\"https:\/\/www.instagram.com\/p\/DCULoVxugca\/\" target=\"_blank\" rel=\"noopener nofollow\"\n\t\t\tdata-full-res=\"https:\/\/scontent-mad2-1.cdninstagram.com\/v\/t51.75761-15\/466947741_18027055643611193_2947180598711750233_n.jpg?_nc_cat=109&#038;ccb=1-7&#038;_nc_sid=18de74&#038;_nc_ohc=ql9FpecscGoQ7kNvgFcFi03&#038;_nc_zt=23&#038;_nc_ht=scontent-mad2-1.cdninstagram.com&#038;edm=ANo9K5cEAAAA&#038;_nc_gid=AxKmJWpitOfIBlEaxXDSUBq&#038;oh=00_AYDkhDLmxc4GQ7uZT0sIBWu7DItCOqq8XYLLoEkQP9lAxA&#038;oe=675617D8\"\n\t\t\tdata-img-src-set=\"{&quot;d&quot;:&quot;https:\\\/\\\/scontent-mad2-1.cdninstagram.com\\\/v\\\/t51.75761-15\\\/466947741_18027055643611193_2947180598711750233_n.jpg?_nc_cat=109&amp;ccb=1-7&amp;_nc_sid=18de74&amp;_nc_ohc=ql9FpecscGoQ7kNvgFcFi03&amp;_nc_zt=23&amp;_nc_ht=scontent-mad2-1.cdninstagram.com&amp;edm=ANo9K5cEAAAA&amp;_nc_gid=AxKmJWpitOfIBlEaxXDSUBq&amp;oh=00_AYDkhDLmxc4GQ7uZT0sIBWu7DItCOqq8XYLLoEkQP9lAxA&amp;oe=675617D8&quot;,&quot;150&quot;:&quot;https:\\\/\\\/scontent-mad2-1.cdninstagram.com\\\/v\\\/t51.75761-15\\\/466947741_18027055643611193_2947180598711750233_n.jpg?_nc_cat=109&amp;ccb=1-7&amp;_nc_sid=18de74&amp;_nc_ohc=ql9FpecscGoQ7kNvgFcFi03&amp;_nc_zt=23&amp;_nc_ht=scontent-mad2-1.cdninstagram.com&amp;edm=ANo9K5cEAAAA&amp;_nc_gid=AxKmJWpitOfIBlEaxXDSUBq&amp;oh=00_AYDkhDLmxc4GQ7uZT0sIBWu7DItCOqq8XYLLoEkQP9lAxA&amp;oe=675617D8&quot;,&quot;320&quot;:&quot;https:\\\/\\\/scontent-mad2-1.cdninstagram.com\\\/v\\\/t51.75761-15\\\/466947741_18027055643611193_2947180598711750233_n.jpg?_nc_cat=109&amp;ccb=1-7&amp;_nc_sid=18de74&amp;_nc_ohc=ql9FpecscGoQ7kNvgFcFi03&amp;_nc_zt=23&amp;_nc_ht=scontent-mad2-1.cdninstagram.com&amp;edm=ANo9K5cEAAAA&amp;_nc_gid=AxKmJWpitOfIBlEaxXDSUBq&amp;oh=00_AYDkhDLmxc4GQ7uZT0sIBWu7DItCOqq8XYLLoEkQP9lAxA&amp;oe=675617D8&quot;,&quot;640&quot;:&quot;https:\\\/\\\/scontent-mad2-1.cdninstagram.com\\\/v\\\/t51.75761-15\\\/466947741_18027055643611193_2947180598711750233_n.jpg?_nc_cat=109&amp;ccb=1-7&amp;_nc_sid=18de74&amp;_nc_ohc=ql9FpecscGoQ7kNvgFcFi03&amp;_nc_zt=23&amp;_nc_ht=scontent-mad2-1.cdninstagram.com&amp;edm=ANo9K5cEAAAA&amp;_nc_gid=AxKmJWpitOfIBlEaxXDSUBq&amp;oh=00_AYDkhDLmxc4GQ7uZT0sIBWu7DItCOqq8XYLLoEkQP9lAxA&amp;oe=675617D8&quot;}\">\n\t\t\t<span class=\"sbi-screenreader\">We couldn\u2019t be happier! \ud83c\udfc6\u2728\n\n1st prize for Technolo<\/span>\n\t\t\t<svg class=\"svg-inline--fa fa-clone fa-w-16 sbi_lightbox_carousel_icon\" aria-hidden=\"true\" aria-label=\"Clone\" data-fa-pro\u0192cessed=\"\" data-prefix=\"far\" data-icon=\"clone\" role=\"img\" xmlns=\"http:\/\/www.w3.org\/2000\/svg\" viewBox=\"0 0 512 512\">\n                    <path fill=\"currentColor\" d=\"M464 0H144c-26.51 0-48 21.49-48 48v48H48c-26.51 0-48 21.49-48 48v320c0 26.51 21.49 48 48 48h320c26.51 0 48-21.49 48-48v-48h48c26.51 0 48-21.49 48-48V48c0-26.51-21.49-48-48-48zM362 464H54a6 6 0 0 1-6-6V150a6 6 0 0 1 6-6h42v224c0 26.51 21.49 48 48 48h224v42a6 6 0 0 1-6 6zm96-96H150a6 6 0 0 1-6-6V54a6 6 0 0 1 6-6h308a6 6 0 0 1 6 6v308a6 6 0 0 1-6 6z\"><\/path>\n                <\/svg>\t\t\t\t\t\t<img decoding=\"async\" src=\"https:\/\/www.susanaurbanointeriors.com\/wp-content\/plugins\/instagram-feed\/img\/placeholder.png\" alt=\"We couldn\u2019t be happier! \ud83c\udfc6\u2728\n\n1st prize for Technological Innovation at the Marbella Design &amp; Art Fair 2024! \ud83c\udfa8\ud83d\ude80\n\nThis achievement was truly a 100% team effort. Every single person, company and brand played a vital role in making this success possible.\n\nA huge thank you to @technogym for asking me for help, to @illusion_marbella for sponsoring us, and to each and every collaborator for your trust and incredible support.\n\nWe had an amazing time and couldn\u2019t have done it without you! \ud83c\udf89\ud83d\udcaa\n\nThe best team \ud83c\udf1f\n\n@illusion_marbella \n@bang.olufsen.marbella \n@kva_design_company \n@artewalls \n@naturtex_sl \n@samsungespana \n@occhio_lighting \n@agrojardin \n@orac_spain \n@frepilighting \n@tarima2.es \n@cesar.yague \n@charlysimonphoto \n@procolor_ \n@lutroneurope \n\n@susana_urbanointeriors #\u2665\ufe0fmyjob \n__________________\n#innovationaward #marbelladesign2024 #technologicalinnovation #teamworkmakesthedreamwork #technogym #illusion #artandtechnology #winningteam #creativeexcellence #designfair #proudmoment #successtogether #marbellaevents #pushingboundaries\" aria-hidden=\"true\">\n\t\t<\/a>\n\t<\/div>\n<\/div><div class=\"sbi_item sbi_type_carousel sbi_new sbi_transition\"\n\tid=\"sbi_18132907132370187\" data-date=\"1731315972\">\n\t<div class=\"sbi_photo_wrap\">\n\t\t<a class=\"sbi_photo\" href=\"https:\/\/www.instagram.com\/p\/DCObZCiO4US\/\" target=\"_blank\" rel=\"noopener nofollow\"\n\t\t\tdata-full-res=\"https:\/\/scontent-mad2-1.cdninstagram.com\/v\/t51.75761-15\/466690817_18026772245611193_7520576597672137227_n.jpg?_nc_cat=111&#038;ccb=1-7&#038;_nc_sid=18de74&#038;_nc_ohc=03nyIvkrF5sQ7kNvgGbaUpu&#038;_nc_zt=23&#038;_nc_ht=scontent-mad2-1.cdninstagram.com&#038;edm=ANo9K5cEAAAA&#038;_nc_gid=AxKmJWpitOfIBlEaxXDSUBq&#038;oh=00_AYATTEPcnj52VOGVhRxgBEHPthDPZ3gKMPn_PygoY6LzWA&#038;oe=67562640\"\n\t\t\tdata-img-src-set=\"{&quot;d&quot;:&quot;https:\\\/\\\/scontent-mad2-1.cdninstagram.com\\\/v\\\/t51.75761-15\\\/466690817_18026772245611193_7520576597672137227_n.jpg?_nc_cat=111&amp;ccb=1-7&amp;_nc_sid=18de74&amp;_nc_ohc=03nyIvkrF5sQ7kNvgGbaUpu&amp;_nc_zt=23&amp;_nc_ht=scontent-mad2-1.cdninstagram.com&amp;edm=ANo9K5cEAAAA&amp;_nc_gid=AxKmJWpitOfIBlEaxXDSUBq&amp;oh=00_AYATTEPcnj52VOGVhRxgBEHPthDPZ3gKMPn_PygoY6LzWA&amp;oe=67562640&quot;,&quot;150&quot;:&quot;https:\\\/\\\/scontent-mad2-1.cdninstagram.com\\\/v\\\/t51.75761-15\\\/466690817_18026772245611193_7520576597672137227_n.jpg?_nc_cat=111&amp;ccb=1-7&amp;_nc_sid=18de74&amp;_nc_ohc=03nyIvkrF5sQ7kNvgGbaUpu&amp;_nc_zt=23&amp;_nc_ht=scontent-mad2-1.cdninstagram.com&amp;edm=ANo9K5cEAAAA&amp;_nc_gid=AxKmJWpitOfIBlEaxXDSUBq&amp;oh=00_AYATTEPcnj52VOGVhRxgBEHPthDPZ3gKMPn_PygoY6LzWA&amp;oe=67562640&quot;,&quot;320&quot;:&quot;https:\\\/\\\/scontent-mad2-1.cdninstagram.com\\\/v\\\/t51.75761-15\\\/466690817_18026772245611193_7520576597672137227_n.jpg?_nc_cat=111&amp;ccb=1-7&amp;_nc_sid=18de74&amp;_nc_ohc=03nyIvkrF5sQ7kNvgGbaUpu&amp;_nc_zt=23&amp;_nc_ht=scontent-mad2-1.cdninstagram.com&amp;edm=ANo9K5cEAAAA&amp;_nc_gid=AxKmJWpitOfIBlEaxXDSUBq&amp;oh=00_AYATTEPcnj52VOGVhRxgBEHPthDPZ3gKMPn_PygoY6LzWA&amp;oe=67562640&quot;,&quot;640&quot;:&quot;https:\\\/\\\/scontent-mad2-1.cdninstagram.com\\\/v\\\/t51.75761-15\\\/466690817_18026772245611193_7520576597672137227_n.jpg?_nc_cat=111&amp;ccb=1-7&amp;_nc_sid=18de74&amp;_nc_ohc=03nyIvkrF5sQ7kNvgGbaUpu&amp;_nc_zt=23&amp;_nc_ht=scontent-mad2-1.cdninstagram.com&amp;edm=ANo9K5cEAAAA&amp;_nc_gid=AxKmJWpitOfIBlEaxXDSUBq&amp;oh=00_AYATTEPcnj52VOGVhRxgBEHPthDPZ3gKMPn_PygoY6LzWA&amp;oe=67562640&quot;}\">\n\t\t\t<span class=\"sbi-screenreader\">Captivating our visitors. \u2728\n\n\ud83c\udf1f The power of immers<\/span>\n\t\t\t<svg class=\"svg-inline--fa fa-clone fa-w-16 sbi_lightbox_carousel_icon\" aria-hidden=\"true\" aria-label=\"Clone\" data-fa-pro\u0192cessed=\"\" data-prefix=\"far\" data-icon=\"clone\" role=\"img\" xmlns=\"http:\/\/www.w3.org\/2000\/svg\" viewBox=\"0 0 512 512\">\n                    <path fill=\"currentColor\" d=\"M464 0H144c-26.51 0-48 21.49-48 48v48H48c-26.51 0-48 21.49-48 48v320c0 26.51 21.49 48 48 48h320c26.51 0 48-21.49 48-48v-48h48c26.51 0 48-21.49 48-48V48c0-26.51-21.49-48-48-48zM362 464H54a6 6 0 0 1-6-6V150a6 6 0 0 1 6-6h42v224c0 26.51 21.49 48 48 48h224v42a6 6 0 0 1-6 6zm96-96H150a6 6 0 0 1-6-6V54a6 6 0 0 1 6-6h308a6 6 0 0 1 6 6v308a6 6 0 0 1-6 6z\"><\/path>\n                <\/svg>\t\t\t\t\t\t<img decoding=\"async\" src=\"https:\/\/www.susanaurbanointeriors.com\/wp-content\/plugins\/instagram-feed\/img\/placeholder.png\" alt=\"Captivating our visitors. \u2728\n\n\ud83c\udf1f The power of immersion in training \ud83c\udf1f\n\n4 unique environments that enhance 4 distinct routines:\n\n\ud83e\uddd8\u200d\u2642\ufe0f Zen Sanctuary: Flexibility, Yoga, Pilates\n\ud83d\udcaa Power Zone: Strength\n\ud83c\udfc3 Dynamic Flow: Cardio\n\ud83d\udca5 Neon Pulse: High-energy routines\n\nSpecial shoutout to @charlysimonphoto for the incredible videos displayed on Samsung\u2019s The Wall, bringing this experience to life! \ud83c\udfa5\u2728\n\nFollow us to explore a new world of immersive training! \n\n\ud83d\ude4f\ud83c\udffb to an excellent team \n\n@illusion_marbella \n@bang.olufsen.marbella \n@kva_design_company \n@artewalls \n@naturtex_sl \n@samsungespana \n@occhio_lighting \n@agrojardin \n@orac_spain \n@frepilighting \n@tarima2.es \n@cesar.yague \n@charlysimonphoto \n@procolor_ \n@lutroneurope \n\n\ud83d\udcf8 @susana_urbanointeriors \n\n@susana_urbanointeriors #\u2665\ufe0fmyjob \n______________________\n\n#luxuryfitness #wellnessredefined #technogym #SusanaUrbanoDesign #sustainableliving #letsmove #homegymdesign  #designinnovation #fitnesslifestyle #immersiveexperience #teamwork #wellnessdesign #fitnessjourney #grateful #designexcellence #innovativespaces #activeliving #healthandwellness #marbelladesignfair #designinsp\u1d0f #susanaurbanointeriors #marbella #frankfurt #munich #barcelona\" aria-hidden=\"true\">\n\t\t<\/a>\n\t<\/div>\n<\/div><div class=\"sbi_item sbi_type_image sbi_new sbi_transition\"\n\tid=\"sbi_18042028307150393\" data-date=\"1731314913\">\n\t<div class=\"sbi_photo_wrap\">\n\t\t<a class=\"sbi_photo\" href=\"https:\/\/www.instagram.com\/p\/DCOZXwwOFxa\/\" target=\"_blank\" rel=\"noopener nofollow\"\n\t\t\tdata-full-res=\"https:\/\/scontent-mad2-1.cdninstagram.com\/v\/t51.75761-15\/466388930_18026770250611193_2313569480972716900_n.jpg?_nc_cat=100&#038;ccb=1-7&#038;_nc_sid=18de74&#038;_nc_ohc=aYT060BJdl4Q7kNvgGtv-fC&#038;_nc_zt=23&#038;_nc_ht=scontent-mad2-1.cdninstagram.com&#038;edm=ANo9K5cEAAAA&#038;_nc_gid=AxKmJWpitOfIBlEaxXDSUBq&#038;oh=00_AYAP8NCezXSKcj4im6Qko27Fek56Nr4qqiiTccLSqFsgcw&#038;oe=67563218\"\n\t\t\tdata-img-src-set=\"{&quot;d&quot;:&quot;https:\\\/\\\/scontent-mad2-1.cdninstagram.com\\\/v\\\/t51.75761-15\\\/466388930_18026770250611193_2313569480972716900_n.jpg?_nc_cat=100&amp;ccb=1-7&amp;_nc_sid=18de74&amp;_nc_ohc=aYT060BJdl4Q7kNvgGtv-fC&amp;_nc_zt=23&amp;_nc_ht=scontent-mad2-1.cdninstagram.com&amp;edm=ANo9K5cEAAAA&amp;_nc_gid=AxKmJWpitOfIBlEaxXDSUBq&amp;oh=00_AYAP8NCezXSKcj4im6Qko27Fek56Nr4qqiiTccLSqFsgcw&amp;oe=67563218&quot;,&quot;150&quot;:&quot;https:\\\/\\\/scontent-mad2-1.cdninstagram.com\\\/v\\\/t51.75761-15\\\/466388930_18026770250611193_2313569480972716900_n.jpg?_nc_cat=100&amp;ccb=1-7&amp;_nc_sid=18de74&amp;_nc_ohc=aYT060BJdl4Q7kNvgGtv-fC&amp;_nc_zt=23&amp;_nc_ht=scontent-mad2-1.cdninstagram.com&amp;edm=ANo9K5cEAAAA&amp;_nc_gid=AxKmJWpitOfIBlEaxXDSUBq&amp;oh=00_AYAP8NCezXSKcj4im6Qko27Fek56Nr4qqiiTccLSqFsgcw&amp;oe=67563218&quot;,&quot;320&quot;:&quot;https:\\\/\\\/scontent-mad2-1.cdninstagram.com\\\/v\\\/t51.75761-15\\\/466388930_18026770250611193_2313569480972716900_n.jpg?_nc_cat=100&amp;ccb=1-7&amp;_nc_sid=18de74&amp;_nc_ohc=aYT060BJdl4Q7kNvgGtv-fC&amp;_nc_zt=23&amp;_nc_ht=scontent-mad2-1.cdninstagram.com&amp;edm=ANo9K5cEAAAA&amp;_nc_gid=AxKmJWpitOfIBlEaxXDSUBq&amp;oh=00_AYAP8NCezXSKcj4im6Qko27Fek56Nr4qqiiTccLSqFsgcw&amp;oe=67563218&quot;,&quot;640&quot;:&quot;https:\\\/\\\/scontent-mad2-1.cdninstagram.com\\\/v\\\/t51.75761-15\\\/466388930_18026770250611193_2313569480972716900_n.jpg?_nc_cat=100&amp;ccb=1-7&amp;_nc_sid=18de74&amp;_nc_ohc=aYT060BJdl4Q7kNvgGtv-fC&amp;_nc_zt=23&amp;_nc_ht=scontent-mad2-1.cdninstagram.com&amp;edm=ANo9K5cEAAAA&amp;_nc_gid=AxKmJWpitOfIBlEaxXDSUBq&amp;oh=00_AYAP8NCezXSKcj4im6Qko27Fek56Nr4qqiiTccLSqFsgcw&amp;oe=67563218&quot;}\">\n\t\t\t<span class=\"sbi-screenreader\">\ud83c\udf1f The power of immersion in training \ud83c\udf1f\n\nIntroducin<\/span>\n\t\t\t\t\t\t\t\t\t<img decoding=\"async\" src=\"https:\/\/www.susanaurbanointeriors.com\/wp-content\/plugins\/instagram-feed\/img\/placeholder.png\" alt=\"\ud83c\udf1f The power of immersion in training \ud83c\udf1f\n\nIntroducing 4 unique environments that enhance 4 distinct routines:\n\n\ud83e\uddd8\u200d\u2642\ufe0f Zen Sanctuary: Flexibility, Yoga, Pilates\n\ud83d\udcaa Power Zone: Strength\n\ud83c\udfc3 Dynamic Flow: Cardio\n\ud83d\udca5 Neon Pulse: High-energy routines\n\nWe\u2019ve fused Technogym\u2019s advanced fitness tech with cutting-edge innovations to create an immersive workout experience like no other.\n\nSpecial shoutout to Charly Simon for the incredible videos displayed on Samsung\u2019s The Wall, bringing this experience to life! \ud83c\udfa5\u2728\n\nFollow us to explore a new world of immersive training! \n\n\ud83d\ude4f\ud83c\udffb to my great team: \n\n@illusion_marbella \n@bang.olufsen.marbella \n@kva_design_company \n@artewalls \n@naturtex_sl \n@samsungespana \n@occhio_lighting \n@agrojardin \n@orac_spain \n@frepilighting \n@tarima2.es \n@cesar.yague \n@charlysimonphoto \n@procolor_ \nlutron\n\n\ud83d\udcf8 @gonzalobotet_archdesign \n\n@susana_urbanointeriors #\u2665\ufe0fmyjob \n______________________\n\n#luxuryfitness #wellnessredefined #technogym #SusanaUrbanoDesign #sustainableliving #letsmove #homegymdesign  #designinnovation #fitnesslifestyle #immersiveexperience #teamwork #wellnessdesign #fitnessjourney #grateful #designexcellence #innovativespaces #activeliving #healthandwellness #marbelladesignfair #designinsp\u1d0f #susanaurbanointeriors #marbella #frankfurt #munich #barcelona\n#SamsungTheWall #ImmersiveTraining #innovationinfitness\" aria-hidden=\"true\">\n\t\t<\/a>\n\t<\/div>\n<\/div>\t<\/div>\n\n\t<div id=\"sbi_load\" >\n\n\t\n\t\n<\/div>\n\t\t<span class=\"sbi_resized_image_data\" data-feed-id=\"*2\"\n\t\t  data-resized=\"{&quot;18132907132370187&quot;:{&quot;id&quot;:&quot;466690817_18026772245611193_7520576597672137227_n&quot;,&quot;ratio&quot;:&quot;0.80&quot;,&quot;sizes&quot;:{&quot;full&quot;:640,&quot;low&quot;:320,&quot;thumb&quot;:150},&quot;extension&quot;:&quot;.jpg&quot;},&quot;18042028307150393&quot;:{&quot;id&quot;:&quot;466388930_18026770250611193_2313569480972716900_n&quot;,&quot;ratio&quot;:&quot;1.55&quot;,&quot;sizes&quot;:{&quot;full&quot;:640,&quot;low&quot;:320,&quot;thumb&quot;:150},&quot;extension&quot;:&quot;.jpg&quot;},&quot;18005487395505751&quot;:{&quot;id&quot;:&quot;466947741_18027055643611193_2947180598711750233_n&quot;,&quot;ratio&quot;:&quot;0.80&quot;,&quot;sizes&quot;:{&quot;full&quot;:640,&quot;low&quot;:320,&quot;thumb&quot;:150},&quot;extension&quot;:&quot;.jpg&quot;},&quot;18063482617692240&quot;:{&quot;id&quot;:&quot;468478694_18028735082611193_5001410891588764644_n&quot;,&quot;ratio&quot;:&quot;0.56&quot;,&quot;sizes&quot;:{&quot;full&quot;:640,&quot;low&quot;:320,&quot;thumb&quot;:150},&quot;extension&quot;:&quot;.jpg&quot;}}\">\n\t<\/span>\n\t<\/div>\n\n\n<p>[\/et_pb_text][\/et_pb_column][\/et_pb_row][\/et_pb_section][et_pb_section fb_built=&#8220;1&#8243; module_id=&#8220;contact&#8220; _builder_version=&#8220;4.16&#8243; _module_preset=&#8220;default&#8220; background_enable_image=&#8220;off&#8220; global_colors_info=&#8220;{}&#8220;][et_pb_row column_structure=&#8220;1_4,1_2,1_4&#8243; _builder_version=&#8220;4.16&#8243; _module_preset=&#8220;default&#8220; width=&#8220;100%&#8220; width_tablet=&#8220;&#8220; width_phone=&#8220;80%&#8220; width_last_edited=&#8220;on|phone&#8220; max_width=&#8220;100%&#8220; global_colors_info=&#8220;{}&#8220;][et_pb_column type=&#8220;1_4&#8243; _builder_version=&#8220;4.16&#8243; _module_preset=&#8220;default&#8220; global_colors_info=&#8220;{}&#8220;][et_pb_image src=&#8220;https:\/\/www.susanaurbanointeriors.com\/wp-content\/uploads\/\/2020\/09\/Enmascarar-grupo-15.svg&#8220; alt=&#8220;@ET-DC@eyJkeW5hbWljIjp0cnVlLCJjb250ZW50Ijoic2l0ZV90aXRsZSIsInNldHRpbmdzIjp7ImJlZm9yZSI6IiIsImFmdGVyIjoiIn19@&#8220; title_text=&#8220;Enmascarar grupo 15&#8243; disabled_on=&#8220;on|on|off&#8220; _builder_version=&#8220;4.16&#8243; _dynamic_attributes=&#8220;alt&#8220; _module_preset=&#8220;default&#8220; global_colors_info=&#8220;{}&#8220;][\/et_pb_image][\/et_pb_column][et_pb_column type=&#8220;1_2&#8243; _builder_version=&#8220;4.16&#8243; _module_preset=&#8220;default&#8220; global_colors_info=&#8220;{}&#8220;][et_pb_text _builder_version=&#8220;4.16&#8243; _module_preset=&#8220;default&#8220; header_text_align=&#8220;center&#8220; header_font_size=&#8220;80px&#8220; header_2_font=&#8220;|300|||||||&#8220; header_2_text_align=&#8220;center&#8220; header_2_font_size=&#8220;75px&#8220; header_2_font_size_tablet=&#8220;&#8220; header_2_font_size_phone=&#8220;60px&#8220; header_2_font_size_last_edited=&#8220;on|phone&#8220; global_colors_info=&#8220;{}&#8220;]<\/p>\n<h2>Kontakt<\/h2>\n<p>[\/et_pb_text][et_pb_text module_class=&#8220;tk-neue-haas-unica&#8220; _builder_version=&#8220;4.16&#8243; _module_preset=&#8220;default&#8220; text_font=&#8220;|300|||||||&#8220; text_font_size=&#8220;18px&#8220; text_line_height=&#8220;1.6em&#8220; max_width=&#8220;460px&#8220; module_alignment=&#8220;center&#8220; text_font_size_tablet=&#8220;&#8220; text_font_size_phone=&#8220;15px&#8220; text_font_size_last_edited=&#8220;on|phone&#8220; global_colors_info=&#8220;{}&#8220;]<\/p>\n<p>Beginnen wir mit der Zusammenarbeit. Erz\u00e4hlen Sie mir im folgenden Formular von Ihrem Projekt und ich werde mich mit Ihnen in Verbindung setzen.<\/p>\n<p>[\/et_pb_text][et_pb_code _builder_version=&#8220;4.16&#8243; _module_preset=&#8220;default&#8220; max_width=&#8220;550px&#8220; module_alignment=&#8220;center&#8220; global_colors_info=&#8220;{}&#8220;]<pee>\n<div class=\"wpcf7 no-js\" id=\"wpcf7-f988-o1\" lang=\"de-DE\" dir=\"ltr\" data-wpcf7-id=\"988\">\n<div class=\"screen-reader-response\"><p role=\"status\" aria-live=\"polite\" aria-atomic=\"true\"><\/p> <ul><\/ul><\/div>\n<form action=\"\/de\/wp-json\/wp\/v2\/pages\/4302#wpcf7-f988-o1\" method=\"post\" class=\"wpcf7-form init\" aria-label=\"Kontaktformular\" novalidate=\"novalidate\" data-status=\"init\">\n<fieldset class=\"hidden-fields-container\"><input type=\"hidden\" name=\"_wpcf7\" value=\"988\" \/><input type=\"hidden\" name=\"_wpcf7_version\" value=\"6.1.5\" \/><input type=\"hidden\" name=\"_wpcf7_locale\" value=\"de_DE\" \/><input type=\"hidden\" name=\"_wpcf7_unit_tag\" value=\"wpcf7-f988-o1\" \/><input type=\"hidden\" name=\"_wpcf7_container_post\" value=\"0\" \/><input type=\"hidden\" name=\"_wpcf7_posted_data_hash\" value=\"\" \/><input type=\"hidden\" name=\"_wpcf7_recaptcha_response\" value=\"\" \/>\n<\/fieldset>\n<p><span class=\"wpcf7-form-control-wrap\" data-name=\"your-name\"><input size=\"40\" maxlength=\"400\" class=\"wpcf7-form-control wpcf7-text wpcf7-validates-as-required\" aria-required=\"true\" aria-invalid=\"false\" placeholder=\"Name\" value=\"\" type=\"text\" name=\"your-name\" \/><\/span><br \/>\n<span class=\"wpcf7-form-control-wrap\" data-name=\"your-email\"><input size=\"40\" maxlength=\"400\" class=\"wpcf7-form-control wpcf7-email wpcf7-validates-as-required wpcf7-text wpcf7-validates-as-email\" aria-required=\"true\" aria-invalid=\"false\" placeholder=\"Email\" value=\"\" type=\"email\" name=\"your-email\" \/><\/span><br \/>\n<span class=\"wpcf7-form-control-wrap\" data-name=\"your-tel\"><input size=\"40\" maxlength=\"400\" class=\"wpcf7-form-control wpcf7-tel wpcf7-validates-as-required wpcf7-text wpcf7-validates-as-tel\" aria-required=\"true\" aria-invalid=\"false\" placeholder=\"Telefon\" value=\"\" type=\"tel\" name=\"your-tel\" \/><\/span><br \/>\n<span class=\"wpcf7-form-control-wrap\" data-name=\"your-message\"><textarea cols=\"40\" rows=\"10\" maxlength=\"2000\" class=\"wpcf7-form-control wpcf7-textarea\" aria-invalid=\"false\" placeholder=\"Sag mir, wie kann ich dir helfen?\" name=\"your-message\"><\/textarea><\/span>\n<\/p>\n<p><span class=\"wpcf7-form-control-wrap\" data-name=\"rgpd\"><span class=\"wpcf7-form-control wpcf7-acceptance\"><span class=\"wpcf7-list-item\"><label><input type=\"checkbox\" name=\"rgpd\" value=\"1\" aria-invalid=\"false\" \/><span class=\"wpcf7-list-item-label\">Ich habe die <a href=\"https:\/\/www.susanaurbanointeriors.com\/de\/datenschutz-bestimmungen\/\" style=\"text-decoration: underline;\">Datenschutzrichtlinie<\/a> dieser Website gelesen und akzeptiere sie<\/span><\/label><\/span><\/span><\/span>\n<\/p>\n<p style=\"font-size:10px;\">Diese Website ist durch reCAPTCHA gesch\u00fctzt, daher gelten die <a href=\"https:\/\/policies.google.com\/privacy\" target=\"_blank\">Datenschutzbestimmungen<\/a> und <a href=\"https:\/\/policies.google.com\/terms\" target=\"_blank\">Nutzungsbedingungen<\/a> von Google.\n<\/p>\n<p><input class=\"wpcf7-form-control wpcf7-submit has-spinner\" type=\"submit\" value=\"Einreichen\" \/>\n<\/p><input type='hidden' class='wpcf7-pum' value='{\"closepopup\":false,\"closedelay\":0,\"openpopup\":false,\"openpopup_id\":0}' \/><div class=\"wpcf7-response-output\" aria-hidden=\"true\"><\/div>\n<\/form>\n<\/div>\n<\/pee>[\/et_pb_code][\/et_pb_column][et_pb_column type=&#8220;1_4&#8243; _builder_version=&#8220;4.16&#8243; _module_preset=&#8220;default&#8220; global_colors_info=&#8220;{}&#8220;][et_pb_image src=&#8220;https:\/\/www.susanaurbanointeriors.com\/wp-content\/uploads\/\/2020\/09\/Enmascarar-grupo-16.svg&#8220; alt=&#8220;@ET-DC@eyJkeW5hbWljIjp0cnVlLCJjb250ZW50Ijoic2l0ZV90aXRsZSIsInNldHRpbmdzIjp7ImJlZm9yZSI6IiIsImFmdGVyIjoiIn19@&#8220; title_text=&#8220;Enmascarar grupo 16&#8243; align=&#8220;right&#8220; disabled_on=&#8220;on|on|off&#8220; _builder_version=&#8220;4.16&#8243; _dynamic_attributes=&#8220;alt&#8220; _module_preset=&#8220;default&#8220; global_colors_info=&#8220;{}&#8220;][\/et_pb_image][\/et_pb_column][\/et_pb_row][\/et_pb_section][et_pb_section fb_built=&#8220;1&#8243; _builder_version=&#8220;4.16&#8243; _module_preset=&#8220;default&#8220; global_colors_info=&#8220;{}&#8220;][et_pb_row _builder_version=&#8220;4.16&#8243; _module_preset=&#8220;default&#8220; global_colors_info=&#8220;{}&#8220;][et_pb_column type=&#8220;4_4&#8243; _builder_version=&#8220;4.16&#8243; _module_preset=&#8220;default&#8220; global_colors_info=&#8220;{}&#8220;][et_pb_button button_url=&#8220;tel:+49 174 311 59 41&#8243; button_text=&#8220;Kontaktieren sie mich&#8220; button_alignment=&#8220;center&#8220; _builder_version=&#8220;4.16&#8243; _module_preset=&#8220;default&#8220; custom_button=&#8220;on&#8220; button_text_size=&#8220;25px&#8220; button_border_width=&#8220;0px&#8220; button_border_radius=&#8220;0px&#8220; button_font=&#8220;|300|||on||||&#8220; button_icon=&#8220;%%264%%&#8220; button_icon_placement=&#8220;left&#8220; global_colors_info=&#8220;{}&#8220; button_text_color__hover=&#8220;#707070&#8243; button_bg_color__hover=&#8220;rgba(0,0,0,0)&#8220; button_bg_color__hover_enabled=&#8220;on|desktop&#8220;][\/et_pb_button][et_pb_social_media_follow icon_color=&#8220;#f5f3f0&#8243; _builder_version=&#8220;4.19.5&#8243; _module_preset=&#8220;default&#8220; text_orientation=&#8220;center&#8220; custom_margin=&#8220;||0px||false|false&#8220; global_colors_info=&#8220;{}&#8220;][et_pb_social_media_follow_network social_network=&#8220;facebook&#8220; url=&#8220;https:\/\/www.facebook.com\/susana.urbano.988\/&#8220; _builder_version=&#8220;4.19.5&#8243; _module_preset=&#8220;default&#8220; background_color=&#8220;#414141&#8243; background_enable_color=&#8220;on&#8220; global_colors_info=&#8220;{}&#8220; follow_button=&#8220;off&#8220; url_new_window=&#8220;on&#8220;]facebook[\/et_pb_social_media_follow_network][et_pb_social_media_follow_network social_network=&#8220;instagram&#8220; url=&#8220;https:\/\/www.instagram.com\/susana_urbanointeriors\/&#8220; _builder_version=&#8220;4.19.5&#8243; _module_preset=&#8220;default&#8220; background_color=&#8220;#414141&#8243; background_enable_color=&#8220;on&#8220; global_colors_info=&#8220;{}&#8220; follow_button=&#8220;off&#8220; url_new_window=&#8220;on&#8220;]instagram[\/et_pb_social_media_follow_network][et_pb_social_media_follow_network social_network=&#8220;pinterest&#8220; url=&#8220;https:\/\/www.pinterest.com\/susanaurbanointeriors\/_saved\/&#8220; _builder_version=&#8220;4.16&#8243; _module_preset=&#8220;default&#8220; background_color=&#8220;#414141&#8243; background_enable_color=&#8220;on&#8220; global_colors_info=&#8220;{}&#8220; follow_button=&#8220;off&#8220; url_new_window=&#8220;on&#8220;]pinterest[\/et_pb_social_media_follow_network][\/et_pb_social_media_follow][\/et_pb_column][\/et_pb_row][\/et_pb_section]<\/p>\n","protected":false},"excerpt":{"rendered":"<p>Smooth LinesSmooth Lines In diesem Projekt hatten wir das Gl\u00fcck, diesem sch\u00f6nen Haus eine Seele geben zu k\u00f6nnen. Die Treppenlampe ist ein spektakul\u00e4res St\u00fcck von der Firma Bocci, das perfekt in das Treppenhaus passt. Wir haben den Eingang personalisiert, indem wir eine exklusive Tapete ausgesucht haben, die uns nicht nur mehr nat\u00fcrliches Licht gibt, sondern [&hellip;]<\/p>\n","protected":false},"author":1,"featured_media":0,"parent":0,"menu_order":0,"comment_status":"closed","ping_status":"closed","template":"","meta":{"_et_pb_use_builder":"on","_et_pb_old_content":"","_et_gb_content_width":"","inline_featured_image":false,"footnotes":""},"class_list":["post-4302","page","type-page","status-publish","hentry"],"yoast_head":"<!-- This site is optimized with the Yoast SEO plugin v27.0 - https:\/\/yoast.com\/product\/yoast-seo-wordpress\/ -->\n<title>Moderne, harmonische R\u00e4umlichkeiten mit Charakter - Susana Urbano Interiors<\/title>\n<meta name=\"description\" content=\"Bei Susana Urbano Interiors realisieren wir exklusives, einzigartiges Innendesign mit Charakter. Holen Sie sich einen einzigartigen Raum mit Ihrer Pers\u00f6nlichkeit\" \/>\n<meta name=\"robots\" content=\"index, follow, max-snippet:-1, max-image-preview:large, max-video-preview:-1\" \/>\n<link rel=\"canonical\" href=\"https:\/\/www.susanaurbanointeriors.com\/de\/\" \/>\n<meta property=\"og:locale\" content=\"de_DE\" \/>\n<meta property=\"og:type\" content=\"article\" \/>\n<meta property=\"og:title\" content=\"Moderne, harmonische R\u00e4umlichkeiten mit Charakter - Susana Urbano Interiors\" \/>\n<meta property=\"og:description\" content=\"Bei Susana Urbano Interiors realisieren wir exklusives, einzigartiges Innendesign mit Charakter. Holen Sie sich einen einzigartigen Raum mit Ihrer Pers\u00f6nlichkeit\" \/>\n<meta property=\"og:url\" content=\"https:\/\/www.susanaurbanointeriors.com\/de\/\" \/>\n<meta property=\"og:site_name\" content=\"Susana Urbano Interiors\" \/>\n<meta property=\"article:modified_time\" content=\"2023-12-20T12:20:39+00:00\" \/>\n<meta name=\"twitter:card\" content=\"summary_large_image\" \/>\n<meta name=\"twitter:label1\" content=\"Gesch\u00e4tzte Lesezeit\" \/>\n\t<meta name=\"twitter:data1\" content=\"22\u00a0Minuten\" \/>\n<script type=\"application\/ld+json\" class=\"yoast-schema-graph\">{\"@context\":\"https:\/\/schema.org\",\"@graph\":[{\"@type\":\"WebPage\",\"@id\":\"https:\/\/www.susanaurbanointeriors.com\/de\/\",\"url\":\"https:\/\/www.susanaurbanointeriors.com\/de\/\",\"name\":\"Moderne, harmonische R\u00e4umlichkeiten mit Charakter - Susana Urbano Interiors\",\"isPartOf\":{\"@id\":\"https:\/\/www.susanaurbanointeriors.com\/de\/#website\"},\"datePublished\":\"2020-12-01T08:44:50+00:00\",\"dateModified\":\"2023-12-20T12:20:39+00:00\",\"description\":\"Bei Susana Urbano Interiors realisieren wir exklusives, einzigartiges Innendesign mit Charakter. Holen Sie sich einen einzigartigen Raum mit Ihrer Pers\u00f6nlichkeit\",\"breadcrumb\":{\"@id\":\"https:\/\/www.susanaurbanointeriors.com\/de\/#breadcrumb\"},\"inLanguage\":\"de\",\"potentialAction\":[{\"@type\":\"ReadAction\",\"target\":[\"https:\/\/www.susanaurbanointeriors.com\/de\/\"]}]},{\"@type\":\"BreadcrumbList\",\"@id\":\"https:\/\/www.susanaurbanointeriors.com\/de\/#breadcrumb\",\"itemListElement\":[{\"@type\":\"ListItem\",\"position\":1,\"name\":\"Portada\",\"item\":\"https:\/\/www.susanaurbanointeriors.com\/de\/\"},{\"@type\":\"ListItem\",\"position\":2,\"name\":\"Homepage 2.0\"}]},{\"@type\":\"WebSite\",\"@id\":\"https:\/\/www.susanaurbanointeriors.com\/de\/#website\",\"url\":\"https:\/\/www.susanaurbanointeriors.com\/de\/\",\"name\":\"Susana Urbano Interiors\",\"description\":\"\",\"publisher\":{\"@id\":\"https:\/\/www.susanaurbanointeriors.com\/de\/#organization\"},\"potentialAction\":[{\"@type\":\"SearchAction\",\"target\":{\"@type\":\"EntryPoint\",\"urlTemplate\":\"https:\/\/www.susanaurbanointeriors.com\/de\/?s={search_term_string}\"},\"query-input\":{\"@type\":\"PropertyValueSpecification\",\"valueRequired\":true,\"valueName\":\"search_term_string\"}}],\"inLanguage\":\"de\"},{\"@type\":\"Organization\",\"@id\":\"https:\/\/www.susanaurbanointeriors.com\/de\/#organization\",\"name\":\"Susana Urbano Interior Design\",\"url\":\"https:\/\/www.susanaurbanointeriors.com\/de\/\",\"logo\":{\"@type\":\"ImageObject\",\"inLanguage\":\"de\",\"@id\":\"https:\/\/www.susanaurbanointeriors.com\/de\/#\/schema\/logo\/image\/\",\"url\":\"https:\/\/www.susanaurbanointeriors.com\/wp-content\/uploads\/2020\/09\/Grupo-2668.png\",\"contentUrl\":\"https:\/\/www.susanaurbanointeriors.com\/wp-content\/uploads\/2020\/09\/Grupo-2668.png\",\"width\":3826,\"height\":949,\"caption\":\"Susana Urbano Interior Design\"},\"image\":{\"@id\":\"https:\/\/www.susanaurbanointeriors.com\/de\/#\/schema\/logo\/image\/\"}}]}<\/script>\n<!-- \/ Yoast SEO plugin. -->","yoast_head_json":{"title":"Moderne, harmonische R\u00e4umlichkeiten mit Charakter - Susana Urbano Interiors","description":"Bei Susana Urbano Interiors realisieren wir exklusives, einzigartiges Innendesign mit Charakter. Holen Sie sich einen einzigartigen Raum mit Ihrer Pers\u00f6nlichkeit","robots":{"index":"index","follow":"follow","max-snippet":"max-snippet:-1","max-image-preview":"max-image-preview:large","max-video-preview":"max-video-preview:-1"},"canonical":"https:\/\/www.susanaurbanointeriors.com\/de\/","og_locale":"de_DE","og_type":"article","og_title":"Moderne, harmonische R\u00e4umlichkeiten mit Charakter - Susana Urbano Interiors","og_description":"Bei Susana Urbano Interiors realisieren wir exklusives, einzigartiges Innendesign mit Charakter. Holen Sie sich einen einzigartigen Raum mit Ihrer Pers\u00f6nlichkeit","og_url":"https:\/\/www.susanaurbanointeriors.com\/de\/","og_site_name":"Susana Urbano Interiors","article_modified_time":"2023-12-20T12:20:39+00:00","twitter_card":"summary_large_image","twitter_misc":{"Gesch\u00e4tzte Lesezeit":"22\u00a0Minuten"},"schema":{"@context":"https:\/\/schema.org","@graph":[{"@type":"WebPage","@id":"https:\/\/www.susanaurbanointeriors.com\/de\/","url":"https:\/\/www.susanaurbanointeriors.com\/de\/","name":"Moderne, harmonische R\u00e4umlichkeiten mit Charakter - Susana Urbano Interiors","isPartOf":{"@id":"https:\/\/www.susanaurbanointeriors.com\/de\/#website"},"datePublished":"2020-12-01T08:44:50+00:00","dateModified":"2023-12-20T12:20:39+00:00","description":"Bei Susana Urbano Interiors realisieren wir exklusives, einzigartiges Innendesign mit Charakter. Holen Sie sich einen einzigartigen Raum mit Ihrer Pers\u00f6nlichkeit","breadcrumb":{"@id":"https:\/\/www.susanaurbanointeriors.com\/de\/#breadcrumb"},"inLanguage":"de","potentialAction":[{"@type":"ReadAction","target":["https:\/\/www.susanaurbanointeriors.com\/de\/"]}]},{"@type":"BreadcrumbList","@id":"https:\/\/www.susanaurbanointeriors.com\/de\/#breadcrumb","itemListElement":[{"@type":"ListItem","position":1,"name":"Portada","item":"https:\/\/www.susanaurbanointeriors.com\/de\/"},{"@type":"ListItem","position":2,"name":"Homepage 2.0"}]},{"@type":"WebSite","@id":"https:\/\/www.susanaurbanointeriors.com\/de\/#website","url":"https:\/\/www.susanaurbanointeriors.com\/de\/","name":"Susana Urbano Interiors","description":"","publisher":{"@id":"https:\/\/www.susanaurbanointeriors.com\/de\/#organization"},"potentialAction":[{"@type":"SearchAction","target":{"@type":"EntryPoint","urlTemplate":"https:\/\/www.susanaurbanointeriors.com\/de\/?s={search_term_string}"},"query-input":{"@type":"PropertyValueSpecification","valueRequired":true,"valueName":"search_term_string"}}],"inLanguage":"de"},{"@type":"Organization","@id":"https:\/\/www.susanaurbanointeriors.com\/de\/#organization","name":"Susana Urbano Interior Design","url":"https:\/\/www.susanaurbanointeriors.com\/de\/","logo":{"@type":"ImageObject","inLanguage":"de","@id":"https:\/\/www.susanaurbanointeriors.com\/de\/#\/schema\/logo\/image\/","url":"https:\/\/www.susanaurbanointeriors.com\/wp-content\/uploads\/2020\/09\/Grupo-2668.png","contentUrl":"https:\/\/www.susanaurbanointeriors.com\/wp-content\/uploads\/2020\/09\/Grupo-2668.png","width":3826,"height":949,"caption":"Susana Urbano Interior Design"},"image":{"@id":"https:\/\/www.susanaurbanointeriors.com\/de\/#\/schema\/logo\/image\/"}}]}},"_links":{"self":[{"href":"https:\/\/www.susanaurbanointeriors.com\/de\/wp-json\/wp\/v2\/pages\/4302","targetHints":{"allow":["GET"]}}],"collection":[{"href":"https:\/\/www.susanaurbanointeriors.com\/de\/wp-json\/wp\/v2\/pages"}],"about":[{"href":"https:\/\/www.susanaurbanointeriors.com\/de\/wp-json\/wp\/v2\/types\/page"}],"author":[{"embeddable":true,"href":"https:\/\/www.susanaurbanointeriors.com\/de\/wp-json\/wp\/v2\/users\/1"}],"replies":[{"embeddable":true,"href":"https:\/\/www.susanaurbanointeriors.com\/de\/wp-json\/wp\/v2\/comments?post=4302"}],"version-history":[{"count":102,"href":"https:\/\/www.susanaurbanointeriors.com\/de\/wp-json\/wp\/v2\/pages\/4302\/revisions"}],"predecessor-version":[{"id":8209,"href":"https:\/\/www.susanaurbanointeriors.com\/de\/wp-json\/wp\/v2\/pages\/4302\/revisions\/8209"}],"wp:attachment":[{"href":"https:\/\/www.susanaurbanointeriors.com\/de\/wp-json\/wp\/v2\/media?parent=4302"}],"curies":[{"name":"wp","href":"https:\/\/api.w.org\/{rel}","templated":true}]}}