{"id":2509,"date":"2020-11-16T06:00:10","date_gmt":"2020-11-16T06:00:10","guid":{"rendered":"https:\/\/www.susanaurbanointeriors.com\/project\/the-bachellor\/"},"modified":"2021-01-25T08:13:10","modified_gmt":"2021-01-25T08:13:10","slug":"the-bachellor","status":"publish","type":"project","link":"https:\/\/www.susanaurbanointeriors.com\/de\/proyectos\/the-bachellor\/","title":{"rendered":"Der Bachelor"},"content":{"rendered":"<p>[et_pb_section fb_built=&#8220;1&#8243; custom_padding_last_edited=&#8220;on|phone&#8220; _builder_version=&#8220;4.6.3&#8243; _module_preset=&#8220;default&#8220; background_enable_color=&#8220;off&#8220; background_image=&#8220;https:\/\/www.susanaurbanointeriors.com\/wp-content\/uploads\/2020\/11\/IMG_3231@2x-2.jpg&#8220; custom_padding=&#8220;200px||638px||false|false&#8220; custom_padding_tablet=&#8220;||256px||false|false&#8220; custom_padding_phone=&#8220;50px||188px||false|false&#8220;][et_pb_row _builder_version=&#8220;4.6.3&#8243; _module_preset=&#8220;default&#8220;][et_pb_column type=&#8220;4_4&#8243; _builder_version=&#8220;4.6.3&#8243; _module_preset=&#8220;default&#8220;][et_pb_text _builder_version=&#8220;4.6.3&#8243; _module_preset=&#8220;default&#8220; header_font=&#8220;|300|||||||&#8220; header_text_align=&#8220;center&#8220; header_text_color=&#8220;#ffffff&#8220; header_font_size=&#8220;65px&#8220; header_letter_spacing=&#8220;-0.25px&#8220; hover_enabled=&#8220;0&#8243; header_font_size_tablet=&#8220;&#8220; header_font_size_phone=&#8220;55px&#8220; header_font_size_last_edited=&#8220;on|phone&#8220; header_text_shadow_style=&#8220;preset4&#8243; header_text_shadow_horizontal_length=&#8220;0.04em&#8220; header_text_shadow_vertical_length=&#8220;0.04em&#8220; header_text_shadow_blur_strength=&#8220;0.02em&#8220; sticky_enabled=&#8220;0&#8243;]<\/p>\n<h1>Der Bachelor<\/h1>\n<p>[\/et_pb_text][\/et_pb_column][\/et_pb_row][\/et_pb_section][et_pb_section fb_built=&#8220;1&#8243; _builder_version=&#8220;4.6.3&#8243; _module_preset=&#8220;default&#8220; custom_padding=&#8220;40px||40px||true|false&#8220;][et_pb_row _builder_version=&#8220;4.6.3&#8243; _module_preset=&#8220;default&#8220; max_width=&#8220;700px&#8220; module_alignment=&#8220;center&#8220; custom_padding=&#8220;||0px||false|false&#8220;][et_pb_column type=&#8220;4_4&#8243; _builder_version=&#8220;4.6.3&#8243; _module_preset=&#8220;default&#8220;][et_pb_text _builder_version=&#8220;4.6.3&#8243; _module_preset=&#8220;default&#8220; header_2_font_size=&#8220;24px&#8220; header_2_letter_spacing=&#8220;-0.25px&#8220; hover_enabled=&#8220;0&#8243; header_2_font_size_tablet=&#8220;&#8220; header_2_font_size_phone=&#8220;20px&#8220; header_2_font_size_last_edited=&#8220;on|phone&#8220; sticky_enabled=&#8220;0&#8243;]<\/p>\n<h2>Der Bachelor<\/h2>\n<p>[\/et_pb_text][et_pb_text module_class=&#8220;tk-neue-haas-unica&#8220; _builder_version=&#8220;4.6.3&#8243; _module_preset=&#8220;default&#8220; text_font=&#8220;|300|||||||&#8220; text_font_size=&#8220;18px&#8220; text_line_height=&#8220;1.6em&#8220; text_orientation=&#8220;justified&#8220; max_width=&#8220;690px&#8220; text_font_size_tablet=&#8220;&#8220; text_font_size_phone=&#8220;16px&#8220; text_font_size_last_edited=&#8220;on|phone&#8220;]<\/p>\n<p>Wunderbarer Altbau in Frankfurt, klassisch und elegant.<\/p>\n<p>Diese wundersch\u00f6ne 260 m\u00b2 gro\u00dfe Wohnung in Frankfurt, musste aufwendig renoviert werden. Wir entwarfen einen Konzept, organisierten und koordinierten alle Arbeiten. Wir haben alle Badezimmer sowie die K\u00fcche kernsaniert und den Rest der Wohnung neu gestaltet.<\/p>\n<p>Die Wohnung befindet sich in einem wundersch\u00f6nen Altbau aus dem Jahr um 1890. Sie hat tolle hohe Decken mit sehr sch\u00f6nen Stuckelementen in jedem Raum. Der Kunde wollte ein sehr modernes, modisches, elegantes und besonders m\u00e4nnliches Interieur haben, ohne jedoch den Charme der klassischen deutschen Architektur des Geb\u00e4udes zu verlieren.<\/p>\n<p>[\/et_pb_text][\/et_pb_column][\/et_pb_row][\/et_pb_section][et_pb_section fb_built=&#8220;1&#8243; custom_padding_last_edited=&#8220;on|desktop&#8220; _builder_version=&#8220;4.6.3&#8243; _module_preset=&#8220;default&#8220; custom_padding=&#8220;40px||40px||true|false&#8220; custom_padding_tablet=&#8220;&#8220; custom_padding_phone=&#8220;&#8220;][et_pb_row column_structure=&#8220;1_2,1_2&#8243; use_custom_gutter=&#8220;on&#8220; gutter_width=&#8220;4&#8243; _builder_version=&#8220;4.6.3&#8243; _module_preset=&#8220;default&#8220; custom_padding=&#8220;0px||0px||false|false&#8220;][et_pb_column type=&#8220;1_2&#8243; _builder_version=&#8220;4.6.3&#8243; _module_preset=&#8220;default&#8220;][et_pb_image src=&#8220;https:\/\/www.susanaurbanointeriors.com\/wp-content\/uploads\/2020\/11\/IMG_6405@2x-compressed.jpg&#8220; alt=&#8220;Susana Urbano Interiors &#8211; The bachelor&#8220; _builder_version=&#8220;4.6.3&#8243; _module_preset=&#8220;default&#8220;][\/et_pb_image][\/et_pb_column][et_pb_column type=&#8220;1_2&#8243; _builder_version=&#8220;4.6.3&#8243; _module_preset=&#8220;default&#8220;][et_pb_image src=&#8220;https:\/\/www.susanaurbanointeriors.com\/wp-content\/uploads\/2020\/11\/IMG_6468-2@2x.jpg&#8220; alt=&#8220;Susana Urbano Interiors &#8211; The bachelor&#8220; align=&#8220;right&#8220; _builder_version=&#8220;4.6.3&#8243; _module_preset=&#8220;default&#8220; width=&#8220;100%&#8220; custom_padding=&#8220;160px||||false|false&#8220; custom_padding_tablet=&#8220;40px||40px||false|false&#8220; custom_padding_phone=&#8220;&#8220; custom_padding_last_edited=&#8220;on|desktop&#8220;][\/et_pb_image][\/et_pb_column][\/et_pb_row][\/et_pb_section][et_pb_section fb_built=&#8220;1&#8243; custom_padding_last_edited=&#8220;off|desktop&#8220; _builder_version=&#8220;4.6.3&#8243; _module_preset=&#8220;default&#8220; custom_margin=&#8220;||||false|false&#8220; custom_padding=&#8220;40px||40px||true|false&#8220;][et_pb_row column_structure=&#8220;1_2,1_2&#8243; use_custom_gutter=&#8220;on&#8220; gutter_width=&#8220;4&#8243; _builder_version=&#8220;4.6.3&#8243; _module_preset=&#8220;default&#8220; custom_padding=&#8220;0px||0px||true|false&#8220;][et_pb_column type=&#8220;1_2&#8243; _builder_version=&#8220;4.6.3&#8243; _module_preset=&#8220;default&#8220; custom_padding=&#8220;|||60px|false|false&#8220; custom_padding_tablet=&#8220;&#8220; custom_padding_phone=&#8220;|||0px|false|false&#8220; custom_padding_last_edited=&#8220;on|phone&#8220;][et_pb_text disabled_on=&#8220;off|off|off&#8220; module_class=&#8220;tk-neue-haas-unica&#8220; _builder_version=&#8220;4.6.3&#8243; _module_preset=&#8220;default&#8220; text_font=&#8220;|300|||||||&#8220; text_font_size=&#8220;18px&#8220; text_line_height=&#8220;1.6em&#8220; text_orientation=&#8220;justified&#8220; module_alignment=&#8220;left&#8220; custom_padding=&#8220;||||false|false&#8220; custom_padding_tablet=&#8220;0px||||false|false&#8220; custom_padding_last_edited=&#8220;off|desktop&#8220; text_font_size_tablet=&#8220;&#8220; text_font_size_phone=&#8220;16px&#8220; text_font_size_last_edited=&#8220;on|phone&#8220; locked=&#8220;off&#8220;]<\/p>\n<p>Um jedes Zimmer zu personalisieren, haben wir uns f\u00fcr grau als Hauptfarbe f\u00fcr unser Konzept entschieden, sowie f\u00fcr Tapeten von Wall &amp; Deco. Die Esszimmerst\u00fchle habe ich f\u00fcr den Kunden selbst entworfen. Sie sind die perfekte Erg\u00e4nzung zu dem Keramiktisch und der wundersch\u00f6nen Lampe in Elipsenform, die die gesamte Umgebung umfasst und vereint. Das Wohnzimmer haben wir mit einem wundersch\u00f6nen blauen Sofa als \u201eeye catcher\u201c personalisiert und damit gleichzeitig Farbe in den Raum gebracht. Da der Kunde die chinesische Kultur liebt, haben wir eine orientalische Note ins Wohnzimmer aufgenommen, indem Kissen und Antiquit\u00e4ten, die der Kunde selbst aus Shanghai mitgenommen hatte, erg\u00e4nzt wurden.<\/p>\n<p>[\/et_pb_text][et_pb_image src=&#8220;https:\/\/www.susanaurbanointeriors.com\/wp-content\/uploads\/2020\/11\/Imagen-22@2x.jpg&#8220; alt=&#8220;Susana Urbano Interiors &#8211; The bachelor&#8220; align_tablet=&#8220;left&#8220; align_phone=&#8220;center&#8220; align_last_edited=&#8220;on|tablet&#8220; _builder_version=&#8220;4.6.3&#8243; _module_preset=&#8220;default&#8220; max_width=&#8220;300px&#8220; custom_padding=&#8220;80px||||false|false&#8220; custom_padding_tablet=&#8220;0px||||false|false&#8220; custom_padding_phone=&#8220;&#8220; custom_padding_last_edited=&#8220;on|tablet&#8220;][\/et_pb_image][\/et_pb_column][et_pb_column type=&#8220;1_2&#8243; _builder_version=&#8220;4.6.3&#8243; _module_preset=&#8220;default&#8220;][et_pb_image src=&#8220;https:\/\/www.susanaurbanointeriors.com\/wp-content\/uploads\/2020\/11\/7d7ed852-5472-44fa-be08-5c45a489ec06@2x-compressed.jpg&#8220; alt=&#8220;Susana Urbano Interiors &#8211; The bachelor&#8220; align=&#8220;right&#8220; _builder_version=&#8220;4.6.3&#8243; _module_preset=&#8220;default&#8220; custom_padding=&#8220;80px||||false|false&#8220; custom_padding_tablet=&#8220;40px||||false|false&#8220; custom_padding_phone=&#8220;&#8220; custom_padding_last_edited=&#8220;on|tablet&#8220;][\/et_pb_image][\/et_pb_column][\/et_pb_row][\/et_pb_section][et_pb_section fb_built=&#8220;1&#8243; custom_padding_last_edited=&#8220;off|desktop&#8220; _builder_version=&#8220;4.6.3&#8243; _module_preset=&#8220;default&#8220; custom_margin=&#8220;||||false|false&#8220; custom_padding=&#8220;40px||40px||true|false&#8220;][et_pb_row column_structure=&#8220;1_2,1_2&#8243; use_custom_gutter=&#8220;on&#8220; gutter_width=&#8220;4&#8243; _builder_version=&#8220;4.6.3&#8243; _module_preset=&#8220;default&#8220; custom_padding=&#8220;0px||0px||true|false&#8220;][et_pb_column type=&#8220;1_2&#8243; _builder_version=&#8220;4.6.3&#8243; _module_preset=&#8220;default&#8220; custom_padding=&#8220;||||false|false&#8220; custom_padding_phone=&#8220;|||0px|false|false&#8220; custom_padding_last_edited=&#8220;off|desktop&#8220;][et_pb_image src=&#8220;https:\/\/www.susanaurbanointeriors.com\/wp-content\/uploads\/2020\/11\/IMG_0221@2x.jpg&#8220; alt=&#8220;Susana Urbano Interiors &#8211; The bachelor&#8220; align=&#8220;center&#8220; align_tablet=&#8220;left&#8220; align_phone=&#8220;center&#8220; align_last_edited=&#8220;on|tablet&#8220; _builder_version=&#8220;4.6.3&#8243; _module_preset=&#8220;default&#8220; max_width=&#8220;300px&#8220; custom_padding=&#8220;180px||||false|false&#8220; custom_padding_tablet=&#8220;0px||||false|false&#8220; custom_padding_phone=&#8220;&#8220; custom_padding_last_edited=&#8220;on|tablet&#8220;][\/et_pb_image][\/et_pb_column][et_pb_column type=&#8220;1_2&#8243; _builder_version=&#8220;4.6.3&#8243; _module_preset=&#8220;default&#8220;][et_pb_image src=&#8220;https:\/\/www.susanaurbanointeriors.com\/wp-content\/uploads\/2020\/11\/Imagen-24@2x-compressed.jpg&#8220; alt=&#8220;Susana Urbano Interiors &#8211; The bachelor&#8220; align=&#8220;right&#8220; _builder_version=&#8220;4.6.3&#8243; _module_preset=&#8220;default&#8220; custom_margin=&#8220;||||false|false&#8220; custom_margin_tablet=&#8220;40px||||false|false&#8220; custom_margin_phone=&#8220;&#8220; custom_margin_last_edited=&#8220;on|tablet&#8220; custom_padding=&#8220;||||false|false&#8220; custom_padding_tablet=&#8220;40px||||false|false&#8220; custom_padding_last_edited=&#8220;off|desktop&#8220;][\/et_pb_image][\/et_pb_column][\/et_pb_row][\/et_pb_section][et_pb_section fb_built=&#8220;1&#8243; custom_padding_last_edited=&#8220;off|desktop&#8220; _builder_version=&#8220;4.6.3&#8243; _module_preset=&#8220;default&#8220; custom_margin=&#8220;||||false|false&#8220; custom_padding=&#8220;40px||40px||true|false&#8220;][et_pb_row column_structure=&#8220;1_2,1_2&#8243; use_custom_gutter=&#8220;on&#8220; gutter_width=&#8220;4&#8243; _builder_version=&#8220;4.6.3&#8243; _module_preset=&#8220;default&#8220; custom_padding=&#8220;40px||0px||false|false&#8220;][et_pb_column type=&#8220;1_2&#8243; _builder_version=&#8220;4.6.3&#8243; _module_preset=&#8220;default&#8220; custom_padding=&#8220;||||false|false&#8220; custom_padding_phone=&#8220;|||0px|false|false&#8220; custom_padding_last_edited=&#8220;off|desktop&#8220;][et_pb_image src=&#8220;https:\/\/www.susanaurbanointeriors.com\/wp-content\/uploads\/2020\/11\/IMG_3186@2x-compressed.jpg&#8220; alt=&#8220;Susana Urbano Interiors &#8211; The bachelor&#8220; align=&#8220;right&#8220; align_tablet=&#8220;left&#8220; align_phone=&#8220;center&#8220; align_last_edited=&#8220;on|phone&#8220; _builder_version=&#8220;4.6.3&#8243; _module_preset=&#8220;default&#8220; custom_padding=&#8220;||||false|false&#8220; custom_padding_tablet=&#8220;0px||||false|false&#8220; custom_padding_last_edited=&#8220;off|desktop&#8220;][\/et_pb_image][\/et_pb_column][et_pb_column type=&#8220;1_2&#8243; _builder_version=&#8220;4.6.3&#8243; _module_preset=&#8220;default&#8220;][et_pb_image src=&#8220;https:\/\/www.susanaurbanointeriors.com\/wp-content\/uploads\/2020\/11\/f19f03ce-07e4-454d-8f6b-b16d3f76b630@2x.jpg&#8220; alt=&#8220;Susana Urbano Interiors &#8211; The bachelor&#8220; align=&#8220;right&#8220; _builder_version=&#8220;4.6.3&#8243; _module_preset=&#8220;default&#8220; custom_margin=&#8220;||||false|false&#8220; custom_margin_tablet=&#8220;40px||||false|false&#8220; custom_margin_last_edited=&#8220;off|desktop&#8220; custom_padding=&#8220;160px||||false|false&#8220; custom_padding_tablet=&#8220;40px||||false|false&#8220; custom_padding_phone=&#8220;&#8220; custom_padding_last_edited=&#8220;on|tablet&#8220;][\/et_pb_image][\/et_pb_column][\/et_pb_row][\/et_pb_section][et_pb_section fb_built=&#8220;1&#8243; _builder_version=&#8220;4.6.3&#8243; _module_preset=&#8220;default&#8220; custom_padding=&#8220;40px||40px||true|false&#8220;][et_pb_row column_structure=&#8220;1_2,1_2&#8243; _builder_version=&#8220;4.6.3&#8243; _module_preset=&#8220;default&#8220; custom_padding=&#8220;0px||0px||true|false&#8220;][et_pb_column type=&#8220;1_2&#8243; _builder_version=&#8220;4.6.3&#8243; _module_preset=&#8220;default&#8220;][et_pb_image src=&#8220;https:\/\/www.susanaurbanointeriors.com\/wp-content\/uploads\/2020\/11\/IMG_6454-2@2x.jpg&#8220; alt=&#8220;Susana Urbano Interiors &#8211; The bachelor&#8220; align=&#8220;right&#8220; align_tablet=&#8220;&#8220; align_phone=&#8220;center&#8220; align_last_edited=&#8220;on|phone&#8220; _builder_version=&#8220;4.6.3&#8243; _module_preset=&#8220;default&#8220; max_width=&#8220;300px&#8220;][\/et_pb_image][\/et_pb_column][et_pb_column type=&#8220;1_2&#8243; _builder_version=&#8220;4.6.3&#8243; _module_preset=&#8220;default&#8220;][et_pb_image src=&#8220;https:\/\/www.susanaurbanointeriors.com\/wp-content\/uploads\/2020\/11\/Imagen-25@2x.jpg&#8220; alt=&#8220;Susana Urbano Interiors &#8211; The bachelor&#8220; align=&#8220;center&#8220; _builder_version=&#8220;4.6.3&#8243; _module_preset=&#8220;default&#8220; max_width=&#8220;250px&#8220;][\/et_pb_image][\/et_pb_column][\/et_pb_row][\/et_pb_section][et_pb_section fb_built=&#8220;1&#8243; _builder_version=&#8220;4.6.3&#8243; _module_preset=&#8220;default&#8220; custom_padding=&#8220;40px||40px||true|false&#8220;][et_pb_row column_structure=&#8220;1_2,1_2&#8243; use_custom_gutter=&#8220;on&#8220; gutter_width=&#8220;4&#8243; _builder_version=&#8220;4.6.3&#8243; _module_preset=&#8220;default&#8220; custom_padding=&#8220;0px||0px||true|false&#8220;][et_pb_column type=&#8220;1_2&#8243; _builder_version=&#8220;4.6.3&#8243; _module_preset=&#8220;default&#8220;][et_pb_image src=&#8220;https:\/\/www.susanaurbanointeriors.com\/wp-content\/uploads\/2020\/11\/Enmascarar-grupo-28@2x.jpg&#8220; alt=&#8220;Susana Urbano Interiors &#8211; The bachelor&#8220; align=&#8220;right&#8220; _builder_version=&#8220;4.6.3&#8243; _module_preset=&#8220;default&#8220; custom_padding=&#8220;80px||||false|false&#8220; custom_padding_tablet=&#8220;0px||||false|false&#8220; custom_padding_phone=&#8220;&#8220; custom_padding_last_edited=&#8220;on|tablet&#8220;][\/et_pb_image][\/et_pb_column][et_pb_column type=&#8220;1_2&#8243; _builder_version=&#8220;4.6.3&#8243; _module_preset=&#8220;default&#8220;][et_pb_image src=&#8220;https:\/\/www.susanaurbanointeriors.com\/wp-content\/uploads\/2020\/11\/IMG_3230@2x.jpg&#8220; alt=&#8220;Susana Urbano Interiors &#8211; The bachelor&#8220; align=&#8220;center&#8220; _builder_version=&#8220;4.6.3&#8243; _module_preset=&#8220;default&#8220;][\/et_pb_image][\/et_pb_column][\/et_pb_row][\/et_pb_section][et_pb_section fb_built=&#8220;1&#8243; custom_padding_last_edited=&#8220;on|tablet&#8220; _builder_version=&#8220;4.6.3&#8243; _module_preset=&#8220;default&#8220; custom_padding=&#8220;80px||||false|false&#8220; custom_padding_tablet=&#8220;80px||||false|false&#8220; custom_padding_phone=&#8220;40px||||false|false&#8220; locked=&#8220;off&#8220;][et_pb_row _builder_version=&#8220;4.6.3&#8243; _module_preset=&#8220;default&#8220; module_alignment=&#8220;center&#8220; custom_padding=&#8220;0px||0px||true|false&#8220; locked=&#8220;off&#8220;][et_pb_column type=&#8220;4_4&#8243; _builder_version=&#8220;4.6.3&#8243; _module_preset=&#8220;default&#8220;][et_pb_image src=&#8220;https:\/\/www.susanaurbanointeriors.com\/wp-content\/uploads\/2020\/11\/IMG_3216@2x-compressed.jpg&#8220; alt=&#8220;Susana Urbano Interiors &#8211; The bachelor&#8220; align=&#8220;center&#8220; _builder_version=&#8220;4.6.3&#8243; _module_preset=&#8220;default&#8220; custom_margin=&#8220;||||false|false&#8220; custom_margin_tablet=&#8220;60px||||false|false&#8220; custom_margin_last_edited=&#8220;off|tablet&#8220;][\/et_pb_image][\/et_pb_column][\/et_pb_row][\/et_pb_section][et_pb_section fb_built=&#8220;1&#8243; custom_padding_last_edited=&#8220;on|desktop&#8220; _builder_version=&#8220;4.6.3&#8243; _module_preset=&#8220;default&#8220; custom_padding=&#8220;40px||0px||false|false&#8220; custom_padding_tablet=&#8220;&#8220; custom_padding_phone=&#8220;&#8220; locked=&#8220;off&#8220;][et_pb_row custom_padding_last_edited=&#8220;off|desktop&#8220; _builder_version=&#8220;4.6.3&#8243; _module_preset=&#8220;default&#8220; custom_padding=&#8220;40px||40px||true|false&#8220;][et_pb_column type=&#8220;4_4&#8243; _builder_version=&#8220;4.6.3&#8243; _module_preset=&#8220;default&#8220;][et_pb_text _builder_version=&#8220;4.6.3&#8243; _module_preset=&#8220;default&#8220; text_font_size=&#8220;24px&#8220; text_letter_spacing=&#8220;-0.25px&#8220; link_font=&#8220;||||on||||&#8220; text_orientation=&#8220;center&#8220; text_font_size_tablet=&#8220;&#8220; text_font_size_phone=&#8220;20px&#8220; text_font_size_last_edited=&#8220;on|phone&#8220; locked=&#8220;off&#8220;]<\/p>\n<p>Vor dem Umbau<\/p>\n<p>[\/et_pb_text][\/et_pb_column][\/et_pb_row][\/et_pb_section][et_pb_section fb_built=&#8220;1&#8243; _builder_version=&#8220;4.6.3&#8243; _module_preset=&#8220;default&#8220; custom_padding=&#8220;40px||40px||true|false&#8220;][et_pb_row column_structure=&#8220;1_4,1_4,1_4,1_4&#8243; use_custom_gutter=&#8220;on&#8220; gutter_width=&#8220;2&#8243; custom_padding_last_edited=&#8220;off|desktop&#8220; _builder_version=&#8220;4.6.3&#8243; _module_preset=&#8220;default&#8220; custom_padding=&#8220;0px||0px||true|false&#8220;][et_pb_column type=&#8220;1_4&#8243; _builder_version=&#8220;4.6.3&#8243; _module_preset=&#8220;default&#8220;][et_pb_image src=&#8220;https:\/\/www.susanaurbanointeriors.com\/wp-content\/uploads\/2020\/11\/Rectangulo-583@2x.jpg&#8220; alt=&#8220;Susana Urbano Interiors &#8211; The bachelor&#8220; _builder_version=&#8220;4.6.3&#8243; _module_preset=&#8220;default&#8220;][\/et_pb_image][\/et_pb_column][et_pb_column type=&#8220;1_4&#8243; _builder_version=&#8220;4.6.3&#8243; _module_preset=&#8220;default&#8220;][et_pb_image src=&#8220;https:\/\/www.susanaurbanointeriors.com\/wp-content\/uploads\/2020\/11\/Rectangulo-584@2x.jpg&#8220; alt=&#8220;Susana Urbano Interiors &#8211; The bachelor&#8220; _builder_version=&#8220;4.6.3&#8243; _module_preset=&#8220;default&#8220;][\/et_pb_image][\/et_pb_column][et_pb_column type=&#8220;1_4&#8243; _builder_version=&#8220;4.6.3&#8243; _module_preset=&#8220;default&#8220;][et_pb_image src=&#8220;https:\/\/www.susanaurbanointeriors.com\/wp-content\/uploads\/2020\/11\/Rectangulo-585@2x.jpg&#8220; alt=&#8220;Susana Urbano Interiors &#8211; The bachelor&#8220; _builder_version=&#8220;4.6.3&#8243; _module_preset=&#8220;default&#8220;][\/et_pb_image][\/et_pb_column][et_pb_column type=&#8220;1_4&#8243; _builder_version=&#8220;4.6.3&#8243; _module_preset=&#8220;default&#8220;][et_pb_image src=&#8220;https:\/\/www.susanaurbanointeriors.com\/wp-content\/uploads\/2020\/11\/Rectangulo-586@2x.jpg&#8220; alt=&#8220;Susana Urbano Interiors &#8211; The bachelor&#8220; _builder_version=&#8220;4.6.3&#8243; _module_preset=&#8220;default&#8220;][\/et_pb_image][\/et_pb_column][\/et_pb_row][\/et_pb_section][et_pb_section fb_built=&#8220;1&#8243; custom_padding_last_edited=&#8220;on|desktop&#8220; _builder_version=&#8220;4.6.3&#8243; _module_preset=&#8220;default&#8220; custom_padding=&#8220;40px||40px||true|false&#8220; custom_padding_tablet=&#8220;&#8220; custom_padding_phone=&#8220;&#8220;][et_pb_row custom_padding_last_edited=&#8220;off|desktop&#8220; _builder_version=&#8220;4.6.3&#8243; _module_preset=&#8220;default&#8220; custom_padding=&#8220;40px||40px||true|false&#8220;][et_pb_column type=&#8220;4_4&#8243; _builder_version=&#8220;4.6.3&#8243; _module_preset=&#8220;default&#8220;][et_pb_text _builder_version=&#8220;4.6.3&#8243; _module_preset=&#8220;default&#8220; text_font_size=&#8220;24px&#8220; text_letter_spacing=&#8220;-0.25px&#8220; link_font=&#8220;||||on||||&#8220; text_orientation=&#8220;center&#8220; text_font_size_tablet=&#8220;&#8220; text_font_size_phone=&#8220;20px&#8220; text_font_size_last_edited=&#8220;on|phone&#8220; locked=&#8220;off&#8220;]<\/p>\n<p>M\u00f6chten Sie Ihr Innenarchitekturprojekt starten? <a href=\"https:\/\/www.susanaurbanointeriors.com\/de\/kontakt\/\">Lassen Sie uns anfangen<\/a><\/p>\n<p>[\/et_pb_text][\/et_pb_column][\/et_pb_row][\/et_pb_section][et_pb_section fb_built=&#8220;1&#8243; custom_padding_last_edited=&#8220;on|desktop&#8220; _builder_version=&#8220;4.6.3&#8243; _module_preset=&#8220;default&#8220; custom_padding=&#8220;40px||40px||true|false&#8220; custom_padding_tablet=&#8220;&#8220; custom_padding_phone=&#8220;&#8220; locked=&#8220;off&#8220;][et_pb_row _builder_version=&#8220;4.6.3&#8243; _module_preset=&#8220;default&#8220; width=&#8220;100%&#8220; custom_padding=&#8220;||||false|false&#8220;][et_pb_column type=&#8220;4_4&#8243; _builder_version=&#8220;4.6.3&#8243; _module_preset=&#8220;default&#8220;][et_pb_post_nav in_same_term=&#8220;off&#8220; prev_text=&#8220;Siehe vorheriges Projekt&#8220; next_text=&#8220;Siehe n\u00e4chstes Projekt&#8220; disabled_on=&#8220;on|off|off&#8220; _builder_version=&#8220;4.6.3&#8243; _module_preset=&#8220;default&#8220; title_font_size=&#8220;18px&#8220; custom_margin=&#8220;||||false|false&#8220; custom_padding=&#8220;||||false|false&#8220;][\/et_pb_post_nav][et_pb_post_nav in_same_term=&#8220;off&#8220; prev_text=&#8220;Vor&#8220; next_text=&#8220;Zur\u00fcck&#8220; disabled_on=&#8220;off|on|on&#8220; _builder_version=&#8220;4.6.3&#8243; _module_preset=&#8220;default&#8220; title_font_size=&#8220;18px&#8220; custom_margin=&#8220;||||false|false&#8220; custom_padding=&#8220;||||false|false&#8220;][\/et_pb_post_nav][et_pb_button button_url=&#8220;https:\/\/www.susanaurbanointeriors.com\/de\/proyectos\/&#8220; button_text=&#8220;Alle Projekte anzeigen&#8220; button_alignment=&#8220;center&#8220; _builder_version=&#8220;4.6.3&#8243; _module_preset=&#8220;default&#8220; custom_button=&#8220;on&#8220; button_text_size=&#8220;25px&#8220; button_border_width=&#8220;0px&#8220; button_border_radius=&#8220;0px&#8220; button_font=&#8220;|300|||on||||&#8220; button_use_icon=&#8220;off&#8220; locked=&#8220;off&#8220; button_text_color__hover=&#8220;#707070&#8243; button_bg_color__hover=&#8220;rgba(0,0,0,0)&#8220; button_bg_color__hover_enabled=&#8220;on|desktop&#8220;][\/et_pb_button][\/et_pb_column][\/et_pb_row][\/et_pb_section]<\/p>\n","protected":false},"excerpt":{"rendered":"<p>Der BachelorDer BachelorWunderbarer Altbau in Frankfurt, klassisch und elegant. Diese wundersch\u00f6ne 260 m\u00b2 gro\u00dfe Wohnung in Frankfurt, musste aufwendig renoviert werden. Wir entwarfen einen Konzept, organisierten und koordinierten alle Arbeiten. Wir haben alle Badezimmer sowie die K\u00fcche kernsaniert und den Rest der Wohnung neu gestaltet. Die Wohnung befindet sich in einem wundersch\u00f6nen Altbau aus dem [&hellip;]<\/p>\n","protected":false},"author":1,"featured_media":2971,"comment_status":"open","ping_status":"closed","template":"","meta":{"_et_pb_use_builder":"on","_et_pb_old_content":"","_et_gb_content_width":"","inline_featured_image":false,"footnotes":""},"project_category":[29],"project_tag":[],"class_list":["post-2509","project","type-project","status-publish","has-post-thumbnail","hentry","project_category-innenarchitektur"],"yoast_head":"<!-- This site is optimized with the Yoast SEO plugin v27.0 - https:\/\/yoast.com\/product\/yoast-seo-wordpress\/ -->\n<title>Proyecto de Interiorismo: Der Bachelor - Susana Urbano Interiors<\/title>\n<meta name=\"description\" content=\"Proyecto Der Bachelor . un dise\u00f1o de interiores exclusivo, \u00fanico y con car\u00e1cter que refleja su propia personalidad\" \/>\n<meta name=\"robots\" content=\"noindex, follow\" \/>\n<meta property=\"og:locale\" content=\"de_DE\" \/>\n<meta property=\"og:type\" content=\"article\" \/>\n<meta property=\"og:title\" content=\"Proyecto de Interiorismo: Der Bachelor - Susana Urbano Interiors\" \/>\n<meta property=\"og:description\" content=\"Proyecto Der Bachelor . un dise\u00f1o de interiores exclusivo, \u00fanico y con car\u00e1cter que refleja su propia personalidad\" \/>\n<meta property=\"og:url\" content=\"https:\/\/www.susanaurbanointeriors.com\/de\/proyectos\/the-bachellor\/\" \/>\n<meta property=\"og:site_name\" content=\"Susana Urbano Interiors\" \/>\n<meta property=\"article:modified_time\" content=\"2021-01-25T08:13:10+00:00\" \/>\n<meta property=\"og:image\" content=\"https:\/\/www.susanaurbanointeriors.com\/wp-content\/uploads\/2020\/11\/thebachelor.jpg\" \/>\n\t<meta property=\"og:image:width\" content=\"2400\" \/>\n\t<meta property=\"og:image:height\" content=\"1600\" \/>\n\t<meta property=\"og:image:type\" content=\"image\/jpeg\" \/>\n<meta name=\"twitter:card\" content=\"summary_large_image\" \/>\n<meta name=\"twitter:label1\" content=\"Gesch\u00e4tzte Lesezeit\" \/>\n\t<meta name=\"twitter:data1\" content=\"12\u00a0Minuten\" \/>\n<script type=\"application\/ld+json\" class=\"yoast-schema-graph\">{\"@context\":\"https:\/\/schema.org\",\"@graph\":[{\"@type\":\"WebPage\",\"@id\":\"https:\/\/www.susanaurbanointeriors.com\/de\/proyectos\/the-bachellor\/\",\"url\":\"https:\/\/www.susanaurbanointeriors.com\/de\/proyectos\/the-bachellor\/\",\"name\":\"Proyecto de Interiorismo: Der Bachelor - Susana Urbano Interiors\",\"isPartOf\":{\"@id\":\"https:\/\/www.susanaurbanointeriors.com\/de\/#website\"},\"primaryImageOfPage\":{\"@id\":\"https:\/\/www.susanaurbanointeriors.com\/de\/proyectos\/the-bachellor\/#primaryimage\"},\"image\":{\"@id\":\"https:\/\/www.susanaurbanointeriors.com\/de\/proyectos\/the-bachellor\/#primaryimage\"},\"thumbnailUrl\":\"https:\/\/www.susanaurbanointeriors.com\/wp-content\/uploads\/2020\/11\/thebachelor.jpg\",\"datePublished\":\"2020-11-16T06:00:10+00:00\",\"dateModified\":\"2021-01-25T08:13:10+00:00\",\"description\":\"Proyecto Der Bachelor . un dise\u00f1o de interiores exclusivo, \u00fanico y con car\u00e1cter que refleja su propia personalidad\",\"breadcrumb\":{\"@id\":\"https:\/\/www.susanaurbanointeriors.com\/de\/proyectos\/the-bachellor\/#breadcrumb\"},\"inLanguage\":\"de\",\"potentialAction\":[{\"@type\":\"ReadAction\",\"target\":[\"https:\/\/www.susanaurbanointeriors.com\/de\/proyectos\/the-bachellor\/\"]}]},{\"@type\":\"ImageObject\",\"inLanguage\":\"de\",\"@id\":\"https:\/\/www.susanaurbanointeriors.com\/de\/proyectos\/the-bachellor\/#primaryimage\",\"url\":\"https:\/\/www.susanaurbanointeriors.com\/wp-content\/uploads\/2020\/11\/thebachelor.jpg\",\"contentUrl\":\"https:\/\/www.susanaurbanointeriors.com\/wp-content\/uploads\/2020\/11\/thebachelor.jpg\",\"width\":2400,\"height\":1600},{\"@type\":\"BreadcrumbList\",\"@id\":\"https:\/\/www.susanaurbanointeriors.com\/de\/proyectos\/the-bachellor\/#breadcrumb\",\"itemListElement\":[{\"@type\":\"ListItem\",\"position\":1,\"name\":\"Portada\",\"item\":\"https:\/\/www.susanaurbanointeriors.com\/de\/\"},{\"@type\":\"ListItem\",\"position\":2,\"name\":\"Projekte\",\"item\":\"https:\/\/www.susanaurbanointeriors.com\/de\/proyectos\/\"},{\"@type\":\"ListItem\",\"position\":3,\"name\":\"Der Bachelor\"}]},{\"@type\":\"WebSite\",\"@id\":\"https:\/\/www.susanaurbanointeriors.com\/de\/#website\",\"url\":\"https:\/\/www.susanaurbanointeriors.com\/de\/\",\"name\":\"Susana Urbano Interiors\",\"description\":\"\",\"publisher\":{\"@id\":\"https:\/\/www.susanaurbanointeriors.com\/de\/#organization\"},\"potentialAction\":[{\"@type\":\"SearchAction\",\"target\":{\"@type\":\"EntryPoint\",\"urlTemplate\":\"https:\/\/www.susanaurbanointeriors.com\/de\/?s={search_term_string}\"},\"query-input\":{\"@type\":\"PropertyValueSpecification\",\"valueRequired\":true,\"valueName\":\"search_term_string\"}}],\"inLanguage\":\"de\"},{\"@type\":\"Organization\",\"@id\":\"https:\/\/www.susanaurbanointeriors.com\/de\/#organization\",\"name\":\"Susana Urbano Interior Design\",\"url\":\"https:\/\/www.susanaurbanointeriors.com\/de\/\",\"logo\":{\"@type\":\"ImageObject\",\"inLanguage\":\"de\",\"@id\":\"https:\/\/www.susanaurbanointeriors.com\/de\/#\/schema\/logo\/image\/\",\"url\":\"https:\/\/www.susanaurbanointeriors.com\/wp-content\/uploads\/2020\/09\/Grupo-2668.png\",\"contentUrl\":\"https:\/\/www.susanaurbanointeriors.com\/wp-content\/uploads\/2020\/09\/Grupo-2668.png\",\"width\":3826,\"height\":949,\"caption\":\"Susana Urbano Interior Design\"},\"image\":{\"@id\":\"https:\/\/www.susanaurbanointeriors.com\/de\/#\/schema\/logo\/image\/\"}}]}<\/script>\n<!-- \/ Yoast SEO plugin. -->","yoast_head_json":{"title":"Proyecto de Interiorismo: Der Bachelor - Susana Urbano Interiors","description":"Proyecto Der Bachelor . un dise\u00f1o de interiores exclusivo, \u00fanico y con car\u00e1cter que refleja su propia personalidad","robots":{"index":"noindex","follow":"follow"},"og_locale":"de_DE","og_type":"article","og_title":"Proyecto de Interiorismo: Der Bachelor - Susana Urbano Interiors","og_description":"Proyecto Der Bachelor . un dise\u00f1o de interiores exclusivo, \u00fanico y con car\u00e1cter que refleja su propia personalidad","og_url":"https:\/\/www.susanaurbanointeriors.com\/de\/proyectos\/the-bachellor\/","og_site_name":"Susana Urbano Interiors","article_modified_time":"2021-01-25T08:13:10+00:00","og_image":[{"width":2400,"height":1600,"url":"https:\/\/www.susanaurbanointeriors.com\/wp-content\/uploads\/2020\/11\/thebachelor.jpg","type":"image\/jpeg"}],"twitter_card":"summary_large_image","twitter_misc":{"Gesch\u00e4tzte Lesezeit":"12\u00a0Minuten"},"schema":{"@context":"https:\/\/schema.org","@graph":[{"@type":"WebPage","@id":"https:\/\/www.susanaurbanointeriors.com\/de\/proyectos\/the-bachellor\/","url":"https:\/\/www.susanaurbanointeriors.com\/de\/proyectos\/the-bachellor\/","name":"Proyecto de Interiorismo: Der Bachelor - Susana Urbano Interiors","isPartOf":{"@id":"https:\/\/www.susanaurbanointeriors.com\/de\/#website"},"primaryImageOfPage":{"@id":"https:\/\/www.susanaurbanointeriors.com\/de\/proyectos\/the-bachellor\/#primaryimage"},"image":{"@id":"https:\/\/www.susanaurbanointeriors.com\/de\/proyectos\/the-bachellor\/#primaryimage"},"thumbnailUrl":"https:\/\/www.susanaurbanointeriors.com\/wp-content\/uploads\/2020\/11\/thebachelor.jpg","datePublished":"2020-11-16T06:00:10+00:00","dateModified":"2021-01-25T08:13:10+00:00","description":"Proyecto Der Bachelor . un dise\u00f1o de interiores exclusivo, \u00fanico y con car\u00e1cter que refleja su propia personalidad","breadcrumb":{"@id":"https:\/\/www.susanaurbanointeriors.com\/de\/proyectos\/the-bachellor\/#breadcrumb"},"inLanguage":"de","potentialAction":[{"@type":"ReadAction","target":["https:\/\/www.susanaurbanointeriors.com\/de\/proyectos\/the-bachellor\/"]}]},{"@type":"ImageObject","inLanguage":"de","@id":"https:\/\/www.susanaurbanointeriors.com\/de\/proyectos\/the-bachellor\/#primaryimage","url":"https:\/\/www.susanaurbanointeriors.com\/wp-content\/uploads\/2020\/11\/thebachelor.jpg","contentUrl":"https:\/\/www.susanaurbanointeriors.com\/wp-content\/uploads\/2020\/11\/thebachelor.jpg","width":2400,"height":1600},{"@type":"BreadcrumbList","@id":"https:\/\/www.susanaurbanointeriors.com\/de\/proyectos\/the-bachellor\/#breadcrumb","itemListElement":[{"@type":"ListItem","position":1,"name":"Portada","item":"https:\/\/www.susanaurbanointeriors.com\/de\/"},{"@type":"ListItem","position":2,"name":"Projekte","item":"https:\/\/www.susanaurbanointeriors.com\/de\/proyectos\/"},{"@type":"ListItem","position":3,"name":"Der Bachelor"}]},{"@type":"WebSite","@id":"https:\/\/www.susanaurbanointeriors.com\/de\/#website","url":"https:\/\/www.susanaurbanointeriors.com\/de\/","name":"Susana Urbano Interiors","description":"","publisher":{"@id":"https:\/\/www.susanaurbanointeriors.com\/de\/#organization"},"potentialAction":[{"@type":"SearchAction","target":{"@type":"EntryPoint","urlTemplate":"https:\/\/www.susanaurbanointeriors.com\/de\/?s={search_term_string}"},"query-input":{"@type":"PropertyValueSpecification","valueRequired":true,"valueName":"search_term_string"}}],"inLanguage":"de"},{"@type":"Organization","@id":"https:\/\/www.susanaurbanointeriors.com\/de\/#organization","name":"Susana Urbano Interior Design","url":"https:\/\/www.susanaurbanointeriors.com\/de\/","logo":{"@type":"ImageObject","inLanguage":"de","@id":"https:\/\/www.susanaurbanointeriors.com\/de\/#\/schema\/logo\/image\/","url":"https:\/\/www.susanaurbanointeriors.com\/wp-content\/uploads\/2020\/09\/Grupo-2668.png","contentUrl":"https:\/\/www.susanaurbanointeriors.com\/wp-content\/uploads\/2020\/09\/Grupo-2668.png","width":3826,"height":949,"caption":"Susana Urbano Interior Design"},"image":{"@id":"https:\/\/www.susanaurbanointeriors.com\/de\/#\/schema\/logo\/image\/"}}]}},"_links":{"self":[{"href":"https:\/\/www.susanaurbanointeriors.com\/de\/wp-json\/wp\/v2\/project\/2509","targetHints":{"allow":["GET"]}}],"collection":[{"href":"https:\/\/www.susanaurbanointeriors.com\/de\/wp-json\/wp\/v2\/project"}],"about":[{"href":"https:\/\/www.susanaurbanointeriors.com\/de\/wp-json\/wp\/v2\/types\/project"}],"author":[{"embeddable":true,"href":"https:\/\/www.susanaurbanointeriors.com\/de\/wp-json\/wp\/v2\/users\/1"}],"replies":[{"embeddable":true,"href":"https:\/\/www.susanaurbanointeriors.com\/de\/wp-json\/wp\/v2\/comments?post=2509"}],"version-history":[{"count":28,"href":"https:\/\/www.susanaurbanointeriors.com\/de\/wp-json\/wp\/v2\/project\/2509\/revisions"}],"predecessor-version":[{"id":5540,"href":"https:\/\/www.susanaurbanointeriors.com\/de\/wp-json\/wp\/v2\/project\/2509\/revisions\/5540"}],"wp:featuredmedia":[{"embeddable":true,"href":"https:\/\/www.susanaurbanointeriors.com\/de\/wp-json\/wp\/v2\/media\/2971"}],"wp:attachment":[{"href":"https:\/\/www.susanaurbanointeriors.com\/de\/wp-json\/wp\/v2\/media?parent=2509"}],"wp:term":[{"taxonomy":"project_category","embeddable":true,"href":"https:\/\/www.susanaurbanointeriors.com\/de\/wp-json\/wp\/v2\/project_category?post=2509"},{"taxonomy":"project_tag","embeddable":true,"href":"https:\/\/www.susanaurbanointeriors.com\/de\/wp-json\/wp\/v2\/project_tag?post=2509"}],"curies":[{"name":"wp","href":"https:\/\/api.w.org\/{rel}","templated":true}]}}