{"id":2467,"date":"2020-11-16T07:00:51","date_gmt":"2020-11-16T07:00:51","guid":{"rendered":"https:\/\/www.susanaurbanointeriors.com\/project\/the-mirror\/"},"modified":"2020-12-21T14:57:03","modified_gmt":"2020-12-21T14:57:03","slug":"the-mirror","status":"publish","type":"project","link":"https:\/\/www.susanaurbanointeriors.com\/en\/proyectos\/the-mirror\/","title":{"rendered":"The mirror"},"content":{"rendered":"\n[et_pb_section fb_built=&#8221;1&#8243; custom_padding_last_edited=&#8221;on|phone&#8221; _builder_version=&#8221;4.6.3&#8243; _module_preset=&#8221;default&#8221; background_enable_color=&#8221;off&#8221; background_image=&#8221;https:\/\/www.susanaurbanointeriors.com\/wp-content\/uploads\/2020\/09\/susana-urbano-interiors-1.jpg&#8221; custom_padding=&#8221;200px||512px||false|false&#8221; custom_padding_tablet=&#8221;200px||180px||false|false&#8221; custom_padding_phone=&#8221;50px||142px||false|false&#8221;][et_pb_row _builder_version=&#8221;4.6.3&#8243; _module_preset=&#8221;default&#8221;][et_pb_column type=&#8221;4_4&#8243; _builder_version=&#8221;4.6.3&#8243; _module_preset=&#8221;default&#8221;][et_pb_text _builder_version=&#8221;4.6.3&#8243; _module_preset=&#8221;default&#8221; header_font=&#8221;|300|||||||&#8221; header_text_align=&#8221;center&#8221; header_text_color=&#8221;#ffffff&#8221; header_font_size=&#8221;65px&#8221; header_letter_spacing=&#8221;-0.25px&#8221; header_font_size_tablet=&#8221;&#8221; header_font_size_phone=&#8221;55px&#8221; header_font_size_last_edited=&#8221;on|phone&#8221; header_text_shadow_style=&#8221;preset4&#8243; header_text_shadow_horizontal_length=&#8221;0.04em&#8221; header_text_shadow_vertical_length=&#8221;0.04em&#8221; header_text_shadow_blur_strength=&#8221;0.02em&#8221;]<h1>The mirror<\/h1>[\/et_pb_text][\/et_pb_column][\/et_pb_row][\/et_pb_section][et_pb_section fb_built=&#8221;1&#8243; _builder_version=&#8221;4.6.3&#8243; _module_preset=&#8221;default&#8221; custom_padding=&#8221;40px||40px||true|false&#8221;][et_pb_row _builder_version=&#8221;4.6.3&#8243; _module_preset=&#8221;default&#8221; max_width=&#8221;700px&#8221; module_alignment=&#8221;center&#8221; custom_padding=&#8221;||0px||false|false&#8221;][et_pb_column type=&#8221;4_4&#8243; _builder_version=&#8221;4.6.3&#8243; _module_preset=&#8221;default&#8221;][et_pb_text _builder_version=&#8221;4.6.3&#8243; _module_preset=&#8221;default&#8221; header_2_font_size=&#8221;24px&#8221; header_2_letter_spacing=&#8221;-0.25px&#8221; header_2_font_size_tablet=&#8221;&#8221; header_2_font_size_phone=&#8221;20px&#8221; header_2_font_size_last_edited=&#8221;on|phone&#8221;]<h2>The mirror<\/h2>[\/et_pb_text][et_pb_text module_class=&#8221;tk-neue-haas-unica&#8221; _builder_version=&#8221;4.6.3&#8243; _module_preset=&#8221;default&#8221; text_font=&#8221;|300|||||||&#8221; text_font_size=&#8221;18px&#8221; text_line_height=&#8221;1.6em&#8221; text_orientation=&#8221;justified&#8221; max_width=&#8221;660px&#8221; text_font_size_tablet=&#8221;&#8221; text_font_size_phone=&#8221;16px&#8221; text_font_size_last_edited=&#8221;on|phone&#8221;]<p>This project is a new house and I worked together with the architect from the very beginning. Helping this family with the distribution of spaces, light concept, furniture design and selection, color selection, bathroom, kitchen design, landscape design and the decoration.<\/p>[\/et_pb_text][\/et_pb_column][\/et_pb_row][\/et_pb_section][et_pb_section fb_built=&#8221;1&#8243; custom_padding_last_edited=&#8221;on|desktop&#8221; _builder_version=&#8221;4.6.3&#8243; _module_preset=&#8221;default&#8221; custom_padding=&#8221;40px||40px||true|false&#8221; custom_padding_tablet=&#8221;&#8221; custom_padding_phone=&#8221;&#8221;][et_pb_row column_structure=&#8221;1_2,1_2&#8243; _builder_version=&#8221;4.6.3&#8243; _module_preset=&#8221;default&#8221; custom_padding=&#8221;0px||0px||false|false&#8221;][et_pb_column type=&#8221;1_2&#8243; _builder_version=&#8221;4.6.3&#8243; _module_preset=&#8221;default&#8221;][et_pb_image src=&#8221;https:\/\/www.susanaurbanointeriors.com\/wp-content\/uploads\/2020\/11\/SusanaUrbano_04-2.jpg&#8221; alt=&#8221;Susana Urbano Interiors &#8211; Project the mirrow&#8221; _builder_version=&#8221;4.6.3&#8243; _module_preset=&#8221;default&#8221;][\/et_pb_image][\/et_pb_column][et_pb_column type=&#8221;1_2&#8243; _builder_version=&#8221;4.6.3&#8243; _module_preset=&#8221;default&#8221;][et_pb_text disabled_on=&#8221;off|off|off&#8221; module_class=&#8221;tk-neue-haas-unica&#8221; _builder_version=&#8221;4.6.3&#8243; _module_preset=&#8221;default&#8221; text_font=&#8221;|300|||||||&#8221; text_font_size=&#8221;18px&#8221; text_line_height=&#8221;1.6em&#8221; text_orientation=&#8221;justified&#8221; max_width=&#8221;430px&#8221; module_alignment=&#8221;right&#8221; custom_padding=&#8221;120px||||false|false&#8221; custom_padding_tablet=&#8221;60px||||false|false&#8221; custom_padding_phone=&#8221;&#8221; custom_padding_last_edited=&#8221;on|desktop&#8221; text_font_size_tablet=&#8221;&#8221; text_font_size_phone=&#8221;16px&#8221; text_font_size_last_edited=&#8221;on|phone&#8221; locked=&#8221;off&#8221;]<p>This wonderful house had the challenge of its size. It has an open living, dining room of 100m2 plus 25m2 more to the kitchen. I proposed to divide the two main scenes with chimney that is open on 3 sides. We also created some corners to create cozy spaces and an interesting atmosphere. We chose nice fabrics as curtains and even designed a tree house, an indoor swimming pool and a wine cellar.<\/p>[\/et_pb_text][\/et_pb_column][\/et_pb_row][\/et_pb_section][et_pb_section fb_built=&#8221;1&#8243; custom_padding_last_edited=&#8221;on|tablet&#8221; _builder_version=&#8221;4.6.3&#8243; _module_preset=&#8221;default&#8221; custom_padding=&#8221;40px||40px||true|false&#8221; custom_padding_tablet=&#8221;40px||||false|false&#8221; custom_padding_phone=&#8221;&#8221;][et_pb_row column_structure=&#8221;2_5,3_5&#8243; _builder_version=&#8221;4.6.3&#8243; _module_preset=&#8221;default&#8221; custom_padding=&#8221;0px||0px||true|false&#8221; locked=&#8221;off&#8221;][et_pb_column type=&#8221;2_5&#8243; _builder_version=&#8221;4.6.3&#8243; _module_preset=&#8221;default&#8221;][et_pb_image src=&#8221;https:\/\/www.susanaurbanointeriors.com\/wp-content\/uploads\/2020\/11\/SusanaUrbano_-1-2.jpg&#8221; alt=&#8221;Susana Urbano Interiors &#8211; Project the mirrow&#8221; align=&#8221;right&#8221; align_tablet=&#8221;center&#8221; align_phone=&#8221;&#8221; align_last_edited=&#8221;on|tablet&#8221; _builder_version=&#8221;4.6.3&#8243; _module_preset=&#8221;default&#8221; module_alignment=&#8221;left&#8221; custom_padding=&#8221;||||false|false&#8221; custom_padding_tablet=&#8221;0px||||false|false&#8221; custom_padding_last_edited=&#8221;off|desktop&#8221; module_alignment_tablet=&#8221;right&#8221; module_alignment_last_edited=&#8221;off|tablet&#8221;][\/et_pb_image][\/et_pb_column][et_pb_column type=&#8221;3_5&#8243; _builder_version=&#8221;4.6.3&#8243; _module_preset=&#8221;default&#8221;][et_pb_image src=&#8221;https:\/\/www.susanaurbanointeriors.com\/wp-content\/uploads\/2020\/09\/susana-urbano-interiors-1.jpg&#8221; alt=&#8221;Susana Urbano Interiors &#8211; Project the mirrow&#8221; align=&#8221;right&#8221; _builder_version=&#8221;4.6.3&#8243; _module_preset=&#8221;default&#8221;][\/et_pb_image][\/et_pb_column][\/et_pb_row][\/et_pb_section][et_pb_section fb_built=&#8221;1&#8243; custom_padding_last_edited=&#8221;on|tablet&#8221; _builder_version=&#8221;4.6.3&#8243; _module_preset=&#8221;default&#8221; custom_padding=&#8221;40px||40px||true|false&#8221; custom_padding_tablet=&#8221;40px||||false|false&#8221; custom_padding_phone=&#8221;&#8221;][et_pb_row _builder_version=&#8221;4.6.3&#8243; _module_preset=&#8221;default&#8221; custom_padding=&#8221;0px||0px||true|false&#8221; locked=&#8221;off&#8221;][et_pb_column type=&#8221;4_4&#8243; _builder_version=&#8221;4.6.3&#8243; _module_preset=&#8221;default&#8221;][et_pb_image src=&#8221;https:\/\/www.susanaurbanointeriors.com\/wp-content\/uploads\/2020\/11\/SusanaUrbano_03-2.jpg&#8221; alt=&#8221;Susana Urbano Interiors &#8211; Project the mirrow&#8221; align=&#8221;center&#8221; _builder_version=&#8221;4.6.3&#8243; _module_preset=&#8221;default&#8221;][\/et_pb_image][\/et_pb_column][\/et_pb_row][\/et_pb_section][et_pb_section fb_built=&#8221;1&#8243; custom_padding_last_edited=&#8221;on|tablet&#8221; _builder_version=&#8221;4.6.3&#8243; _module_preset=&#8221;default&#8221; custom_padding=&#8221;80px||40px||false|false&#8221; custom_padding_tablet=&#8221;40px||40px||true|false&#8221; custom_padding_phone=&#8221;&#8221;][et_pb_row _builder_version=&#8221;4.6.3&#8243; _module_preset=&#8221;default&#8221; module_alignment=&#8221;left&#8221; custom_padding=&#8221;0px||0px||true|false&#8221; module_alignment_tablet=&#8221;&#8221; module_alignment_phone=&#8221;center&#8221; module_alignment_last_edited=&#8221;on|phone&#8221; locked=&#8221;off&#8221;][et_pb_column type=&#8221;4_4&#8243; _builder_version=&#8221;4.6.3&#8243; _module_preset=&#8221;default&#8221;][et_pb_image src=&#8221;https:\/\/www.susanaurbanointeriors.com\/wp-content\/uploads\/2020\/11\/SusanaUrbano_-2-2.jpg&#8221; alt=&#8221;Susana Urbano Interiors &#8211; Project the mirrow&#8221; align=&#8221;right&#8221; align_tablet=&#8221;&#8221; align_phone=&#8221;center&#8221; align_last_edited=&#8221;on|phone&#8221; _builder_version=&#8221;4.6.3&#8243; _module_preset=&#8221;default&#8221; module_alignment=&#8221;left&#8221;][\/et_pb_image][\/et_pb_column][\/et_pb_row][\/et_pb_section][et_pb_section fb_built=&#8221;1&#8243; _builder_version=&#8221;4.6.3&#8243; _module_preset=&#8221;default&#8221; custom_padding=&#8221;40px||40px||true|false&#8221;][et_pb_row column_structure=&#8221;1_2,1_2&#8243; _builder_version=&#8221;4.6.3&#8243; _module_preset=&#8221;default&#8221; custom_padding=&#8221;0px||0px||true|false&#8221;][et_pb_column type=&#8221;1_2&#8243; _builder_version=&#8221;4.6.3&#8243; _module_preset=&#8221;default&#8221;][et_pb_image src=&#8221;https:\/\/www.susanaurbanointeriors.com\/wp-content\/uploads\/2020\/11\/Imagen-3.jpg&#8221; alt=&#8221;Susana Urbano Interiors &#8211; Project the mirrow&#8221; align=&#8221;right&#8221; align_tablet=&#8221;&#8221; align_phone=&#8221;center&#8221; align_last_edited=&#8221;on|phone&#8221; _builder_version=&#8221;4.6.3&#8243; _module_preset=&#8221;default&#8221;][\/et_pb_image][\/et_pb_column][et_pb_column type=&#8221;1_2&#8243; _builder_version=&#8221;4.6.3&#8243; _module_preset=&#8221;default&#8221;][et_pb_image src=&#8221;https:\/\/www.susanaurbanointeriors.com\/wp-content\/uploads\/2020\/11\/P1080175-1.jpg&#8221; alt=&#8221;Susana Urbano Interiors &#8211; Project the mirrow&#8221; align=&#8221;center&#8221; _builder_version=&#8221;4.6.3&#8243; _module_preset=&#8221;default&#8221; custom_padding=&#8221;160px||||false|false&#8221; custom_padding_tablet=&#8221;0px||||false|false&#8221; custom_padding_phone=&#8221;&#8221; custom_padding_last_edited=&#8221;on|desktop&#8221;][\/et_pb_image][\/et_pb_column][\/et_pb_row][\/et_pb_section][et_pb_section fb_built=&#8221;1&#8243; _builder_version=&#8221;4.6.3&#8243; _module_preset=&#8221;default&#8221; custom_padding=&#8221;40px||40px||true|false&#8221;][et_pb_row column_structure=&#8221;1_2,1_2&#8243; _builder_version=&#8221;4.6.3&#8243; _module_preset=&#8221;default&#8221; custom_padding=&#8221;0px||0px||true|false&#8221;][et_pb_column type=&#8221;1_2&#8243; _builder_version=&#8221;4.6.3&#8243; _module_preset=&#8221;default&#8221;][et_pb_image src=&#8221;https:\/\/www.susanaurbanointeriors.com\/wp-content\/uploads\/2020\/11\/P7020381.jpg&#8221; alt=&#8221;Susana Urbano Interiors &#8211; Project the mirrow&#8221; align=&#8221;right&#8221; _builder_version=&#8221;4.6.3&#8243; _module_preset=&#8221;default&#8221; custom_margin=&#8221;-120px||||false|false&#8221; custom_margin_tablet=&#8221;0px||||false|false&#8221; custom_margin_phone=&#8221;&#8221; custom_margin_last_edited=&#8221;on|desktop&#8221; custom_padding_last_edited=&#8221;off|desktop&#8221;][\/et_pb_image][et_pb_image src=&#8221;https:\/\/www.susanaurbanointeriors.com\/wp-content\/uploads\/2020\/11\/P1080301.jpg&#8221; alt=&#8221;Susana Urbano Interiors &#8211; Project the mirrow&#8221; _builder_version=&#8221;4.6.3&#8243; _module_preset=&#8221;default&#8221; custom_padding=&#8221;60px||||false|false&#8221; custom_padding_tablet=&#8221;0px||||false|false&#8221; custom_padding_phone=&#8221;&#8221; custom_padding_last_edited=&#8221;on|desktop&#8221;][\/et_pb_image][\/et_pb_column][et_pb_column type=&#8221;1_2&#8243; _builder_version=&#8221;4.6.3&#8243; _module_preset=&#8221;default&#8221;][et_pb_image src=&#8221;https:\/\/www.susanaurbanointeriors.com\/wp-content\/uploads\/2020\/11\/Imagen-4.jpg&#8221; alt=&#8221;Susana Urbano Interiors &#8211; Project the mirrow&#8221; align=&#8221;center&#8221; _builder_version=&#8221;4.6.3&#8243; _module_preset=&#8221;default&#8221; custom_padding=&#8221;160px||||false|false&#8221; custom_padding_tablet=&#8221;0px||||false|false&#8221; custom_padding_phone=&#8221;&#8221; custom_padding_last_edited=&#8221;on|desktop&#8221;][\/et_pb_image][\/et_pb_column][\/et_pb_row][\/et_pb_section][et_pb_section fb_built=&#8221;1&#8243; custom_padding_last_edited=&#8221;on|desktop&#8221; _builder_version=&#8221;4.6.3&#8243; _module_preset=&#8221;default&#8221; custom_padding=&#8221;80px||40px||false|false&#8221; custom_padding_tablet=&#8221;40px||||false|false&#8221; custom_padding_phone=&#8221;&#8221;][et_pb_row _builder_version=&#8221;4.6.3&#8243; _module_preset=&#8221;default&#8221; custom_padding=&#8221;0px||0px||true|false&#8221;][et_pb_column type=&#8221;4_4&#8243; _builder_version=&#8221;4.6.3&#8243; _module_preset=&#8221;default&#8221;][et_pb_image src=&#8221;https:\/\/www.susanaurbanointeriors.com\/wp-content\/uploads\/2020\/11\/P1080424-1.jpg&#8221; alt=&#8221;Susana Urbano Interiors &#8211; Project the mirrow&#8221; _builder_version=&#8221;4.6.3&#8243; _module_preset=&#8221;default&#8221;][\/et_pb_image][\/et_pb_column][\/et_pb_row][\/et_pb_section][et_pb_section fb_built=&#8221;1&#8243; _builder_version=&#8221;4.6.3&#8243; _module_preset=&#8221;default&#8221; custom_padding=&#8221;40px||40px||true|false&#8221;][et_pb_row _builder_version=&#8221;4.6.3&#8243; _module_preset=&#8221;default&#8221; custom_padding=&#8221;0px||0px||true|false&#8221;][et_pb_column type=&#8221;4_4&#8243; _builder_version=&#8221;4.6.3&#8243; _module_preset=&#8221;default&#8221;][et_pb_image src=&#8221;https:\/\/www.susanaurbanointeriors.com\/wp-content\/uploads\/2020\/11\/SusanaUrbano_-3.jpg&#8221; alt=&#8221;Susana Urbano Interiors &#8211; Project the mirrow&#8221; align=&#8221;center&#8221; _builder_version=&#8221;4.6.3&#8243; _module_preset=&#8221;default&#8221;][\/et_pb_image][\/et_pb_column][\/et_pb_row][\/et_pb_section][et_pb_section fb_built=&#8221;1&#8243; custom_padding_last_edited=&#8221;on|desktop&#8221; _builder_version=&#8221;4.6.3&#8243; _module_preset=&#8221;default&#8221; custom_padding=&#8221;40px||40px||true|false&#8221; custom_padding_tablet=&#8221;&#8221; custom_padding_phone=&#8221;&#8221;][et_pb_row _builder_version=&#8221;4.6.3&#8243; _module_preset=&#8221;default&#8221; custom_padding=&#8221;0px||0px||true|false&#8221;][et_pb_column type=&#8221;4_4&#8243; _builder_version=&#8221;4.6.3&#8243; _module_preset=&#8221;default&#8221;][et_pb_text _builder_version=&#8221;4.6.3&#8243; _module_preset=&#8221;default&#8221; text_font_size=&#8221;24px&#8221; text_letter_spacing=&#8221;-0.25px&#8221; link_font=&#8221;||||on||||&#8221; text_orientation=&#8221;center&#8221; text_font_size_tablet=&#8221;&#8221; text_font_size_phone=&#8221;20px&#8221; text_font_size_last_edited=&#8221;on|phone&#8221; locked=&#8221;off&#8221;]p>Do you want to start your interior design project?<a href=\"https:\/\/www.susanaurbanointeriors.com\/en\/contact\/\"> Let&#8217;s start<\/a><\/p>[\/et_pb_text][\/et_pb_column][\/et_pb_row][\/et_pb_section][et_pb_section fb_built=&#8221;1&#8243; custom_padding_last_edited=&#8221;on|desktop&#8221; _builder_version=&#8221;4.6.3&#8243; _module_preset=&#8221;default&#8221; custom_padding=&#8221;40px||40px||true|false&#8221; custom_padding_tablet=&#8221;&#8221; custom_padding_phone=&#8221;&#8221; locked=&#8221;off&#8221;][et_pb_row _builder_version=&#8221;4.6.3&#8243; _module_preset=&#8221;default&#8221; width=&#8221;100%&#8221; custom_padding=&#8221;||||false|false&#8221;][et_pb_column type=&#8221;4_4&#8243; _builder_version=&#8221;4.6.3&#8243; _module_preset=&#8221;default&#8221;][et_pb_post_nav in_same_term=&#8221;off&#8221; prev_text=&#8221;See previous project&#8221; next_text=&#8221;See next project&#8221; disabled_on=&#8221;on|off|off&#8221; _builder_version=&#8221;4.6.3&#8243; _module_preset=&#8221;default&#8221; title_font_size=&#8221;18px&#8221; custom_margin=&#8221;||||false|false&#8221; custom_padding=&#8221;||||false|false&#8221;][\/et_pb_post_nav][et_pb_post_nav in_same_term=&#8221;off&#8221; prev_text=&#8221;Previous&#8221; next_text=&#8221;Next&#8221; disabled_on=&#8221;off|on|on&#8221; _builder_version=&#8221;4.6.3&#8243; _module_preset=&#8221;default&#8221; title_font_size=&#8221;18px&#8221; custom_margin=&#8221;||||false|false&#8221; custom_padding=&#8221;||||false|false&#8221;][\/et_pb_post_nav][et_pb_button button_url=&#8221;https:\/\/www.susanaurbanointeriors.com\/en\/proyectos\/&#8221; button_text=&#8221;See all projects&#8221; button_alignment=&#8221;center&#8221; _builder_version=&#8221;4.6.3&#8243; _module_preset=&#8221;default&#8221; custom_button=&#8221;on&#8221; button_text_size=&#8221;25px&#8221; button_border_width=&#8221;0px&#8221; button_border_radius=&#8221;0px&#8221; button_font=&#8221;|300|||on||||&#8221; button_use_icon=&#8221;off&#8221; locked=&#8221;off&#8221; button_text_color__hover=&#8221;#707070&#8243; button_bg_color__hover=&#8221;rgba(0,0,0,0)&#8221; button_bg_color__hover_enabled=&#8221;on|desktop&#8221;][\/et_pb_button][\/et_pb_column][\/et_pb_row][\/et_pb_section]\n","protected":false},"excerpt":{"rendered":"<p>The mirrorThe mirrorThis project is a new house and I worked together with the architect from the very beginning. Helping this family with the distribution of spaces, light concept, furniture design and selection, color selection, bathroom, kitchen design, landscape design and the decoration.This wonderful house had the challenge of its size. It has an open [&hellip;]<\/p>\n","protected":false},"author":1,"featured_media":2977,"comment_status":"open","ping_status":"closed","template":"","meta":{"_et_pb_use_builder":"on","_et_pb_old_content":"","_et_gb_content_width":"","inline_featured_image":false,"footnotes":""},"project_category":[36],"project_tag":[],"class_list":["post-2467","project","type-project","status-publish","has-post-thumbnail","hentry","project_category-interior-design-en"],"yoast_head":"<!-- This site is optimized with the Yoast SEO plugin v27.0 - https:\/\/yoast.com\/product\/yoast-seo-wordpress\/ -->\n<title>Proyecto de Interiorismo: The mirror - Susana Urbano Interiors<\/title>\n<meta name=\"description\" content=\"Proyecto The mirror . un dise\u00f1o de interiores exclusivo, \u00fanico y con car\u00e1cter que refleja su propia personalidad\" \/>\n<meta name=\"robots\" content=\"noindex, follow\" \/>\n<meta property=\"og:locale\" content=\"en_US\" \/>\n<meta property=\"og:type\" content=\"article\" \/>\n<meta property=\"og:title\" content=\"Proyecto de Interiorismo: The mirror - Susana Urbano Interiors\" \/>\n<meta property=\"og:description\" content=\"Proyecto The mirror . un dise\u00f1o de interiores exclusivo, \u00fanico y con car\u00e1cter que refleja su propia personalidad\" \/>\n<meta property=\"og:url\" content=\"https:\/\/www.susanaurbanointeriors.com\/en\/proyectos\/the-mirror\/\" \/>\n<meta property=\"og:site_name\" content=\"Susana Urbano Interiors\" \/>\n<meta property=\"article:modified_time\" content=\"2020-12-21T14:57:03+00:00\" \/>\n<meta property=\"og:image\" content=\"https:\/\/www.susanaurbanointeriors.com\/wp-content\/uploads\/2020\/11\/elespejo-2.jpg\" \/>\n\t<meta property=\"og:image:width\" content=\"1202\" \/>\n\t<meta property=\"og:image:height\" content=\"801\" \/>\n\t<meta property=\"og:image:type\" content=\"image\/jpeg\" \/>\n<meta name=\"twitter:card\" content=\"summary_large_image\" \/>\n<meta name=\"twitter:label1\" content=\"Est. reading time\" \/>\n\t<meta name=\"twitter:data1\" content=\"9 minutes\" \/>\n<script type=\"application\/ld+json\" class=\"yoast-schema-graph\">{\"@context\":\"https:\/\/schema.org\",\"@graph\":[{\"@type\":\"WebPage\",\"@id\":\"https:\/\/www.susanaurbanointeriors.com\/en\/proyectos\/the-mirror\/\",\"url\":\"https:\/\/www.susanaurbanointeriors.com\/en\/proyectos\/the-mirror\/\",\"name\":\"Proyecto de Interiorismo: The mirror - Susana Urbano Interiors\",\"isPartOf\":{\"@id\":\"https:\/\/www.susanaurbanointeriors.com\/en\/#website\"},\"primaryImageOfPage\":{\"@id\":\"https:\/\/www.susanaurbanointeriors.com\/en\/proyectos\/the-mirror\/#primaryimage\"},\"image\":{\"@id\":\"https:\/\/www.susanaurbanointeriors.com\/en\/proyectos\/the-mirror\/#primaryimage\"},\"thumbnailUrl\":\"https:\/\/www.susanaurbanointeriors.com\/wp-content\/uploads\/2020\/11\/elespejo-2.jpg\",\"datePublished\":\"2020-11-16T07:00:51+00:00\",\"dateModified\":\"2020-12-21T14:57:03+00:00\",\"description\":\"Proyecto The mirror . un dise\u00f1o de interiores exclusivo, \u00fanico y con car\u00e1cter que refleja su propia personalidad\",\"breadcrumb\":{\"@id\":\"https:\/\/www.susanaurbanointeriors.com\/en\/proyectos\/the-mirror\/#breadcrumb\"},\"inLanguage\":\"en-US\",\"potentialAction\":[{\"@type\":\"ReadAction\",\"target\":[\"https:\/\/www.susanaurbanointeriors.com\/en\/proyectos\/the-mirror\/\"]}]},{\"@type\":\"ImageObject\",\"inLanguage\":\"en-US\",\"@id\":\"https:\/\/www.susanaurbanointeriors.com\/en\/proyectos\/the-mirror\/#primaryimage\",\"url\":\"https:\/\/www.susanaurbanointeriors.com\/wp-content\/uploads\/2020\/11\/elespejo-2.jpg\",\"contentUrl\":\"https:\/\/www.susanaurbanointeriors.com\/wp-content\/uploads\/2020\/11\/elespejo-2.jpg\",\"width\":1202,\"height\":801,\"caption\":\"Proyecto de Interiorismo: The Lodge\"},{\"@type\":\"BreadcrumbList\",\"@id\":\"https:\/\/www.susanaurbanointeriors.com\/en\/proyectos\/the-mirror\/#breadcrumb\",\"itemListElement\":[{\"@type\":\"ListItem\",\"position\":1,\"name\":\"Portada\",\"item\":\"https:\/\/www.susanaurbanointeriors.com\/en\/\"},{\"@type\":\"ListItem\",\"position\":2,\"name\":\"Projects\",\"item\":\"https:\/\/www.susanaurbanointeriors.com\/en\/proyectos\/\"},{\"@type\":\"ListItem\",\"position\":3,\"name\":\"The mirror\"}]},{\"@type\":\"WebSite\",\"@id\":\"https:\/\/www.susanaurbanointeriors.com\/en\/#website\",\"url\":\"https:\/\/www.susanaurbanointeriors.com\/en\/\",\"name\":\"Susana Urbano Interiors\",\"description\":\"\",\"publisher\":{\"@id\":\"https:\/\/www.susanaurbanointeriors.com\/en\/#organization\"},\"potentialAction\":[{\"@type\":\"SearchAction\",\"target\":{\"@type\":\"EntryPoint\",\"urlTemplate\":\"https:\/\/www.susanaurbanointeriors.com\/en\/?s={search_term_string}\"},\"query-input\":{\"@type\":\"PropertyValueSpecification\",\"valueRequired\":true,\"valueName\":\"search_term_string\"}}],\"inLanguage\":\"en-US\"},{\"@type\":\"Organization\",\"@id\":\"https:\/\/www.susanaurbanointeriors.com\/en\/#organization\",\"name\":\"Susana Urbano Interior Design\",\"url\":\"https:\/\/www.susanaurbanointeriors.com\/en\/\",\"logo\":{\"@type\":\"ImageObject\",\"inLanguage\":\"en-US\",\"@id\":\"https:\/\/www.susanaurbanointeriors.com\/en\/#\/schema\/logo\/image\/\",\"url\":\"https:\/\/www.susanaurbanointeriors.com\/wp-content\/uploads\/2020\/09\/Grupo-2668.png\",\"contentUrl\":\"https:\/\/www.susanaurbanointeriors.com\/wp-content\/uploads\/2020\/09\/Grupo-2668.png\",\"width\":3826,\"height\":949,\"caption\":\"Susana Urbano Interior Design\"},\"image\":{\"@id\":\"https:\/\/www.susanaurbanointeriors.com\/en\/#\/schema\/logo\/image\/\"}}]}<\/script>\n<!-- \/ Yoast SEO plugin. -->","yoast_head_json":{"title":"Proyecto de Interiorismo: The mirror - Susana Urbano Interiors","description":"Proyecto The mirror . un dise\u00f1o de interiores exclusivo, \u00fanico y con car\u00e1cter que refleja su propia personalidad","robots":{"index":"noindex","follow":"follow"},"og_locale":"en_US","og_type":"article","og_title":"Proyecto de Interiorismo: The mirror - Susana Urbano Interiors","og_description":"Proyecto The mirror . un dise\u00f1o de interiores exclusivo, \u00fanico y con car\u00e1cter que refleja su propia personalidad","og_url":"https:\/\/www.susanaurbanointeriors.com\/en\/proyectos\/the-mirror\/","og_site_name":"Susana Urbano Interiors","article_modified_time":"2020-12-21T14:57:03+00:00","og_image":[{"width":1202,"height":801,"url":"https:\/\/www.susanaurbanointeriors.com\/wp-content\/uploads\/2020\/11\/elespejo-2.jpg","type":"image\/jpeg"}],"twitter_card":"summary_large_image","twitter_misc":{"Est. reading time":"9 minutes"},"schema":{"@context":"https:\/\/schema.org","@graph":[{"@type":"WebPage","@id":"https:\/\/www.susanaurbanointeriors.com\/en\/proyectos\/the-mirror\/","url":"https:\/\/www.susanaurbanointeriors.com\/en\/proyectos\/the-mirror\/","name":"Proyecto de Interiorismo: The mirror - Susana Urbano Interiors","isPartOf":{"@id":"https:\/\/www.susanaurbanointeriors.com\/en\/#website"},"primaryImageOfPage":{"@id":"https:\/\/www.susanaurbanointeriors.com\/en\/proyectos\/the-mirror\/#primaryimage"},"image":{"@id":"https:\/\/www.susanaurbanointeriors.com\/en\/proyectos\/the-mirror\/#primaryimage"},"thumbnailUrl":"https:\/\/www.susanaurbanointeriors.com\/wp-content\/uploads\/2020\/11\/elespejo-2.jpg","datePublished":"2020-11-16T07:00:51+00:00","dateModified":"2020-12-21T14:57:03+00:00","description":"Proyecto The mirror . un dise\u00f1o de interiores exclusivo, \u00fanico y con car\u00e1cter que refleja su propia personalidad","breadcrumb":{"@id":"https:\/\/www.susanaurbanointeriors.com\/en\/proyectos\/the-mirror\/#breadcrumb"},"inLanguage":"en-US","potentialAction":[{"@type":"ReadAction","target":["https:\/\/www.susanaurbanointeriors.com\/en\/proyectos\/the-mirror\/"]}]},{"@type":"ImageObject","inLanguage":"en-US","@id":"https:\/\/www.susanaurbanointeriors.com\/en\/proyectos\/the-mirror\/#primaryimage","url":"https:\/\/www.susanaurbanointeriors.com\/wp-content\/uploads\/2020\/11\/elespejo-2.jpg","contentUrl":"https:\/\/www.susanaurbanointeriors.com\/wp-content\/uploads\/2020\/11\/elespejo-2.jpg","width":1202,"height":801,"caption":"Proyecto de Interiorismo: The Lodge"},{"@type":"BreadcrumbList","@id":"https:\/\/www.susanaurbanointeriors.com\/en\/proyectos\/the-mirror\/#breadcrumb","itemListElement":[{"@type":"ListItem","position":1,"name":"Portada","item":"https:\/\/www.susanaurbanointeriors.com\/en\/"},{"@type":"ListItem","position":2,"name":"Projects","item":"https:\/\/www.susanaurbanointeriors.com\/en\/proyectos\/"},{"@type":"ListItem","position":3,"name":"The mirror"}]},{"@type":"WebSite","@id":"https:\/\/www.susanaurbanointeriors.com\/en\/#website","url":"https:\/\/www.susanaurbanointeriors.com\/en\/","name":"Susana Urbano Interiors","description":"","publisher":{"@id":"https:\/\/www.susanaurbanointeriors.com\/en\/#organization"},"potentialAction":[{"@type":"SearchAction","target":{"@type":"EntryPoint","urlTemplate":"https:\/\/www.susanaurbanointeriors.com\/en\/?s={search_term_string}"},"query-input":{"@type":"PropertyValueSpecification","valueRequired":true,"valueName":"search_term_string"}}],"inLanguage":"en-US"},{"@type":"Organization","@id":"https:\/\/www.susanaurbanointeriors.com\/en\/#organization","name":"Susana Urbano Interior Design","url":"https:\/\/www.susanaurbanointeriors.com\/en\/","logo":{"@type":"ImageObject","inLanguage":"en-US","@id":"https:\/\/www.susanaurbanointeriors.com\/en\/#\/schema\/logo\/image\/","url":"https:\/\/www.susanaurbanointeriors.com\/wp-content\/uploads\/2020\/09\/Grupo-2668.png","contentUrl":"https:\/\/www.susanaurbanointeriors.com\/wp-content\/uploads\/2020\/09\/Grupo-2668.png","width":3826,"height":949,"caption":"Susana Urbano Interior Design"},"image":{"@id":"https:\/\/www.susanaurbanointeriors.com\/en\/#\/schema\/logo\/image\/"}}]}},"_links":{"self":[{"href":"https:\/\/www.susanaurbanointeriors.com\/en\/wp-json\/wp\/v2\/project\/2467","targetHints":{"allow":["GET"]}}],"collection":[{"href":"https:\/\/www.susanaurbanointeriors.com\/en\/wp-json\/wp\/v2\/project"}],"about":[{"href":"https:\/\/www.susanaurbanointeriors.com\/en\/wp-json\/wp\/v2\/types\/project"}],"author":[{"embeddable":true,"href":"https:\/\/www.susanaurbanointeriors.com\/en\/wp-json\/wp\/v2\/users\/1"}],"replies":[{"embeddable":true,"href":"https:\/\/www.susanaurbanointeriors.com\/en\/wp-json\/wp\/v2\/comments?post=2467"}],"version-history":[{"count":21,"href":"https:\/\/www.susanaurbanointeriors.com\/en\/wp-json\/wp\/v2\/project\/2467\/revisions"}],"predecessor-version":[{"id":5186,"href":"https:\/\/www.susanaurbanointeriors.com\/en\/wp-json\/wp\/v2\/project\/2467\/revisions\/5186"}],"wp:featuredmedia":[{"embeddable":true,"href":"https:\/\/www.susanaurbanointeriors.com\/en\/wp-json\/wp\/v2\/media\/2977"}],"wp:attachment":[{"href":"https:\/\/www.susanaurbanointeriors.com\/en\/wp-json\/wp\/v2\/media?parent=2467"}],"wp:term":[{"taxonomy":"project_category","embeddable":true,"href":"https:\/\/www.susanaurbanointeriors.com\/en\/wp-json\/wp\/v2\/project_category?post=2467"},{"taxonomy":"project_tag","embeddable":true,"href":"https:\/\/www.susanaurbanointeriors.com\/en\/wp-json\/wp\/v2\/project_tag?post=2467"}],"curies":[{"name":"wp","href":"https:\/\/api.w.org\/{rel}","templated":true}]}}