{"id":2563,"date":"2020-11-16T08:00:56","date_gmt":"2020-11-16T08:00:56","guid":{"rendered":"https:\/\/www.susanaurbanointeriors.com\/project\/freedom\/"},"modified":"2020-12-21T15:01:10","modified_gmt":"2020-12-21T15:01:10","slug":"freedom","status":"publish","type":"project","link":"https:\/\/www.susanaurbanointeriors.com\/en\/proyectos\/freedom\/","title":{"rendered":"Freedom"},"content":{"rendered":"<p>[et_pb_section fb_built=&#8221;1&#8243; custom_padding_last_edited=&#8221;on|phone&#8221; _builder_version=&#8221;4.6.3&#8243; _module_preset=&#8221;default&#8221; background_enable_color=&#8221;off&#8221; background_image=&#8221;https:\/\/www.susanaurbanointeriors.com\/wp-content\/uploads\/2020\/11\/SusanaUrbano_08-compressed.jpg&#8221; custom_padding=&#8221;200px||460px||false|false&#8221; custom_padding_tablet=&#8221;200px||146px||false|false&#8221; custom_padding_phone=&#8221;50px||124px||false|false&#8221;][et_pb_row _builder_version=&#8221;4.6.3&#8243; _module_preset=&#8221;default&#8221;][et_pb_column type=&#8221;4_4&#8243; _builder_version=&#8221;4.6.3&#8243; _module_preset=&#8221;default&#8221;][et_pb_text _builder_version=&#8221;4.6.3&#8243; _module_preset=&#8221;default&#8221; header_font=&#8221;|300|||||||&#8221; header_text_align=&#8221;center&#8221; header_text_color=&#8221;#ffffff&#8221; header_font_size=&#8221;65px&#8221; header_letter_spacing=&#8221;-0.25px&#8221; header_font_size_tablet=&#8221;&#8221; header_font_size_phone=&#8221;55px&#8221; header_font_size_last_edited=&#8221;on|phone&#8221; header_text_shadow_style=&#8221;preset4&#8243; header_text_shadow_horizontal_length=&#8221;0.04em&#8221; header_text_shadow_vertical_length=&#8221;0.04em&#8221; header_text_shadow_blur_strength=&#8221;0.02em&#8221;]<\/p>\n<h1>Freedom<\/h1>\n<p>[\/et_pb_text][\/et_pb_column][\/et_pb_row][\/et_pb_section][et_pb_section fb_built=&#8221;1&#8243; _builder_version=&#8221;4.6.3&#8243; _module_preset=&#8221;default&#8221; custom_padding=&#8221;0px||0px||false|false&#8221; locked=&#8221;off&#8221;][et_pb_row column_structure=&#8221;1_2,1_2&#8243; _builder_version=&#8221;4.6.3&#8243; _module_preset=&#8221;default&#8221;][et_pb_column type=&#8221;1_2&#8243; _builder_version=&#8221;4.6.3&#8243; _module_preset=&#8221;default&#8221;][et_pb_text _builder_version=&#8221;4.6.3&#8243; _module_preset=&#8221;default&#8221; text_font=&#8221;||||||||&#8221; text_text_color=&#8221;#f5f3f0&#8243; text_letter_spacing=&#8221;0.25px&#8221; background_color=&#8221;#707070&#8243; max_width=&#8221;140px&#8221; custom_padding=&#8221;|12px||12px|false|true&#8221;]<\/p>\n<p>MARBELLA DESIGN<\/p>\n<p>[\/et_pb_text][\/et_pb_column][et_pb_column type=&#8221;1_2&#8243; _builder_version=&#8221;4.6.3&#8243; _module_preset=&#8221;default&#8221;][et_pb_text module_class=&#8221;tk-neue-haas-unica&#8221; _builder_version=&#8221;4.6.3&#8243; _module_preset=&#8221;default&#8221; text_font=&#8221;|300|||||||&#8221; text_orientation=&#8221;right&#8221;]<\/p>\n<p>* Photography of Paloma Pacheco Turnes<\/p>\n<p>[\/et_pb_text][\/et_pb_column][\/et_pb_row][\/et_pb_section][et_pb_section fb_built=&#8221;1&#8243; _builder_version=&#8221;4.6.3&#8243; _module_preset=&#8221;default&#8221; custom_padding=&#8221;40px||40px||true|false&#8221;][et_pb_row _builder_version=&#8221;4.6.3&#8243; _module_preset=&#8221;default&#8221; max_width=&#8221;700px&#8221; module_alignment=&#8221;center&#8221; custom_padding=&#8221;||0px||false|false&#8221;][et_pb_column type=&#8221;4_4&#8243; _builder_version=&#8221;4.6.3&#8243; _module_preset=&#8221;default&#8221;][et_pb_text _builder_version=&#8221;4.6.3&#8243; _module_preset=&#8221;default&#8221; header_2_font_size=&#8221;24px&#8221; header_2_letter_spacing=&#8221;-0.25px&#8221; header_2_font_size_tablet=&#8221;&#8221; header_2_font_size_phone=&#8221;20px&#8221; header_2_font_size_last_edited=&#8221;on|phone&#8221;]<\/p>\n<h2>Freedom<\/h2>\n<p>[\/et_pb_text][et_pb_text module_class=&#8221;tk-neue-haas-unica&#8221; _builder_version=&#8221;4.6.3&#8243; _module_preset=&#8221;default&#8221; text_font=&#8221;|300|||||||&#8221; text_font_size=&#8221;18px&#8221; text_line_height=&#8221;1.6em&#8221; text_orientation=&#8221;justified&#8221; hover_enabled=&#8221;0&#8243; text_font_size_tablet=&#8221;&#8221; text_font_size_phone=&#8221;16px&#8221; text_font_size_last_edited=&#8221;on|phone&#8221; sticky_enabled=&#8221;0&#8243;]<\/p>\n<p>I really think that in a good interior designed space it is all about the details.<br \/> At \u201cFreedom\u201d in this Marbella Design Fair edition, I wanted to generate sensations, being controversial and showing ideas. I wanted to create the sensation of being free when you are in a completely closed space.<br \/> The combination of a Green Area created through an amazing vertical garden with the wallpaper and decorative monkey lamps and Dew lamp, were perfect for this.<\/p>\n<p>[\/et_pb_text][\/et_pb_column][\/et_pb_row][\/et_pb_section][et_pb_section fb_built=&#8221;1&#8243; _builder_version=&#8221;4.6.3&#8243; _module_preset=&#8221;default&#8221; custom_padding=&#8221;40px||40px||true|false&#8221;][et_pb_row column_structure=&#8221;1_2,1_2&#8243; _builder_version=&#8221;4.6.3&#8243; _module_preset=&#8221;default&#8221; custom_padding=&#8221;0px||0px||true|false&#8221;][et_pb_column type=&#8221;1_2&#8243; _builder_version=&#8221;4.6.3&#8243; _module_preset=&#8221;default&#8221;][et_pb_image src=&#8221;https:\/\/www.susanaurbanointeriors.com\/wp-content\/uploads\/2020\/11\/SusanaUrbano_06@2x.jpg&#8221; alt=&#8221;Susana Urbano Interiors &#8211; Project Freedom&#8221; _builder_version=&#8221;4.6.3&#8243; _module_preset=&#8221;default&#8221;][\/et_pb_image][\/et_pb_column][et_pb_column type=&#8221;1_2&#8243; _builder_version=&#8221;4.6.3&#8243; _module_preset=&#8221;default&#8221;][et_pb_text disabled_on=&#8221;off|off|off&#8221; module_class=&#8221;tk-neue-haas-unica&#8221; _builder_version=&#8221;4.6.3&#8243; _module_preset=&#8221;default&#8221; text_font=&#8221;|300|||||||&#8221; text_font_size=&#8221;18px&#8221; text_line_height=&#8221;1.6em&#8221; text_orientation=&#8221;justified&#8221; max_width=&#8221;418px&#8221; module_alignment=&#8221;right&#8221; custom_padding=&#8221;250px||||false|false&#8221; custom_padding_tablet=&#8221;40px||||false|false&#8221; custom_padding_phone=&#8221;&#8221; custom_padding_last_edited=&#8221;on|tablet&#8221; text_font_size_tablet=&#8221;&#8221; text_font_size_phone=&#8221;16px&#8221; text_font_size_last_edited=&#8221;on|phone&#8221; locked=&#8221;off&#8221;]<\/p>\n<p>The mirrors had been framed with the flexible mouldings. In the vertical garden I integrated a sound system, I worked with the aroma and everything was controlled under the domotic system.<\/p>\n<p>[\/et_pb_text][\/et_pb_column][\/et_pb_row][\/et_pb_section][et_pb_section fb_built=&#8221;1&#8243; _builder_version=&#8221;4.6.3&#8243; _module_preset=&#8221;default&#8221; custom_padding=&#8221;40px||40px||true|false&#8221;][et_pb_row _builder_version=&#8221;4.6.3&#8243; _module_preset=&#8221;default&#8221; max_width=&#8221;850px&#8221; custom_padding=&#8221;0px||0px||true|false&#8221;][et_pb_column type=&#8221;4_4&#8243; _builder_version=&#8221;4.6.3&#8243; _module_preset=&#8221;default&#8221;][et_pb_image src=&#8221;https:\/\/www.susanaurbanointeriors.com\/wp-content\/uploads\/2020\/11\/\u00a9greenarea-jardin-vertical-diseno-biofilia-marbella-design-2020-21.jpg&#8221; alt=&#8221;Susana Urbano Interiors &#8211; Project Freedom&#8221; _builder_version=&#8221;4.6.3&#8243; _module_preset=&#8221;default&#8221;][\/et_pb_image][\/et_pb_column][\/et_pb_row][\/et_pb_section][et_pb_section fb_built=&#8221;1&#8243; custom_padding_last_edited=&#8221;on|desktop&#8221; _builder_version=&#8221;4.6.3&#8243; _module_preset=&#8221;default&#8221; custom_padding=&#8221;40px||40px||true|false&#8221; custom_padding_tablet=&#8221;&#8221; custom_padding_phone=&#8221;&#8221;][et_pb_row column_structure=&#8221;2_5,3_5&#8243; _builder_version=&#8221;4.6.3&#8243; _module_preset=&#8221;default&#8221; max_width=&#8221;850px&#8221; custom_padding=&#8221;0px||0px||false|false&#8221;][et_pb_column type=&#8221;2_5&#8243; _builder_version=&#8221;4.6.3&#8243; _module_preset=&#8221;default&#8221;][et_pb_image src=&#8221;https:\/\/www.susanaurbanointeriors.com\/wp-content\/uploads\/2020\/11\/MARBELLA-DESIGN_30.jpg&#8221; alt=&#8221;Susana Urbano Interiors &#8211; Project Freedom&#8221; align_tablet=&#8221;&#8221; align_phone=&#8221;center&#8221; align_last_edited=&#8221;on|phone&#8221; _builder_version=&#8221;4.6.3&#8243; _module_preset=&#8221;default&#8221; custom_padding=&#8221;140px||||false|false&#8221; custom_padding_tablet=&#8221;0px||||false|false&#8221; custom_padding_phone=&#8221;&#8221; custom_padding_last_edited=&#8221;on|tablet&#8221;][\/et_pb_image][\/et_pb_column][et_pb_column type=&#8221;3_5&#8243; _builder_version=&#8221;4.6.3&#8243; _module_preset=&#8221;default&#8221;][et_pb_image src=&#8221;https:\/\/www.susanaurbanointeriors.com\/wp-content\/uploads\/2020\/11\/SusanaUrbano_09.jpg&#8221; alt=&#8221;Susana Urbano Interiors &#8211; Project Freedom&#8221; align=&#8221;right&#8221; _builder_version=&#8221;4.6.3&#8243; _module_preset=&#8221;default&#8221; width=&#8221;100%&#8221; custom_padding=&#8221;||||false|false&#8221; custom_padding_tablet=&#8221;60px||||false|false&#8221; custom_padding_phone=&#8221;&#8221; custom_padding_last_edited=&#8221;on|tablet&#8221;][\/et_pb_image][\/et_pb_column][\/et_pb_row][\/et_pb_section][et_pb_section fb_built=&#8221;1&#8243; custom_padding_last_edited=&#8221;on|desktop&#8221; _builder_version=&#8221;4.6.3&#8243; _module_preset=&#8221;default&#8221; custom_padding=&#8221;40px||40px||true|false&#8221; custom_padding_tablet=&#8221;&#8221; custom_padding_phone=&#8221;&#8221;][et_pb_row column_structure=&#8221;3_5,2_5&#8243; _builder_version=&#8221;4.6.3&#8243; _module_preset=&#8221;default&#8221; max_width=&#8221;850px&#8221; custom_padding=&#8221;0px||0px||false|false&#8221;][et_pb_column type=&#8221;3_5&#8243; _builder_version=&#8221;4.6.3&#8243; _module_preset=&#8221;default&#8221;][et_pb_image src=&#8221;https:\/\/www.susanaurbanointeriors.com\/wp-content\/uploads\/2020\/11\/MARBELLA-DESIGN_31.jpg&#8221; alt=&#8221;Susana Urbano Interiors &#8211; Project Freedom&#8221; _builder_version=&#8221;4.6.3&#8243; _module_preset=&#8221;default&#8221; custom_padding=&#8221;140px||||false|false&#8221; custom_padding_tablet=&#8221;0px||||false|false&#8221; custom_padding_phone=&#8221;&#8221; custom_padding_last_edited=&#8221;on|tablet&#8221;][\/et_pb_image][\/et_pb_column][et_pb_column type=&#8221;2_5&#8243; _builder_version=&#8221;4.6.3&#8243; _module_preset=&#8221;default&#8221;][et_pb_image src=&#8221;https:\/\/www.susanaurbanointeriors.com\/wp-content\/uploads\/2020\/11\/SusanaUrbano_-1-1.jpg&#8221; alt=&#8221;Susana Urbano Interiors &#8211; Project Freedom&#8221; align=&#8221;right&#8221; align_tablet=&#8221;&#8221; align_phone=&#8221;center&#8221; align_last_edited=&#8221;on|phone&#8221; _builder_version=&#8221;4.6.3&#8243; _module_preset=&#8221;default&#8221; width=&#8221;100%&#8221; custom_padding=&#8221;||||false|false&#8221; custom_padding_tablet=&#8221;60px||||false|false&#8221; custom_padding_phone=&#8221;&#8221; custom_padding_last_edited=&#8221;on|tablet&#8221;][\/et_pb_image][\/et_pb_column][\/et_pb_row][\/et_pb_section][et_pb_section fb_built=&#8221;1&#8243; _builder_version=&#8221;4.6.3&#8243; _module_preset=&#8221;default&#8221; custom_padding=&#8221;40px||40px||true|false&#8221; locked=&#8221;off&#8221;][et_pb_row custom_padding_last_edited=&#8221;on|tablet&#8221; _builder_version=&#8221;4.6.3&#8243; _module_preset=&#8221;default&#8221; max_width=&#8221;700px&#8221; module_alignment=&#8221;center&#8221; custom_padding=&#8221;||0px||false|false&#8221; custom_padding_tablet=&#8221;0px||0px||false|false&#8221; custom_padding_phone=&#8221;&#8221;][et_pb_column type=&#8221;4_4&#8243; _builder_version=&#8221;4.6.3&#8243; _module_preset=&#8221;default&#8221;][et_pb_text _builder_version=&#8221;4.6.3&#8243; _module_preset=&#8221;default&#8221; header_2_font_size=&#8221;24px&#8221; header_2_letter_spacing=&#8221;-0.25px&#8221; header_2_font_size_tablet=&#8221;&#8221; header_2_font_size_phone=&#8221;20px&#8221; header_2_font_size_last_edited=&#8221;on|phone&#8221;]<\/p>\n<h2>Collaboration with Greenarea. #greenprojects<\/h2>\n<p>[\/et_pb_text][et_pb_text module_class=&#8221;tk-neue-haas-unica&#8221; _builder_version=&#8221;4.6.3&#8243; _module_preset=&#8221;default&#8221; text_font=&#8221;|300|||||||&#8221; text_font_size=&#8221;18px&#8221; text_line_height=&#8221;1.6em&#8221; text_orientation=&#8221;justified&#8221; text_font_size_tablet=&#8221;&#8221; text_font_size_phone=&#8221;16px&#8221; text_font_size_last_edited=&#8221;on|phone&#8221;]<\/p>\n<p>&#8220;We collaborate with the interior designer Susana Urbano at Marbella Design Fair 2020. We bring a sense of freedom and freshness to the bathroom of her &#8216;Looked In&#8217; space, through a vertical garden full of nuances. Our plant creativity was also present in two photocalls of the fair held recently. &#8220;<\/p>\n<p>The current situation forces us to go further in the design of workspaces. They must be a safe meeting point and promote the productivity and well-being of employees. Discover the benefits of biophilic office design and how to achieve them.<\/p>\n<p>[\/et_pb_text][\/et_pb_column][\/et_pb_row][\/et_pb_section][et_pb_section fb_built=&#8221;1&#8243; _builder_version=&#8221;4.6.3&#8243; _module_preset=&#8221;default&#8221; custom_padding=&#8221;40px||40px||true|false&#8221;][et_pb_row _builder_version=&#8221;4.6.3&#8243; _module_preset=&#8221;default&#8221; custom_padding=&#8221;0px||0px||true|false&#8221;][et_pb_column type=&#8221;4_4&#8243; _builder_version=&#8221;4.6.3&#8243; _module_preset=&#8221;default&#8221;][et_pb_image src=&#8221;https:\/\/www.susanaurbanointeriors.com\/wp-content\/uploads\/2020\/11\/SusanaUrbano_03-1.jpg&#8221; alt=&#8221;Susana Urbano Interiors &#8211; Project Freedom&#8221; _builder_version=&#8221;4.6.3&#8243; _module_preset=&#8221;default&#8221;][\/et_pb_image][\/et_pb_column][\/et_pb_row][\/et_pb_section][et_pb_section fb_built=&#8221;1&#8243; _builder_version=&#8221;4.6.3&#8243; _module_preset=&#8221;default&#8221; custom_padding=&#8221;40px||40px||true|false&#8221;][et_pb_row _builder_version=&#8221;4.6.3&#8243; _module_preset=&#8221;default&#8221; max_width=&#8221;900px&#8221; custom_padding=&#8221;0px||0px||true|false&#8221;][et_pb_column type=&#8221;4_4&#8243; _builder_version=&#8221;4.6.3&#8243; _module_preset=&#8221;default&#8221;][et_pb_image src=&#8221;https:\/\/www.susanaurbanointeriors.com\/wp-content\/uploads\/2020\/11\/SusanaUrbano_-2-1.jpg&#8221; alt=&#8221;Susana Urbano Interiors &#8211; Project Freedom&#8221; _builder_version=&#8221;4.6.3&#8243; _module_preset=&#8221;default&#8221;][\/et_pb_image][\/et_pb_column][\/et_pb_row][\/et_pb_section][et_pb_section fb_built=&#8221;1&#8243; _builder_version=&#8221;4.6.3&#8243; _module_preset=&#8221;default&#8221; custom_padding=&#8221;40px||40px||true|false&#8221;][et_pb_row _builder_version=&#8221;4.6.3&#8243; _module_preset=&#8221;default&#8221; max_width=&#8221;900px&#8221; custom_padding=&#8221;0px||0px||true|false&#8221;][et_pb_column type=&#8221;4_4&#8243; _builder_version=&#8221;4.6.3&#8243; _module_preset=&#8221;default&#8221;][et_pb_image src=&#8221;https:\/\/www.susanaurbanointeriors.com\/wp-content\/uploads\/2020\/11\/P1080175@2x.jpg&#8221; alt=&#8221;Susana Urbano Interiors &#8211; Project Freedom&#8221; _builder_version=&#8221;4.6.3&#8243; _module_preset=&#8221;default&#8221;][\/et_pb_image][\/et_pb_column][\/et_pb_row][\/et_pb_section][et_pb_section fb_built=&#8221;1&#8243; _builder_version=&#8221;4.6.3&#8243; _module_preset=&#8221;default&#8221; custom_padding=&#8221;40px||40px||true|false&#8221;][et_pb_row use_custom_gutter=&#8221;on&#8221; gutter_width=&#8221;1&#8243; _builder_version=&#8221;4.6.3&#8243; _module_preset=&#8221;default&#8221; custom_padding=&#8221;0px||0px||true|false&#8221;][et_pb_column type=&#8221;4_4&#8243; _builder_version=&#8221;4.6.3&#8243; _module_preset=&#8221;default&#8221;][et_pb_image src=&#8221;https:\/\/www.susanaurbanointeriors.com\/wp-content\/uploads\/2020\/11\/P1080424.jpg&#8221; alt=&#8221;Susana Urbano Interiors &#8211; Project Freedom&#8221; _builder_version=&#8221;4.6.3&#8243; _module_preset=&#8221;default&#8221;][\/et_pb_image][\/et_pb_column][\/et_pb_row][\/et_pb_section][et_pb_section fb_built=&#8221;1&#8243; _builder_version=&#8221;4.6.3&#8243; _module_preset=&#8221;default&#8221; custom_padding=&#8221;40px||40px||true|false&#8221; locked=&#8221;off&#8221;][et_pb_row _builder_version=&#8221;4.6.3&#8243; _module_preset=&#8221;default&#8221; custom_padding=&#8221;0px||0px||true|false&#8221;][et_pb_column type=&#8221;4_4&#8243; _builder_version=&#8221;4.6.3&#8243; _module_preset=&#8221;default&#8221;][et_pb_image src=&#8221;https:\/\/www.susanaurbanointeriors.com\/wp-content\/uploads\/2020\/11\/MARBELLA-DESIGN_29-compressed.jpg&#8221; alt=&#8221;Susana Urbano Interiors &#8211; Project Freedom&#8221; align=&#8221;center&#8221; _builder_version=&#8221;4.6.3&#8243; _module_preset=&#8221;default&#8221;][\/et_pb_image][\/et_pb_column][\/et_pb_row][\/et_pb_section][et_pb_section fb_built=&#8221;1&#8243; custom_padding_last_edited=&#8221;on|desktop&#8221; _builder_version=&#8221;4.6.3&#8243; _module_preset=&#8221;default&#8221; custom_padding=&#8221;40px||40px||true|false&#8221; custom_padding_tablet=&#8221;&#8221; custom_padding_phone=&#8221;&#8221;][et_pb_row _builder_version=&#8221;4.6.3&#8243; _module_preset=&#8221;default&#8221; custom_padding=&#8221;0px||0px||true|false&#8221;][et_pb_column type=&#8221;4_4&#8243; _builder_version=&#8221;4.6.3&#8243; _module_preset=&#8221;default&#8221;][et_pb_text _builder_version=&#8221;4.6.3&#8243; _module_preset=&#8221;default&#8221; text_font_size=&#8221;24px&#8221; text_letter_spacing=&#8221;-0.25px&#8221; link_font=&#8221;||||on||||&#8221; text_orientation=&#8221;center&#8221; text_font_size_tablet=&#8221;&#8221; text_font_size_phone=&#8221;20px&#8221; text_font_size_last_edited=&#8221;on|phone&#8221; locked=&#8221;off&#8221;]<\/p>\n<p>Do you want to start your interior design project?<a href=\"https:\/\/www.susanaurbanointeriors.com\/en\/contact\/\"> Let&#8217;s start<\/a><\/p>\n<p>[\/et_pb_text][\/et_pb_column][\/et_pb_row][\/et_pb_section][et_pb_section fb_built=&#8221;1&#8243; custom_padding_last_edited=&#8221;on|desktop&#8221; _builder_version=&#8221;4.6.3&#8243; _module_preset=&#8221;default&#8221; custom_padding=&#8221;40px||40px||true|false&#8221; custom_padding_tablet=&#8221;&#8221; custom_padding_phone=&#8221;&#8221; locked=&#8221;off&#8221;][et_pb_row _builder_version=&#8221;4.6.3&#8243; _module_preset=&#8221;default&#8221; width=&#8221;100%&#8221; custom_padding=&#8221;||||false|false&#8221;][et_pb_column type=&#8221;4_4&#8243; _builder_version=&#8221;4.6.3&#8243; _module_preset=&#8221;default&#8221;][et_pb_post_nav in_same_term=&#8221;off&#8221; prev_text=&#8221;See previous project&#8221; next_text=&#8221;See next project&#8221; disabled_on=&#8221;on|off|off&#8221; _builder_version=&#8221;4.6.3&#8243; _module_preset=&#8221;default&#8221; title_font_size=&#8221;18px&#8221; custom_margin=&#8221;||||false|false&#8221; custom_padding=&#8221;||||false|false&#8221;][\/et_pb_post_nav][et_pb_post_nav in_same_term=&#8221;off&#8221; prev_text=&#8221;Previous&#8221; next_text=&#8221;Next&#8221; disabled_on=&#8221;off|on|on&#8221; _builder_version=&#8221;4.6.3&#8243; _module_preset=&#8221;default&#8221; title_font_size=&#8221;18px&#8221; custom_margin=&#8221;||||false|false&#8221; custom_padding=&#8221;||||false|false&#8221;][\/et_pb_post_nav][et_pb_button button_url=&#8221;https:\/\/www.susanaurbanointeriors.com\/en\/proyectos\/&#8221; button_text=&#8221;See all projects&#8221; button_alignment=&#8221;center&#8221; _builder_version=&#8221;4.6.3&#8243; _module_preset=&#8221;default&#8221; custom_button=&#8221;on&#8221; button_text_size=&#8221;25px&#8221; button_border_width=&#8221;0px&#8221; button_border_radius=&#8221;0px&#8221; button_font=&#8221;|300|||on||||&#8221; button_use_icon=&#8221;off&#8221; locked=&#8221;off&#8221; button_text_color__hover=&#8221;#707070&#8243; button_bg_color__hover=&#8221;rgba(0,0,0,0)&#8221; button_bg_color__hover_enabled=&#8221;on|desktop&#8221;][\/et_pb_button][\/et_pb_column][\/et_pb_row][\/et_pb_section]<\/p>\n","protected":false},"excerpt":{"rendered":"<p>FreedomMARBELLA DESIGN* Photography of Paloma Pacheco TurnesFreedomI really think that in a good interior designed space it is all about the details. At \u201cFreedom\u201d in this Marbella Design Fair edition, I wanted to generate sensations, being controversial and showing ideas. I wanted to create the sensation of being free when you are in a completely [&hellip;]<\/p>\n","protected":false},"author":1,"featured_media":2982,"comment_status":"open","ping_status":"closed","template":"","meta":{"_et_pb_use_builder":"on","_et_pb_old_content":"","_et_gb_content_width":"","inline_featured_image":false,"footnotes":""},"project_category":[36],"project_tag":[],"class_list":["post-2563","project","type-project","status-publish","has-post-thumbnail","hentry","project_category-interior-design-en"],"yoast_head":"<!-- This site is optimized with the Yoast SEO plugin v27.0 - https:\/\/yoast.com\/product\/yoast-seo-wordpress\/ -->\n<title>Proyecto de Interiorismo: Freedom - Susana Urbano Interiors<\/title>\n<meta name=\"description\" content=\"Proyecto Freedom . un dise\u00f1o de interiores exclusivo, \u00fanico y con car\u00e1cter que refleja su propia personalidad\" \/>\n<meta name=\"robots\" content=\"noindex, follow\" \/>\n<meta property=\"og:locale\" content=\"en_US\" \/>\n<meta property=\"og:type\" content=\"article\" \/>\n<meta property=\"og:title\" content=\"Proyecto de Interiorismo: Freedom - Susana Urbano Interiors\" \/>\n<meta property=\"og:description\" content=\"Proyecto Freedom . un dise\u00f1o de interiores exclusivo, \u00fanico y con car\u00e1cter que refleja su propia personalidad\" \/>\n<meta property=\"og:url\" content=\"https:\/\/www.susanaurbanointeriors.com\/en\/proyectos\/freedom\/\" \/>\n<meta property=\"og:site_name\" content=\"Susana Urbano Interiors\" \/>\n<meta property=\"article:modified_time\" content=\"2020-12-21T15:01:10+00:00\" \/>\n<meta property=\"og:image\" content=\"https:\/\/www.susanaurbanointeriors.com\/wp-content\/uploads\/2020\/11\/freedom.jpg\" \/>\n\t<meta property=\"og:image:width\" content=\"1200\" \/>\n\t<meta property=\"og:image:height\" content=\"800\" \/>\n\t<meta property=\"og:image:type\" content=\"image\/jpeg\" \/>\n<meta name=\"twitter:card\" content=\"summary_large_image\" \/>\n<meta name=\"twitter:label1\" content=\"Est. reading time\" \/>\n\t<meta name=\"twitter:data1\" content=\"10 minutes\" \/>\n<script type=\"application\/ld+json\" class=\"yoast-schema-graph\">{\"@context\":\"https:\/\/schema.org\",\"@graph\":[{\"@type\":\"WebPage\",\"@id\":\"https:\/\/www.susanaurbanointeriors.com\/en\/proyectos\/freedom\/\",\"url\":\"https:\/\/www.susanaurbanointeriors.com\/en\/proyectos\/freedom\/\",\"name\":\"Proyecto de Interiorismo: Freedom - Susana Urbano Interiors\",\"isPartOf\":{\"@id\":\"https:\/\/www.susanaurbanointeriors.com\/en\/#website\"},\"primaryImageOfPage\":{\"@id\":\"https:\/\/www.susanaurbanointeriors.com\/en\/proyectos\/freedom\/#primaryimage\"},\"image\":{\"@id\":\"https:\/\/www.susanaurbanointeriors.com\/en\/proyectos\/freedom\/#primaryimage\"},\"thumbnailUrl\":\"https:\/\/www.susanaurbanointeriors.com\/wp-content\/uploads\/2020\/11\/freedom.jpg\",\"datePublished\":\"2020-11-16T08:00:56+00:00\",\"dateModified\":\"2020-12-21T15:01:10+00:00\",\"description\":\"Proyecto Freedom . un dise\u00f1o de interiores exclusivo, \u00fanico y con car\u00e1cter que refleja su propia personalidad\",\"breadcrumb\":{\"@id\":\"https:\/\/www.susanaurbanointeriors.com\/en\/proyectos\/freedom\/#breadcrumb\"},\"inLanguage\":\"en-US\",\"potentialAction\":[{\"@type\":\"ReadAction\",\"target\":[\"https:\/\/www.susanaurbanointeriors.com\/en\/proyectos\/freedom\/\"]}]},{\"@type\":\"ImageObject\",\"inLanguage\":\"en-US\",\"@id\":\"https:\/\/www.susanaurbanointeriors.com\/en\/proyectos\/freedom\/#primaryimage\",\"url\":\"https:\/\/www.susanaurbanointeriors.com\/wp-content\/uploads\/2020\/11\/freedom.jpg\",\"contentUrl\":\"https:\/\/www.susanaurbanointeriors.com\/wp-content\/uploads\/2020\/11\/freedom.jpg\",\"width\":1200,\"height\":800,\"caption\":\"Proyecto de Interiorismo: Freedom\"},{\"@type\":\"BreadcrumbList\",\"@id\":\"https:\/\/www.susanaurbanointeriors.com\/en\/proyectos\/freedom\/#breadcrumb\",\"itemListElement\":[{\"@type\":\"ListItem\",\"position\":1,\"name\":\"Portada\",\"item\":\"https:\/\/www.susanaurbanointeriors.com\/en\/\"},{\"@type\":\"ListItem\",\"position\":2,\"name\":\"Projects\",\"item\":\"https:\/\/www.susanaurbanointeriors.com\/en\/proyectos\/\"},{\"@type\":\"ListItem\",\"position\":3,\"name\":\"Freedom\"}]},{\"@type\":\"WebSite\",\"@id\":\"https:\/\/www.susanaurbanointeriors.com\/en\/#website\",\"url\":\"https:\/\/www.susanaurbanointeriors.com\/en\/\",\"name\":\"Susana Urbano Interiors\",\"description\":\"\",\"publisher\":{\"@id\":\"https:\/\/www.susanaurbanointeriors.com\/en\/#organization\"},\"potentialAction\":[{\"@type\":\"SearchAction\",\"target\":{\"@type\":\"EntryPoint\",\"urlTemplate\":\"https:\/\/www.susanaurbanointeriors.com\/en\/?s={search_term_string}\"},\"query-input\":{\"@type\":\"PropertyValueSpecification\",\"valueRequired\":true,\"valueName\":\"search_term_string\"}}],\"inLanguage\":\"en-US\"},{\"@type\":\"Organization\",\"@id\":\"https:\/\/www.susanaurbanointeriors.com\/en\/#organization\",\"name\":\"Susana Urbano Interior Design\",\"url\":\"https:\/\/www.susanaurbanointeriors.com\/en\/\",\"logo\":{\"@type\":\"ImageObject\",\"inLanguage\":\"en-US\",\"@id\":\"https:\/\/www.susanaurbanointeriors.com\/en\/#\/schema\/logo\/image\/\",\"url\":\"https:\/\/www.susanaurbanointeriors.com\/wp-content\/uploads\/2020\/09\/Grupo-2668.png\",\"contentUrl\":\"https:\/\/www.susanaurbanointeriors.com\/wp-content\/uploads\/2020\/09\/Grupo-2668.png\",\"width\":3826,\"height\":949,\"caption\":\"Susana Urbano Interior Design\"},\"image\":{\"@id\":\"https:\/\/www.susanaurbanointeriors.com\/en\/#\/schema\/logo\/image\/\"}}]}<\/script>\n<!-- \/ Yoast SEO plugin. -->","yoast_head_json":{"title":"Proyecto de Interiorismo: Freedom - Susana Urbano Interiors","description":"Proyecto Freedom . un dise\u00f1o de interiores exclusivo, \u00fanico y con car\u00e1cter que refleja su propia personalidad","robots":{"index":"noindex","follow":"follow"},"og_locale":"en_US","og_type":"article","og_title":"Proyecto de Interiorismo: Freedom - Susana Urbano Interiors","og_description":"Proyecto Freedom . un dise\u00f1o de interiores exclusivo, \u00fanico y con car\u00e1cter que refleja su propia personalidad","og_url":"https:\/\/www.susanaurbanointeriors.com\/en\/proyectos\/freedom\/","og_site_name":"Susana Urbano Interiors","article_modified_time":"2020-12-21T15:01:10+00:00","og_image":[{"width":1200,"height":800,"url":"https:\/\/www.susanaurbanointeriors.com\/wp-content\/uploads\/2020\/11\/freedom.jpg","type":"image\/jpeg"}],"twitter_card":"summary_large_image","twitter_misc":{"Est. reading time":"10 minutes"},"schema":{"@context":"https:\/\/schema.org","@graph":[{"@type":"WebPage","@id":"https:\/\/www.susanaurbanointeriors.com\/en\/proyectos\/freedom\/","url":"https:\/\/www.susanaurbanointeriors.com\/en\/proyectos\/freedom\/","name":"Proyecto de Interiorismo: Freedom - Susana Urbano Interiors","isPartOf":{"@id":"https:\/\/www.susanaurbanointeriors.com\/en\/#website"},"primaryImageOfPage":{"@id":"https:\/\/www.susanaurbanointeriors.com\/en\/proyectos\/freedom\/#primaryimage"},"image":{"@id":"https:\/\/www.susanaurbanointeriors.com\/en\/proyectos\/freedom\/#primaryimage"},"thumbnailUrl":"https:\/\/www.susanaurbanointeriors.com\/wp-content\/uploads\/2020\/11\/freedom.jpg","datePublished":"2020-11-16T08:00:56+00:00","dateModified":"2020-12-21T15:01:10+00:00","description":"Proyecto Freedom . un dise\u00f1o de interiores exclusivo, \u00fanico y con car\u00e1cter que refleja su propia personalidad","breadcrumb":{"@id":"https:\/\/www.susanaurbanointeriors.com\/en\/proyectos\/freedom\/#breadcrumb"},"inLanguage":"en-US","potentialAction":[{"@type":"ReadAction","target":["https:\/\/www.susanaurbanointeriors.com\/en\/proyectos\/freedom\/"]}]},{"@type":"ImageObject","inLanguage":"en-US","@id":"https:\/\/www.susanaurbanointeriors.com\/en\/proyectos\/freedom\/#primaryimage","url":"https:\/\/www.susanaurbanointeriors.com\/wp-content\/uploads\/2020\/11\/freedom.jpg","contentUrl":"https:\/\/www.susanaurbanointeriors.com\/wp-content\/uploads\/2020\/11\/freedom.jpg","width":1200,"height":800,"caption":"Proyecto de Interiorismo: Freedom"},{"@type":"BreadcrumbList","@id":"https:\/\/www.susanaurbanointeriors.com\/en\/proyectos\/freedom\/#breadcrumb","itemListElement":[{"@type":"ListItem","position":1,"name":"Portada","item":"https:\/\/www.susanaurbanointeriors.com\/en\/"},{"@type":"ListItem","position":2,"name":"Projects","item":"https:\/\/www.susanaurbanointeriors.com\/en\/proyectos\/"},{"@type":"ListItem","position":3,"name":"Freedom"}]},{"@type":"WebSite","@id":"https:\/\/www.susanaurbanointeriors.com\/en\/#website","url":"https:\/\/www.susanaurbanointeriors.com\/en\/","name":"Susana Urbano Interiors","description":"","publisher":{"@id":"https:\/\/www.susanaurbanointeriors.com\/en\/#organization"},"potentialAction":[{"@type":"SearchAction","target":{"@type":"EntryPoint","urlTemplate":"https:\/\/www.susanaurbanointeriors.com\/en\/?s={search_term_string}"},"query-input":{"@type":"PropertyValueSpecification","valueRequired":true,"valueName":"search_term_string"}}],"inLanguage":"en-US"},{"@type":"Organization","@id":"https:\/\/www.susanaurbanointeriors.com\/en\/#organization","name":"Susana Urbano Interior Design","url":"https:\/\/www.susanaurbanointeriors.com\/en\/","logo":{"@type":"ImageObject","inLanguage":"en-US","@id":"https:\/\/www.susanaurbanointeriors.com\/en\/#\/schema\/logo\/image\/","url":"https:\/\/www.susanaurbanointeriors.com\/wp-content\/uploads\/2020\/09\/Grupo-2668.png","contentUrl":"https:\/\/www.susanaurbanointeriors.com\/wp-content\/uploads\/2020\/09\/Grupo-2668.png","width":3826,"height":949,"caption":"Susana Urbano Interior Design"},"image":{"@id":"https:\/\/www.susanaurbanointeriors.com\/en\/#\/schema\/logo\/image\/"}}]}},"_links":{"self":[{"href":"https:\/\/www.susanaurbanointeriors.com\/en\/wp-json\/wp\/v2\/project\/2563","targetHints":{"allow":["GET"]}}],"collection":[{"href":"https:\/\/www.susanaurbanointeriors.com\/en\/wp-json\/wp\/v2\/project"}],"about":[{"href":"https:\/\/www.susanaurbanointeriors.com\/en\/wp-json\/wp\/v2\/types\/project"}],"author":[{"embeddable":true,"href":"https:\/\/www.susanaurbanointeriors.com\/en\/wp-json\/wp\/v2\/users\/1"}],"replies":[{"embeddable":true,"href":"https:\/\/www.susanaurbanointeriors.com\/en\/wp-json\/wp\/v2\/comments?post=2563"}],"version-history":[{"count":10,"href":"https:\/\/www.susanaurbanointeriors.com\/en\/wp-json\/wp\/v2\/project\/2563\/revisions"}],"predecessor-version":[{"id":5188,"href":"https:\/\/www.susanaurbanointeriors.com\/en\/wp-json\/wp\/v2\/project\/2563\/revisions\/5188"}],"wp:featuredmedia":[{"embeddable":true,"href":"https:\/\/www.susanaurbanointeriors.com\/en\/wp-json\/wp\/v2\/media\/2982"}],"wp:attachment":[{"href":"https:\/\/www.susanaurbanointeriors.com\/en\/wp-json\/wp\/v2\/media?parent=2563"}],"wp:term":[{"taxonomy":"project_category","embeddable":true,"href":"https:\/\/www.susanaurbanointeriors.com\/en\/wp-json\/wp\/v2\/project_category?post=2563"},{"taxonomy":"project_tag","embeddable":true,"href":"https:\/\/www.susanaurbanointeriors.com\/en\/wp-json\/wp\/v2\/project_tag?post=2563"}],"curies":[{"name":"wp","href":"https:\/\/api.w.org\/{rel}","templated":true}]}}