{"id":3882,"date":"2020-11-16T10:00:23","date_gmt":"2020-11-16T10:00:23","guid":{"rendered":"https:\/\/www.susanaurbanointeriors.com\/project\/the-lodge\/"},"modified":"2020-12-21T15:06:12","modified_gmt":"2020-12-21T15:06:12","slug":"the-lodge","status":"publish","type":"project","link":"https:\/\/www.susanaurbanointeriors.com\/en\/proyectos\/the-lodge\/","title":{"rendered":"The lodge"},"content":{"rendered":"\n[et_pb_section fb_built=&#8221;1&#8243; custom_padding_last_edited=&#8221;on|phone&#8221; _builder_version=&#8221;4.6.3&#8243; _module_preset=&#8221;default&#8221; background_enable_color=&#8221;off&#8221; background_image=&#8221;https:\/\/www.susanaurbanointeriors.com\/wp-content\/uploads\/2020\/12\/the_lodge.jpg&#8221; custom_padding=&#8221;200px||460px||false|false&#8221; custom_padding_tablet=&#8221;200px||142px||false|false&#8221; custom_padding_phone=&#8221;50px||124px||false|false&#8221; hover_enabled=&#8221;0&#8243; locked=&#8221;off&#8221; title_text=&#8221;the_lodge&#8221; sticky_enabled=&#8221;0&#8243;][et_pb_row _builder_version=&#8221;4.6.3&#8243; _module_preset=&#8221;default&#8221; header_font_size_phone=&#8221;55px&#8221; header_font_size_last_edited=&#8221;on|phone&#8221;][et_pb_column type=&#8221;4_4&#8243; _builder_version=&#8221;4.6.3&#8243; _module_preset=&#8221;default&#8221;][et_pb_text _builder_version=&#8221;4.6.3&#8243; _module_preset=&#8221;default&#8221; header_font=&#8221;|300|||||||&#8221; header_text_align=&#8221;center&#8221; header_text_color=&#8221;#ffffff&#8221; header_font_size=&#8221;65px&#8221; header_letter_spacing=&#8221;-0.25px&#8221; header_font_size_tablet=&#8221;&#8221; header_font_size_phone=&#8221;55px&#8221; header_font_size_last_edited=&#8221;on|phone&#8221; header_text_shadow_style=&#8221;preset4&#8243; header_text_shadow_horizontal_length=&#8221;0.04em&#8221; header_text_shadow_vertical_length=&#8221;0.04em&#8221; header_text_shadow_blur_strength=&#8221;0.02em&#8221;]<h1>The lodge<\/h1>[\/et_pb_text][\/et_pb_column][\/et_pb_row][\/et_pb_section][et_pb_section fb_built=&#8221;1&#8243; _builder_version=&#8221;4.6.3&#8243; _module_preset=&#8221;default&#8221; custom_padding=&#8221;40px||40px||true|false&#8221; locked=&#8221;off&#8221;][et_pb_row _builder_version=&#8221;4.6.3&#8243; _module_preset=&#8221;default&#8221; max_width=&#8221;700px&#8221; module_alignment=&#8221;center&#8221; custom_padding=&#8221;||0px||false|false&#8221;][et_pb_column type=&#8221;4_4&#8243; _builder_version=&#8221;4.6.3&#8243; _module_preset=&#8221;default&#8221;][et_pb_text _builder_version=&#8221;4.6.3&#8243; _module_preset=&#8221;default&#8221; header_2_font_size=&#8221;24px&#8221; header_2_letter_spacing=&#8221;-0.25px&#8221; header_2_font_size_tablet=&#8221;&#8221; header_2_font_size_phone=&#8221;20px&#8221; header_2_font_size_last_edited=&#8221;on|phone&#8221;]<h1>The lodge<\/h1>[\/et_pb_text][et_pb_text module_class=&#8221;tk-neue-haas-unica&#8221; _builder_version=&#8221;4.6.3&#8243; _module_preset=&#8221;default&#8221; text_font=&#8221;|300|||||||&#8221; text_font_size=&#8221;18px&#8221; text_line_height=&#8221;1.6em&#8221; text_orientation=&#8221;justified&#8221; max_width=&#8221;690px&#8221; text_font_size_tablet=&#8221;&#8221; text_font_size_phone=&#8221;16px&#8221; text_font_size_last_edited=&#8221;on|phone&#8221;]<p>This project started with the lighting concept. This family needed help with that but also wanted to change their home into a lodge and were not sure about  how to implement this idea.<\/p>[\/et_pb_text][\/et_pb_column][\/et_pb_row][\/et_pb_section][et_pb_section fb_built=&#8221;1&#8243; custom_padding_last_edited=&#8221;off|desktop&#8221; _builder_version=&#8221;4.6.3&#8243; _module_preset=&#8221;default&#8221; custom_margin=&#8221;||||false|false&#8221; custom_padding=&#8221;40px||40px||true|false&#8221;][et_pb_row column_structure=&#8221;1_2,1_2&#8243; _builder_version=&#8221;4.6.3&#8243; _module_preset=&#8221;default&#8221; custom_padding=&#8221;0px||0px||true|false&#8221;][et_pb_column type=&#8221;1_2&#8243; _builder_version=&#8221;4.6.3&#8243; _module_preset=&#8221;default&#8221;][et_pb_image src=&#8221;https:\/\/www.susanaurbanointeriors.com\/wp-content\/uploads\/2020\/11\/IMG_6209@2x.jpg&#8221; alt=&#8221;Susana Urbano Interiors &#8211; Project The lodge&#8221; align_tablet=&#8221;left&#8221; align_phone=&#8221;center&#8221; align_last_edited=&#8221;on|phone&#8221; _builder_version=&#8221;4.6.3&#8243; _module_preset=&#8221;default&#8221; custom_margin=&#8221;||||false|false&#8221; custom_margin_tablet=&#8221;0px||||false|false&#8221; custom_margin_last_edited=&#8221;off|desktop&#8221; custom_padding=&#8221;||||false|false&#8221; custom_padding_tablet=&#8221;0px||||false|false&#8221; custom_padding_last_edited=&#8221;off|desktop&#8221;][\/et_pb_image][\/et_pb_column][et_pb_column type=&#8221;1_2&#8243; _builder_version=&#8221;4.6.3&#8243; _module_preset=&#8221;default&#8221;][et_pb_text disabled_on=&#8221;off|off|on&#8221; module_class=&#8221;tk-neue-haas-unica&#8221; _builder_version=&#8221;4.6.3&#8243; _module_preset=&#8221;default&#8221; text_font=&#8221;|300|||||||&#8221; text_font_size=&#8221;18px&#8221; text_line_height=&#8221;1.6em&#8221; max_width=&#8221;472px&#8221; custom_padding=&#8221;40px||||false|false&#8221; custom_padding_tablet=&#8221;&#8221; custom_padding_phone=&#8221;&#8221; custom_padding_last_edited=&#8221;on|tablet&#8221; text_font_size_tablet=&#8221;&#8221; text_font_size_phone=&#8221;16px&#8221; text_font_size_last_edited=&#8221;on|phone&#8221; locked=&#8221;off&#8221;]<p>I helped this family to add light to their wonderful house in a special way. Allowing the light to come from the floor, from the walls and from the ceiling. In order to create the lodge atmosphere, we added wooden beams and a stone wall covering in certain places. We had the big luck, that we had a wall 8m high and 11m width. We covered all of it with stone and added three wonderful glass pendants. This created a spectacular entry.<\/p>[\/et_pb_text][et_pb_image src=&#8221;https:\/\/www.susanaurbanointeriors.com\/wp-content\/uploads\/2020\/11\/IMG_-1@2x-1.jpg&#8221; alt=&#8221;Susana Urbano Interiors &#8211; Project The lodge&#8221; align=&#8221;right&#8221; align_tablet=&#8221;right&#8221; align_phone=&#8221;center&#8221; align_last_edited=&#8221;on|tablet&#8221; _builder_version=&#8221;4.6.3&#8243; _module_preset=&#8221;default&#8221; custom_margin=&#8221;|-30px|||false|false&#8221; custom_margin_tablet=&#8221;|0px|||false|false&#8221; custom_margin_phone=&#8221;&#8221; custom_margin_last_edited=&#8221;on|tablet&#8221; custom_padding=&#8221;||||false|false&#8221; custom_padding_last_edited=&#8221;off|desktop&#8221;][\/et_pb_image][et_pb_text disabled_on=&#8221;on|on|off&#8221; module_class=&#8221;tk-neue-haas-unica&#8221; _builder_version=&#8221;4.6.3&#8243; _module_preset=&#8221;default&#8221; text_font=&#8221;|300|||||||&#8221; text_font_size=&#8221;18px&#8221; text_line_height=&#8221;1.6em&#8221; max_width=&#8221;472px&#8221; custom_padding=&#8221;40px||||false|false&#8221; custom_padding_tablet=&#8221;&#8221; custom_padding_phone=&#8221;&#8221; custom_padding_last_edited=&#8221;on|tablet&#8221; text_font_size_tablet=&#8221;&#8221; text_font_size_phone=&#8221;16px&#8221; text_font_size_last_edited=&#8221;on|phone&#8221; locked=&#8221;off&#8221;]<p>I helped this family to add light to their wonderful house in a special way. Allowing the light to come from the floor, from the walls and from the ceiling. In order to create the lodge atmosphere, we added wooden beams and a stone wall covering in certain places. We had the big luck, that we had a wall 8m high and 11m width. We covered all of it with stone and added three wonderful glass pendants. This created a spectacular entry.<\/p>[\/et_pb_text][\/et_pb_column][\/et_pb_row][et_pb_row _builder_version=&#8221;4.6.3&#8243; _module_preset=&#8221;default&#8221; locked=&#8221;off&#8221;][et_pb_column type=&#8221;4_4&#8243; _builder_version=&#8221;4.6.3&#8243; _module_preset=&#8221;default&#8221;][et_pb_image src=&#8221;https:\/\/www.susanaurbanointeriors.com\/wp-content\/uploads\/2020\/11\/IMG_6207@2x.jpg&#8221; alt=&#8221;Susana Urbano Interiors &#8211; Project The lodge&#8221; align_tablet=&#8221;center&#8221; align_phone=&#8221;&#8221; align_last_edited=&#8221;on|tablet&#8221; _builder_version=&#8221;4.6.3&#8243; _module_preset=&#8221;default&#8221; max_width=&#8221;700px&#8221;][\/et_pb_image][\/et_pb_column][\/et_pb_row][\/et_pb_section][et_pb_section fb_built=&#8221;1&#8243; custom_padding_last_edited=&#8221;on|desktop&#8221; _builder_version=&#8221;4.6.3&#8243; _module_preset=&#8221;default&#8221; custom_padding=&#8221;40px||40px||true|false&#8221; custom_padding_tablet=&#8221;&#8221; custom_padding_phone=&#8221;&#8221;][et_pb_row custom_padding_last_edited=&#8221;off|desktop&#8221; _builder_version=&#8221;4.6.3&#8243; _module_preset=&#8221;default&#8221; custom_padding=&#8221;40px||40px||true|false&#8221;][et_pb_column type=&#8221;4_4&#8243; _builder_version=&#8221;4.6.3&#8243; _module_preset=&#8221;default&#8221;][et_pb_text _builder_version=&#8221;4.6.3&#8243; _module_preset=&#8221;default&#8221; text_font_size=&#8221;24px&#8221; text_letter_spacing=&#8221;-0.25px&#8221; link_font=&#8221;||||on||||&#8221; text_orientation=&#8221;center&#8221; text_font_size_tablet=&#8221;&#8221; text_font_size_phone=&#8221;20px&#8221; text_font_size_last_edited=&#8221;on|phone&#8221; locked=&#8221;off&#8221;]<p>Do you want to start your interior design project?<a href=\"https:\/\/www.susanaurbanointeriors.com\/en\/contact\/\"> Let&#8217;s start<\/a><\/p>[\/et_pb_text][\/et_pb_column][\/et_pb_row][\/et_pb_section][et_pb_section fb_built=&#8221;1&#8243; custom_padding_last_edited=&#8221;on|desktop&#8221; _builder_version=&#8221;4.6.3&#8243; _module_preset=&#8221;default&#8221; custom_padding=&#8221;40px||40px||true|false&#8221; custom_padding_tablet=&#8221;&#8221; custom_padding_phone=&#8221;&#8221; locked=&#8221;off&#8221;][et_pb_row _builder_version=&#8221;4.6.3&#8243; _module_preset=&#8221;default&#8221; width=&#8221;100%&#8221; custom_padding=&#8221;||||false|false&#8221;][et_pb_column type=&#8221;4_4&#8243; _builder_version=&#8221;4.6.3&#8243; _module_preset=&#8221;default&#8221;][et_pb_post_nav in_same_term=&#8221;off&#8221; prev_text=&#8221;See previous project&#8221; next_text=&#8221;See next project&#8221; disabled_on=&#8221;on|off|off&#8221; _builder_version=&#8221;4.6.3&#8243; _module_preset=&#8221;default&#8221; title_font_size=&#8221;18px&#8221; custom_margin=&#8221;||||false|false&#8221; custom_padding=&#8221;||||false|false&#8221;][\/et_pb_post_nav][et_pb_post_nav in_same_term=&#8221;off&#8221; prev_text=&#8221;Previous&#8221; next_text=&#8221;Next&#8221; disabled_on=&#8221;off|on|on&#8221; _builder_version=&#8221;4.6.3&#8243; _module_preset=&#8221;default&#8221; title_font_size=&#8221;18px&#8221; custom_margin=&#8221;||||false|false&#8221; custom_padding=&#8221;||||false|false&#8221;][\/et_pb_post_nav][et_pb_button button_url=&#8221;https:\/\/www.susanaurbanointeriors.com\/en\/proyectos\/&#8221; button_text=&#8221;See all projects&#8221; button_alignment=&#8221;center&#8221; _builder_version=&#8221;4.6.3&#8243; _module_preset=&#8221;default&#8221; custom_button=&#8221;on&#8221; button_text_size=&#8221;25px&#8221; button_border_width=&#8221;0px&#8221; button_border_radius=&#8221;0px&#8221; button_font=&#8221;|300|||on||||&#8221; button_use_icon=&#8221;off&#8221; locked=&#8221;off&#8221; button_text_color__hover=&#8221;#707070&#8243; button_bg_color__hover=&#8221;rgba(0,0,0,0)&#8221; button_bg_color__hover_enabled=&#8221;on|desktop&#8221;][\/et_pb_button][\/et_pb_column][\/et_pb_row][\/et_pb_section]\n","protected":false},"excerpt":{"rendered":"<p>The lodgeThe lodgeThis project started with the lighting concept. This family needed help with that but also wanted to change their home into a lodge and were not sure about how to implement this idea.I helped this family to add light to their wonderful house in a special way. Allowing the light to come from [&hellip;]<\/p>\n","protected":false},"author":1,"featured_media":2990,"comment_status":"open","ping_status":"closed","template":"","meta":{"_et_pb_use_builder":"on","_et_pb_old_content":"","_et_gb_content_width":"","inline_featured_image":false,"footnotes":""},"project_category":[36],"project_tag":[],"class_list":["post-3882","project","type-project","status-publish","has-post-thumbnail","hentry","project_category-interior-design-en"],"yoast_head":"<!-- This site is optimized with the Yoast SEO plugin v27.0 - https:\/\/yoast.com\/product\/yoast-seo-wordpress\/ -->\n<title>Proyecto de Interiorismo: The lodge - Susana Urbano Interiors<\/title>\n<meta name=\"description\" content=\"Proyecto The lodge . un dise\u00f1o de interiores exclusivo, \u00fanico y con car\u00e1cter que refleja su propia personalidad\" \/>\n<meta name=\"robots\" content=\"index, follow, max-snippet:-1, max-image-preview:large, max-video-preview:-1\" \/>\n<link rel=\"canonical\" href=\"https:\/\/www.susanaurbanointeriors.com\/en\/proyectos\/the-lodge\/\" \/>\n<meta property=\"og:locale\" content=\"en_US\" \/>\n<meta property=\"og:type\" content=\"article\" \/>\n<meta property=\"og:title\" content=\"Proyecto de Interiorismo: The lodge - Susana Urbano Interiors\" \/>\n<meta property=\"og:description\" content=\"Proyecto The lodge . un dise\u00f1o de interiores exclusivo, \u00fanico y con car\u00e1cter que refleja su propia personalidad\" \/>\n<meta property=\"og:url\" content=\"https:\/\/www.susanaurbanointeriors.com\/en\/proyectos\/the-lodge\/\" \/>\n<meta property=\"og:site_name\" content=\"Susana Urbano Interiors\" \/>\n<meta property=\"article:modified_time\" content=\"2020-12-21T15:06:12+00:00\" \/>\n<meta property=\"og:image\" content=\"https:\/\/www.susanaurbanointeriors.com\/wp-content\/uploads\/2020\/11\/thelodge.jpg\" \/>\n\t<meta property=\"og:image:width\" content=\"545\" \/>\n\t<meta property=\"og:image:height\" content=\"363\" \/>\n\t<meta property=\"og:image:type\" content=\"image\/jpeg\" \/>\n<meta name=\"twitter:card\" content=\"summary_large_image\" \/>\n<meta name=\"twitter:label1\" content=\"Est. reading time\" \/>\n\t<meta name=\"twitter:data1\" content=\"6 minutes\" \/>\n<script type=\"application\/ld+json\" class=\"yoast-schema-graph\">{\"@context\":\"https:\/\/schema.org\",\"@graph\":[{\"@type\":\"WebPage\",\"@id\":\"https:\/\/www.susanaurbanointeriors.com\/en\/proyectos\/the-lodge\/\",\"url\":\"https:\/\/www.susanaurbanointeriors.com\/en\/proyectos\/the-lodge\/\",\"name\":\"Proyecto de Interiorismo: The lodge - Susana Urbano Interiors\",\"isPartOf\":{\"@id\":\"https:\/\/www.susanaurbanointeriors.com\/en\/#website\"},\"primaryImageOfPage\":{\"@id\":\"https:\/\/www.susanaurbanointeriors.com\/en\/proyectos\/the-lodge\/#primaryimage\"},\"image\":{\"@id\":\"https:\/\/www.susanaurbanointeriors.com\/en\/proyectos\/the-lodge\/#primaryimage\"},\"thumbnailUrl\":\"https:\/\/www.susanaurbanointeriors.com\/wp-content\/uploads\/2020\/11\/thelodge.jpg\",\"datePublished\":\"2020-11-16T10:00:23+00:00\",\"dateModified\":\"2020-12-21T15:06:12+00:00\",\"description\":\"Proyecto The lodge . un dise\u00f1o de interiores exclusivo, \u00fanico y con car\u00e1cter que refleja su propia personalidad\",\"breadcrumb\":{\"@id\":\"https:\/\/www.susanaurbanointeriors.com\/en\/proyectos\/the-lodge\/#breadcrumb\"},\"inLanguage\":\"en-US\",\"potentialAction\":[{\"@type\":\"ReadAction\",\"target\":[\"https:\/\/www.susanaurbanointeriors.com\/en\/proyectos\/the-lodge\/\"]}]},{\"@type\":\"ImageObject\",\"inLanguage\":\"en-US\",\"@id\":\"https:\/\/www.susanaurbanointeriors.com\/en\/proyectos\/the-lodge\/#primaryimage\",\"url\":\"https:\/\/www.susanaurbanointeriors.com\/wp-content\/uploads\/2020\/11\/thelodge.jpg\",\"contentUrl\":\"https:\/\/www.susanaurbanointeriors.com\/wp-content\/uploads\/2020\/11\/thelodge.jpg\",\"width\":545,\"height\":363,\"caption\":\"Proyecto de Interiorismo: The Lodge\"},{\"@type\":\"BreadcrumbList\",\"@id\":\"https:\/\/www.susanaurbanointeriors.com\/en\/proyectos\/the-lodge\/#breadcrumb\",\"itemListElement\":[{\"@type\":\"ListItem\",\"position\":1,\"name\":\"Portada\",\"item\":\"https:\/\/www.susanaurbanointeriors.com\/en\/\"},{\"@type\":\"ListItem\",\"position\":2,\"name\":\"Projects\",\"item\":\"https:\/\/www.susanaurbanointeriors.com\/en\/proyectos\/\"},{\"@type\":\"ListItem\",\"position\":3,\"name\":\"The lodge\"}]},{\"@type\":\"WebSite\",\"@id\":\"https:\/\/www.susanaurbanointeriors.com\/en\/#website\",\"url\":\"https:\/\/www.susanaurbanointeriors.com\/en\/\",\"name\":\"Susana Urbano Interiors\",\"description\":\"\",\"publisher\":{\"@id\":\"https:\/\/www.susanaurbanointeriors.com\/en\/#organization\"},\"potentialAction\":[{\"@type\":\"SearchAction\",\"target\":{\"@type\":\"EntryPoint\",\"urlTemplate\":\"https:\/\/www.susanaurbanointeriors.com\/en\/?s={search_term_string}\"},\"query-input\":{\"@type\":\"PropertyValueSpecification\",\"valueRequired\":true,\"valueName\":\"search_term_string\"}}],\"inLanguage\":\"en-US\"},{\"@type\":\"Organization\",\"@id\":\"https:\/\/www.susanaurbanointeriors.com\/en\/#organization\",\"name\":\"Susana Urbano Interior Design\",\"url\":\"https:\/\/www.susanaurbanointeriors.com\/en\/\",\"logo\":{\"@type\":\"ImageObject\",\"inLanguage\":\"en-US\",\"@id\":\"https:\/\/www.susanaurbanointeriors.com\/en\/#\/schema\/logo\/image\/\",\"url\":\"https:\/\/www.susanaurbanointeriors.com\/wp-content\/uploads\/2020\/09\/Grupo-2668.png\",\"contentUrl\":\"https:\/\/www.susanaurbanointeriors.com\/wp-content\/uploads\/2020\/09\/Grupo-2668.png\",\"width\":3826,\"height\":949,\"caption\":\"Susana Urbano Interior Design\"},\"image\":{\"@id\":\"https:\/\/www.susanaurbanointeriors.com\/en\/#\/schema\/logo\/image\/\"}}]}<\/script>\n<!-- \/ Yoast SEO plugin. -->","yoast_head_json":{"title":"Proyecto de Interiorismo: The lodge - Susana Urbano Interiors","description":"Proyecto The lodge . un dise\u00f1o de interiores exclusivo, \u00fanico y con car\u00e1cter que refleja su propia personalidad","robots":{"index":"index","follow":"follow","max-snippet":"max-snippet:-1","max-image-preview":"max-image-preview:large","max-video-preview":"max-video-preview:-1"},"canonical":"https:\/\/www.susanaurbanointeriors.com\/en\/proyectos\/the-lodge\/","og_locale":"en_US","og_type":"article","og_title":"Proyecto de Interiorismo: The lodge - Susana Urbano Interiors","og_description":"Proyecto The lodge . un dise\u00f1o de interiores exclusivo, \u00fanico y con car\u00e1cter que refleja su propia personalidad","og_url":"https:\/\/www.susanaurbanointeriors.com\/en\/proyectos\/the-lodge\/","og_site_name":"Susana Urbano Interiors","article_modified_time":"2020-12-21T15:06:12+00:00","og_image":[{"width":545,"height":363,"url":"https:\/\/www.susanaurbanointeriors.com\/wp-content\/uploads\/2020\/11\/thelodge.jpg","type":"image\/jpeg"}],"twitter_card":"summary_large_image","twitter_misc":{"Est. reading time":"6 minutes"},"schema":{"@context":"https:\/\/schema.org","@graph":[{"@type":"WebPage","@id":"https:\/\/www.susanaurbanointeriors.com\/en\/proyectos\/the-lodge\/","url":"https:\/\/www.susanaurbanointeriors.com\/en\/proyectos\/the-lodge\/","name":"Proyecto de Interiorismo: The lodge - Susana Urbano Interiors","isPartOf":{"@id":"https:\/\/www.susanaurbanointeriors.com\/en\/#website"},"primaryImageOfPage":{"@id":"https:\/\/www.susanaurbanointeriors.com\/en\/proyectos\/the-lodge\/#primaryimage"},"image":{"@id":"https:\/\/www.susanaurbanointeriors.com\/en\/proyectos\/the-lodge\/#primaryimage"},"thumbnailUrl":"https:\/\/www.susanaurbanointeriors.com\/wp-content\/uploads\/2020\/11\/thelodge.jpg","datePublished":"2020-11-16T10:00:23+00:00","dateModified":"2020-12-21T15:06:12+00:00","description":"Proyecto The lodge . un dise\u00f1o de interiores exclusivo, \u00fanico y con car\u00e1cter que refleja su propia personalidad","breadcrumb":{"@id":"https:\/\/www.susanaurbanointeriors.com\/en\/proyectos\/the-lodge\/#breadcrumb"},"inLanguage":"en-US","potentialAction":[{"@type":"ReadAction","target":["https:\/\/www.susanaurbanointeriors.com\/en\/proyectos\/the-lodge\/"]}]},{"@type":"ImageObject","inLanguage":"en-US","@id":"https:\/\/www.susanaurbanointeriors.com\/en\/proyectos\/the-lodge\/#primaryimage","url":"https:\/\/www.susanaurbanointeriors.com\/wp-content\/uploads\/2020\/11\/thelodge.jpg","contentUrl":"https:\/\/www.susanaurbanointeriors.com\/wp-content\/uploads\/2020\/11\/thelodge.jpg","width":545,"height":363,"caption":"Proyecto de Interiorismo: The Lodge"},{"@type":"BreadcrumbList","@id":"https:\/\/www.susanaurbanointeriors.com\/en\/proyectos\/the-lodge\/#breadcrumb","itemListElement":[{"@type":"ListItem","position":1,"name":"Portada","item":"https:\/\/www.susanaurbanointeriors.com\/en\/"},{"@type":"ListItem","position":2,"name":"Projects","item":"https:\/\/www.susanaurbanointeriors.com\/en\/proyectos\/"},{"@type":"ListItem","position":3,"name":"The lodge"}]},{"@type":"WebSite","@id":"https:\/\/www.susanaurbanointeriors.com\/en\/#website","url":"https:\/\/www.susanaurbanointeriors.com\/en\/","name":"Susana Urbano Interiors","description":"","publisher":{"@id":"https:\/\/www.susanaurbanointeriors.com\/en\/#organization"},"potentialAction":[{"@type":"SearchAction","target":{"@type":"EntryPoint","urlTemplate":"https:\/\/www.susanaurbanointeriors.com\/en\/?s={search_term_string}"},"query-input":{"@type":"PropertyValueSpecification","valueRequired":true,"valueName":"search_term_string"}}],"inLanguage":"en-US"},{"@type":"Organization","@id":"https:\/\/www.susanaurbanointeriors.com\/en\/#organization","name":"Susana Urbano Interior Design","url":"https:\/\/www.susanaurbanointeriors.com\/en\/","logo":{"@type":"ImageObject","inLanguage":"en-US","@id":"https:\/\/www.susanaurbanointeriors.com\/en\/#\/schema\/logo\/image\/","url":"https:\/\/www.susanaurbanointeriors.com\/wp-content\/uploads\/2020\/09\/Grupo-2668.png","contentUrl":"https:\/\/www.susanaurbanointeriors.com\/wp-content\/uploads\/2020\/09\/Grupo-2668.png","width":3826,"height":949,"caption":"Susana Urbano Interior Design"},"image":{"@id":"https:\/\/www.susanaurbanointeriors.com\/en\/#\/schema\/logo\/image\/"}}]}},"_links":{"self":[{"href":"https:\/\/www.susanaurbanointeriors.com\/en\/wp-json\/wp\/v2\/project\/3882","targetHints":{"allow":["GET"]}}],"collection":[{"href":"https:\/\/www.susanaurbanointeriors.com\/en\/wp-json\/wp\/v2\/project"}],"about":[{"href":"https:\/\/www.susanaurbanointeriors.com\/en\/wp-json\/wp\/v2\/types\/project"}],"author":[{"embeddable":true,"href":"https:\/\/www.susanaurbanointeriors.com\/en\/wp-json\/wp\/v2\/users\/1"}],"replies":[{"embeddable":true,"href":"https:\/\/www.susanaurbanointeriors.com\/en\/wp-json\/wp\/v2\/comments?post=3882"}],"version-history":[{"count":9,"href":"https:\/\/www.susanaurbanointeriors.com\/en\/wp-json\/wp\/v2\/project\/3882\/revisions"}],"predecessor-version":[{"id":5191,"href":"https:\/\/www.susanaurbanointeriors.com\/en\/wp-json\/wp\/v2\/project\/3882\/revisions\/5191"}],"wp:featuredmedia":[{"embeddable":true,"href":"https:\/\/www.susanaurbanointeriors.com\/en\/wp-json\/wp\/v2\/media\/2990"}],"wp:attachment":[{"href":"https:\/\/www.susanaurbanointeriors.com\/en\/wp-json\/wp\/v2\/media?parent=3882"}],"wp:term":[{"taxonomy":"project_category","embeddable":true,"href":"https:\/\/www.susanaurbanointeriors.com\/en\/wp-json\/wp\/v2\/project_category?post=3882"},{"taxonomy":"project_tag","embeddable":true,"href":"https:\/\/www.susanaurbanointeriors.com\/en\/wp-json\/wp\/v2\/project_tag?post=3882"}],"curies":[{"name":"wp","href":"https:\/\/api.w.org\/{rel}","templated":true}]}}